{"id":5,"date":"2023-01-20T13:31:22","date_gmt":"2023-01-20T12:31:22","guid":{"rendered":"https:\/\/opticaperezulloa.com\/?page_id=5"},"modified":"2025-08-13T07:05:40","modified_gmt":"2025-08-13T05:05:40","slug":"landing","status":"publish","type":"page","link":"https:\/\/opticaperezulloa.com\/","title":{"rendered":"Inicio"},"content":{"rendered":"<p>[et_pb_section fb_built=\u00bb1&#8243; custom_padding_last_edited=\u00bbon|phone\u00bb admin_label=\u00bbHeader\u00bb _builder_version=\u00bb4.19.4&#8243; _module_preset=\u00bbdefault\u00bb use_background_color_gradient=\u00bbon\u00bb background_color_gradient_direction=\u00bb90deg\u00bb background_color_gradient_stops=\u00bb#ffffff 62%|#429B31 74%\u00bb background_color_gradient_start=\u00bb#ffffff\u00bb background_color_gradient_start_position=\u00bb62%\u00bb background_color_gradient_end=\u00bb#EBF4FA\u00bb background_color_gradient_end_position=\u00bb62%\u00bb background_image=\u00bbhttps:\/\/opticaperezulloa.com\/wp-content\/uploads\/2023\/02\/Slider-Perez-Ulloa.jpg\u00bb custom_margin_tablet=\u00bb\u00bb custom_margin_phone=\u00bb||-70px||false|false\u00bb custom_margin_last_edited=\u00bbon|phone\u00bb custom_padding_tablet=\u00bb\u00bb custom_padding_phone=\u00bb||0px||false|false\u00bb top_divider_height_tablet=\u00bb\u00bb top_divider_height_phone=\u00bb100px\u00bb top_divider_height_last_edited=\u00bbon|phone\u00bb background_last_edited=\u00bbon|phone\u00bb use_background_color_gradient_tablet=\u00bboff\u00bb global_colors_info=\u00bb{}\u00bb][et_pb_row column_structure=\u00bb3_5,2_5&#8243; _builder_version=\u00bb4.16&#8243; _module_preset=\u00bbdefault\u00bb global_colors_info=\u00bb{}\u00bb][et_pb_column type=\u00bb3_5&#8243; _builder_version=\u00bb4.16&#8243; _module_preset=\u00bbdefault\u00bb global_colors_info=\u00bb{}\u00bb][et_pb_text content_tablet=\u00bb<\/p>\n<h1>\u00d3PTICA EN CARABANCHEL<\/h1>\n<p>\u00bb content_phone=\u00bb<\/p>\n<h1 style=%22text-align: center;%22>\u00d3PTICA EN CARABANCHEL<\/h1>\n<p>\u00bb content_last_edited=\u00bbon|phone\u00bb _builder_version=\u00bb4.19.4&#8243; _module_preset=\u00bb17773371-64ed-4b6c-8bcc-1c3e055be524&#8243; header_font=\u00bbMerriweather|300|||||||\u00bb header_text_color=\u00bb#FFFFFF\u00bb header_font_size=\u00bb20px\u00bb header_2_font=\u00bbMerriweather||||||||\u00bb header_2_text_color=\u00bb#429b31&#8243; header_4_font=\u00bbKarla|700||on|||||\u00bb header_4_text_color=\u00bbgcid-c8f4f0fb-2c87-485e-91ca-1be07316c768&#8243; header_4_font_size=\u00bb12px\u00bb header_4_letter_spacing=\u00bb1px\u00bb header_4_line_height=\u00bb1.4em\u00bb custom_margin=\u00bb||0px||false|false\u00bb global_colors_info=\u00bb{}\u00bb]<\/p>\n<h1>\u00d3PTICA EN CARABANCHEL<\/h1>\n<p>[\/et_pb_text][et_pb_text content_tablet=\u00bb<\/p>\n<h2>OFERTAS EN GAFAS PROGRESIVAS Y MONOFOCALES<\/h2>\n<p>\u00bb content_phone=\u00bb<\/p>\n<h2 style=%22text-align: center;%22>OFERTAS EN GAFAS PROGRESIVAS Y MONOFOCALES<\/h2>\n<p>\u00bb content_last_edited=\u00bbon|phone\u00bb _builder_version=\u00bb4.19.4&#8243; _module_preset=\u00bb7c2f8fd9-1ed7-44f4-8595-942d442712de\u00bb header_font=\u00bbMerriweather|700|||||||\u00bb header_text_color=\u00bb#429b31&#8243; header_font_size=\u00bb66px\u00bb header_line_height=\u00bb1.1em\u00bb header_2_font=\u00bbMerriweather|700|||||||\u00bb header_2_text_align=\u00bbleft\u00bb header_2_text_color=\u00bb#FFFFFF\u00bb header_2_font_size=\u00bb35px\u00bb header_2_line_height=\u00bb1.5em\u00bb header_font_size_tablet=\u00bb40px\u00bb header_font_size_phone=\u00bb26px\u00bb header_font_size_last_edited=\u00bbon|phone\u00bb global_colors_info=\u00bb{}\u00bb]<\/p>\n<h2>OFERTAS EN GAFAS PROGRESIVAS Y MONOFOCALES<\/h2>\n<p>[\/et_pb_text][et_pb_text content_tablet=\u00bb<\/p>\n<p>Montura m\u00e1s lentes monofocales por<span style=%22color: #008000;%22><strong> 89\u20ac<\/strong><\/span><\/p>\n<p>Montura m\u00e1s lentes progresivas por <span style=%22color: #008000;%22><strong>269\u20ac<\/strong><\/span><\/p>\n<p>\u00bb content_phone=\u00bb<\/p>\n<p style=%22text-align: center;%22>Montura m\u00e1s lentes monofocales por<span style=%22color: #008000;%22><strong> 89\u20ac<\/strong><\/span><\/p>\n<p style=%22text-align: center;%22>Montura m\u00e1s lentes progresivas por <span style=%22color: #008000;%22><strong>269\u20ac<\/strong><\/span><\/p>\n<p>\u00bb content_last_edited=\u00bbon|phone\u00bb _builder_version=\u00bb4.19.4&#8243; _module_preset=\u00bb3458e58d-3815-42dc-8b97-c6970b74aacf\u00bb text_font=\u00bbKarla||||||||\u00bb text_text_color=\u00bb#FFFFFF\u00bb text_font_size=\u00bb18px\u00bb text_line_height=\u00bb1.8em\u00bb header_font=\u00bbMerriweather||||||||\u00bb header_2_font=\u00bbMerriweather||||||||\u00bb header_2_text_color=\u00bb#429b31&#8243; text_font_size_tablet=\u00bb16px\u00bb text_font_size_phone=\u00bb14px\u00bb text_font_size_last_edited=\u00bbon|tablet\u00bb global_colors_info=\u00bb{}\u00bb]<\/p>\n<p>Montura m\u00e1s lentes monofocales por<span style=\"color: #ffffff;\"><strong> 89\u20ac<\/strong><\/span><\/p>\n<p>Montura m\u00e1s lentes progresivas por <span style=\"color: #ffffff;\"><strong>269\u20ac<\/strong><\/span><\/p>\n<p>[\/et_pb_text][et_pb_button button_url=\u00bbhttps:\/\/opticaperezulloa.com\/gafas-graduadas\/\u00bb button_text=\u00bbProgresivas\u00bb button_alignment_tablet=\u00bb\u00bb button_alignment_phone=\u00bbcenter\u00bb button_alignment_last_edited=\u00bbon|phone\u00bb _builder_version=\u00bb4.20.0&#8243; _module_preset=\u00bbee1de58d-3e5c-4fd0-b1f1-b325e8738fab\u00bb custom_button=\u00bbon\u00bb button_text_size=\u00bb12px\u00bb button_text_color=\u00bb#FFFFFF\u00bb button_bg_color=\u00bb#429B31&#8243; button_border_width=\u00bb2px\u00bb button_border_color=\u00bb#FFFFFF\u00bb button_border_radius=\u00bb0px\u00bb button_letter_spacing=\u00bb1px\u00bb button_font=\u00bbKarla|700||on|||||\u00bb button_icon=\u00bb&#x24;||divi||400&#8243; button_icon_color=\u00bb#FFFFFF\u00bb button_on_hover=\u00bboff\u00bb custom_margin=\u00bb||||false|false\u00bb custom_margin_tablet=\u00bb60px||||false|false\u00bb custom_margin_phone=\u00bb50px||||false|false\u00bb custom_margin_last_edited=\u00bboff|tablet\u00bb custom_padding=\u00bb12px|40px|12px|25px|true|false\u00bb global_colors_info=\u00bb{}\u00bb button_bg_color__hover=\u00bb#FFFFFF\u00bb button_bg_color__hover_enabled=\u00bbon|hover\u00bb button_text_color__hover=\u00bb#174D4D\u00bb button_text_color__hover_enabled=\u00bbon|hover\u00bb button_bg_enable_color__hover=\u00bbon\u00bb][\/et_pb_button][\/et_pb_column][et_pb_column type=\u00bb2_5&#8243; _builder_version=\u00bb4.16&#8243; _module_preset=\u00bbdefault\u00bb custom_padding=\u00bb|||0%|false|false\u00bb global_colors_info=\u00bb{}\u00bb][et_pb_image src=\u00bbhttps:\/\/opticaperezulloa.com\/wp-content\/uploads\/2023\/02\/slider-optica-perez-ulloa-5.jpg\u00bb title_text=\u00bbslider optica perez ulloa (5)\u00bb _builder_version=\u00bb4.19.4&#8243; _module_preset=\u00bbdefault\u00bb global_colors_info=\u00bb{}\u00bb][\/et_pb_image][\/et_pb_column][\/et_pb_row][\/et_pb_section][et_pb_section fb_built=\u00bb1&#8243; specialty=\u00bbon\u00bb padding_top_2=\u00bb0px\u00bb padding_top_bottom_link_2=\u00bbfalse\u00bb padding_left_right_link_2=\u00bbfalse\u00bb admin_label=\u00bbFeatures\u00bb _builder_version=\u00bb4.19.4&#8243; _module_preset=\u00bbdefault\u00bb background_last_edited=\u00bbon|phone\u00bb use_background_color_gradient_tablet=\u00bboff\u00bb global_colors_info=\u00bb{}\u00bb][et_pb_column type=\u00bb3_4&#8243; specialty_columns=\u00bb3&#8243; _builder_version=\u00bb4.16&#8243; custom_padding=\u00bb|||\u00bb global_colors_info=\u00bb{}\u00bb custom_padding__hover=\u00bb|||\u00bb][et_pb_row_inner column_structure=\u00bb1_3,1_3,1_3&#8243; use_custom_gutter=\u00bbon\u00bb gutter_width=\u00bb2&#8243; _builder_version=\u00bb4.16&#8243; _module_preset=\u00bbdefault\u00bb background_color=\u00bb#f8f8f9&#8243; custom_margin=\u00bb|||||false\u00bb custom_padding=\u00bb60px|30px|60px||true|false\u00bb box_shadow_style=\u00bbpreset4&#8243; box_shadow_horizontal=\u00bb-30vw\u00bb box_shadow_vertical=\u00bb0px\u00bb box_shadow_color=\u00bb#f8f8f9&#8243; locked=\u00bboff\u00bb global_colors_info=\u00bb{%22gcid-980aacad-e20b-4911-b05b-917c3b3b1060%22:%91%93}\u00bb][et_pb_column_inner type=\u00bb1_3&#8243; saved_specialty_column_type=\u00bb3_4&#8243; _builder_version=\u00bb4.16&#8243; _module_preset=\u00bbdefault\u00bb global_colors_info=\u00bb{}\u00bb][et_pb_text _builder_version=\u00bb4.19.4&#8243; _module_preset=\u00bb90fc349f-3056-40e3-805c-4a1f0d824891&#8243; header_font=\u00bbMerriweather||||||||\u00bb header_2_font=\u00bbMerriweather||||||||\u00bb header_2_text_color=\u00bb#429b31&#8243; header_3_font=\u00bbPoppins|600|||||||\u00bb header_3_text_color=\u00bb#2c2f33&#8243; header_3_font_size=\u00bb16px\u00bb header_3_line_height=\u00bb1.5em\u00bb custom_margin=\u00bb||0px||false|false\u00bb header_3_font_size_tablet=\u00bb\u00bb header_3_font_size_phone=\u00bb14px\u00bb header_3_font_size_last_edited=\u00bbon|phone\u00bb global_colors_info=\u00bb{}\u00bb]<\/p>\n<h3>Tecnolog\u00eda<\/h3>\n<p>[\/et_pb_text][et_pb_text _builder_version=\u00bb4.19.4&#8243; _module_preset=\u00bbff517e7b-a176-4704-a423-30f2bcff3669&#8243; text_font=\u00bbKarla||||||||\u00bb link_text_color=\u00bb#666666&#8243; header_font=\u00bbMerriweather||||||||\u00bb header_2_font=\u00bbMerriweather||||||||\u00bb header_2_text_color=\u00bb#429b31&#8243; global_colors_info=\u00bb{%22gcid-45853c9b-f323-4011-8ae0-0083d0543952%22:%91%22link_text_color__hover%22%93}\u00bb link_text_color__hover_enabled=\u00bbon|desktop\u00bb link_text_color__hover=\u00bbgcid-45853c9b-f323-4011-8ae0-0083d0543952&#8243;]<\/p>\n<p>\u00d3ptica P\u00e9rez Ulloa cuenta con material renovado de alta calidad en tratamiento y diagnostico ocular.<\/p>\n<p>[\/et_pb_text][\/et_pb_column_inner][et_pb_column_inner type=\u00bb1_3&#8243; saved_specialty_column_type=\u00bb3_4&#8243; _builder_version=\u00bb4.16&#8243; _module_preset=\u00bbdefault\u00bb global_colors_info=\u00bb{}\u00bb][et_pb_text _builder_version=\u00bb4.19.4&#8243; _module_preset=\u00bb90fc349f-3056-40e3-805c-4a1f0d824891&#8243; header_font=\u00bbMerriweather||||||||\u00bb header_2_font=\u00bbMerriweather||||||||\u00bb header_2_text_color=\u00bb#429b31&#8243; header_3_font=\u00bbPoppins|600|||||||\u00bb header_3_text_color=\u00bb#2c2f33&#8243; header_3_font_size=\u00bb16px\u00bb header_3_line_height=\u00bb1.5em\u00bb custom_margin=\u00bb||0px||false|false\u00bb header_3_font_size_tablet=\u00bb\u00bb header_3_font_size_phone=\u00bb14px\u00bb header_3_font_size_last_edited=\u00bbon|phone\u00bb locked=\u00bboff\u00bb global_colors_info=\u00bb{}\u00bb]<\/p>\n<h3>Garant\u00eda<\/h3>\n<p>[\/et_pb_text][et_pb_text _builder_version=\u00bb4.19.4&#8243; _module_preset=\u00bbff517e7b-a176-4704-a423-30f2bcff3669&#8243; text_font=\u00bbKarla||||||||\u00bb link_text_color=\u00bb#666666&#8243; header_font=\u00bbMerriweather||||||||\u00bb header_2_font=\u00bbMerriweather||||||||\u00bb header_2_text_color=\u00bb#429b31&#8243; locked=\u00bboff\u00bb global_colors_info=\u00bb{%22gcid-45853c9b-f323-4011-8ae0-0083d0543952%22:%91%22link_text_color__hover%22%93}\u00bb link_text_color__hover_enabled=\u00bbon|desktop\u00bb link_text_color__hover=\u00bbgcid-45853c9b-f323-4011-8ae0-0083d0543952&#8243;]<\/p>\n<p>Todos nuestros productos cuentan con garant\u00eda seg\u00fan normativas europeas y se ampl\u00eda con las garant\u00edas adicionales de las marcas.<\/p>\n<p>[\/et_pb_text][\/et_pb_column_inner][et_pb_column_inner type=\u00bb1_3&#8243; saved_specialty_column_type=\u00bb3_4&#8243; _builder_version=\u00bb4.16&#8243; _module_preset=\u00bbdefault\u00bb global_colors_info=\u00bb{}\u00bb][et_pb_text _builder_version=\u00bb4.19.4&#8243; _module_preset=\u00bb90fc349f-3056-40e3-805c-4a1f0d824891&#8243; header_font=\u00bbMerriweather||||||||\u00bb header_2_font=\u00bbMerriweather||||||||\u00bb header_2_text_color=\u00bb#429b31&#8243; header_3_font=\u00bbPoppins|600|||||||\u00bb header_3_text_color=\u00bb#2c2f33&#8243; header_3_font_size=\u00bb16px\u00bb header_3_line_height=\u00bb1.5em\u00bb custom_margin=\u00bb||0px||false|false\u00bb header_3_font_size_tablet=\u00bb\u00bb header_3_font_size_phone=\u00bb14px\u00bb header_3_font_size_last_edited=\u00bbon|phone\u00bb locked=\u00bboff\u00bb global_colors_info=\u00bb{}\u00bb]<\/p>\n<h3>Financiaci\u00f3n<\/h3>\n<p>[\/et_pb_text][et_pb_text _builder_version=\u00bb4.19.4&#8243; _module_preset=\u00bbff517e7b-a176-4704-a423-30f2bcff3669&#8243; text_font=\u00bbKarla||||||||\u00bb link_text_color=\u00bb#666666&#8243; header_font=\u00bbMerriweather||||||||\u00bb header_2_font=\u00bbMerriweather||||||||\u00bb header_2_text_color=\u00bb#429b31&#8243; locked=\u00bboff\u00bb global_colors_info=\u00bb{%22gcid-45853c9b-f323-4011-8ae0-0083d0543952%22:%91%22link_text_color__hover%22%93}\u00bb link_text_color__hover_enabled=\u00bbon|desktop\u00bb link_text_color__hover=\u00bbgcid-45853c9b-f323-4011-8ae0-0083d0543952&#8243;]<\/p>\n<p>Adaptados a tu bolsillo para que tu soluci\u00f3n ocular no sea un problema en tus gastos del d\u00eda a d\u00eda.<\/p>\n<p>[\/et_pb_text][\/et_pb_column_inner][\/et_pb_row_inner][\/et_pb_column][et_pb_column type=\u00bb1_4&#8243; _builder_version=\u00bb4.16&#8243; custom_padding=\u00bb|||\u00bb global_colors_info=\u00bb{}\u00bb custom_padding__hover=\u00bb|||\u00bb][et_pb_image src=\u00bbhttps:\/\/opticaperezulloa.com\/wp-content\/uploads\/2023\/02\/Optica-Perez-primer-bloque-2.jpg\u00bb title_text=\u00bbOptica Perez primer bloque (2)\u00bb _builder_version=\u00bb4.19.4&#8243; _module_preset=\u00bbdefault\u00bb custom_margin=\u00bb-86.5%|-8vw|||false|false\u00bb custom_margin_tablet=\u00bb0%|0vw|||false|false\u00bb custom_margin_phone=\u00bb\u00bb custom_margin_last_edited=\u00bbon|phone\u00bb custom_padding=\u00bb||3px|||\u00bb scroll_vertical_motion_enable=\u00bbon\u00bb scroll_vertical_motion=\u00bb0|50|50|100|1|0|-1&#8243; scroll_vertical_motion_tablet=\u00bb\u00bb scroll_vertical_motion_phone=\u00bb0|50|50|100|0|0|0&#8243; scroll_vertical_motion_last_edited=\u00bbon|phone\u00bb locked=\u00bboff\u00bb global_colors_info=\u00bb{}\u00bb][\/et_pb_image][\/et_pb_column][\/et_pb_section][et_pb_section fb_built=\u00bb1&#8243; admin_label=\u00bbFeatures\u00bb _builder_version=\u00bb4.19.4&#8243; _module_preset=\u00bbdefault\u00bb custom_margin_tablet=\u00bb\u00bb custom_margin_phone=\u00bb-70px||||false|false\u00bb custom_margin_last_edited=\u00bbon|phone\u00bb locked=\u00bboff\u00bb global_colors_info=\u00bb{}\u00bb][et_pb_row column_structure=\u00bb1_4,1_4,1_4,1_4&#8243; _builder_version=\u00bb4.19.4&#8243; _module_preset=\u00bbdefault\u00bb global_colors_info=\u00bb{}\u00bb][et_pb_column type=\u00bb1_4&#8243; _builder_version=\u00bb4.16&#8243; _module_preset=\u00bbdefault\u00bb global_colors_info=\u00bb{}\u00bb][et_pb_blurb title=\u00bbSol\u00bb image=\u00bbhttps:\/\/opticaperezulloa.com\/wp-content\/uploads\/2023\/02\/icono-sol.png\u00bb image_icon_width=\u00bb80px\u00bb icon_alignment=\u00bbleft\u00bb content_max_width=\u00bb100%\u00bb icon_alignment_tablet=\u00bbleft\u00bb icon_alignment_phone=\u00bbcenter\u00bb icon_alignment_last_edited=\u00bbon|phone\u00bb content_tablet=\u00bb<\/p>\n<p>Marca, dise\u00f1o, estilo. Polaroid, Ted Baker, Ray Ban, Humprey&#8230;<\/p>\n<p>\u00bb content_phone=\u00bb<\/p>\n<p style=%22text-align: center;%22>Marca, dise\u00f1o, estilo. Polaroid, Ted Baker, Ray Ban, Humprey&#8230;<\/p>\n<p>\u00bb content_last_edited=\u00bbon|phone\u00bb _builder_version=\u00bb4.19.4&#8243; _module_preset=\u00bb2b0854d0-a793-47d8-aec6-bd0c02a6c434&#8243; header_font=\u00bbPoppins|600|||||||\u00bb header_text_color=\u00bb#000000&#8243; header_font_size=\u00bb24px\u00bb header_line_height=\u00bb1.4em\u00bb body_font=\u00bbKarla||||||||\u00bb animation=\u00bboff\u00bb header_text_align_tablet=\u00bb\u00bb header_text_align_phone=\u00bbcenter\u00bb header_text_align_last_edited=\u00bbon|phone\u00bb header_font_size_tablet=\u00bb19px\u00bb header_font_size_phone=\u00bb16px\u00bb header_font_size_last_edited=\u00bbon|desktop\u00bb border_radii_image_tablet=\u00bb\u00bb border_radii_image_phone=\u00bb\u00bb border_radii_image_last_edited=\u00bbon|phone\u00bb image_max_width=\u00bb80px\u00bb global_colors_info=\u00bb{}\u00bb]<\/p>\n<p>Marca, dise\u00f1o, estilo. Polaroid, Ted Baker, Ray Ban, Humprey&#8230;<\/p>\n<p>[\/et_pb_blurb][et_pb_button button_url=\u00bbhttps:\/\/opticaperezulloa.com\/gafas-de-sol\/\u00bb button_text=\u00bbVer m\u00e1s\u00bb button_alignment=\u00bbleft\u00bb button_alignment_tablet=\u00bbleft\u00bb button_alignment_phone=\u00bbcenter\u00bb button_alignment_last_edited=\u00bbon|phone\u00bb _builder_version=\u00bb4.20.0&#8243; _module_preset=\u00bb30edfbed-337a-4eb2-ba11-214efd2e3f73&#8243; custom_button=\u00bbon\u00bb button_text_size=\u00bb12px\u00bb button_text_color=\u00bb#174d4d\u00bb button_bg_color=\u00bbRGBA(0,0,0,0)\u00bb button_border_width=\u00bb2px\u00bb button_border_color=\u00bb#174d4d\u00bb button_border_radius=\u00bb0px\u00bb button_letter_spacing=\u00bb1px\u00bb button_font=\u00bbKarla|700||on|||||\u00bb button_icon=\u00bb&#x24;||divi||400&#8243; button_on_hover=\u00bboff\u00bb custom_margin=\u00bb||||false|false\u00bb custom_margin_tablet=\u00bb60px||||false|false\u00bb custom_margin_phone=\u00bb50px||||false|false\u00bb custom_margin_last_edited=\u00bboff|tablet\u00bb custom_padding=\u00bb12px|40px|12px|25px|true|false\u00bb button_icon_placement_tablet=\u00bb\u00bb button_icon_placement_phone=\u00bb\u00bb button_icon_placement_last_edited=\u00bbon|phone\u00bb locked=\u00bboff\u00bb global_colors_info=\u00bb{}\u00bb button_bg_color__hover=\u00bb#174D4D\u00bb button_bg_color__hover_enabled=\u00bbon|hover\u00bb button_text_color__hover=\u00bb#FFFFFF\u00bb button_text_color__hover_enabled=\u00bbon|hover\u00bb][\/et_pb_button][\/et_pb_column][et_pb_column type=\u00bb1_4&#8243; _builder_version=\u00bb4.16&#8243; _module_preset=\u00bbdefault\u00bb global_colors_info=\u00bb{}\u00bb][et_pb_blurb title=\u00bbGraduadas\u00bb image=\u00bbhttps:\/\/opticaperezulloa.com\/wp-content\/uploads\/2023\/02\/icono-progresivo.png\u00bb image_icon_width=\u00bb80px\u00bb icon_alignment=\u00bbleft\u00bb content_max_width=\u00bb100%\u00bb icon_placement_tablet=\u00bb\u00bb icon_placement_phone=\u00bb\u00bb icon_placement_last_edited=\u00bbon|phone\u00bb icon_alignment_tablet=\u00bbleft\u00bb icon_alignment_phone=\u00bbcenter\u00bb icon_alignment_last_edited=\u00bbon|phone\u00bb content_tablet=\u00bb<\/p>\n<p>Gafas progresivas. Solo primeras marcas.<\/p>\n<p>\u00bb content_phone=\u00bb<\/p>\n<p style=%22text-align: center;%22>Gafas progresivas. Solo primeras marcas.<\/p>\n<p>\u00bb content_last_edited=\u00bbon|phone\u00bb _builder_version=\u00bb4.19.4&#8243; _module_preset=\u00bb2b0854d0-a793-47d8-aec6-bd0c02a6c434&#8243; header_font=\u00bbPoppins|600|||||||\u00bb header_text_color=\u00bb#000000&#8243; header_font_size=\u00bb24px\u00bb header_line_height=\u00bb1.4em\u00bb body_font=\u00bbKarla||||||||\u00bb animation=\u00bboff\u00bb header_text_align_tablet=\u00bb\u00bb header_text_align_phone=\u00bbcenter\u00bb header_text_align_last_edited=\u00bbon|phone\u00bb header_font_size_tablet=\u00bb19px\u00bb header_font_size_phone=\u00bb16px\u00bb header_font_size_last_edited=\u00bbon|desktop\u00bb image_max_width=\u00bb80px\u00bb locked=\u00bboff\u00bb global_colors_info=\u00bb{}\u00bb]<\/p>\n<p>Gafas progresivas. Solo primeras marcas.<\/p>\n<p>[\/et_pb_blurb][et_pb_button button_url=\u00bbhttps:\/\/opticaperezulloa.com\/gafas-graduadas\/\u00bb button_text=\u00bbVer m\u00e1s\u00bb button_alignment=\u00bbleft\u00bb button_alignment_tablet=\u00bbleft\u00bb button_alignment_phone=\u00bbcenter\u00bb button_alignment_last_edited=\u00bbon|phone\u00bb _builder_version=\u00bb4.20.0&#8243; _module_preset=\u00bb30edfbed-337a-4eb2-ba11-214efd2e3f73&#8243; custom_button=\u00bbon\u00bb button_text_size=\u00bb12px\u00bb button_text_color=\u00bb#174d4d\u00bb button_bg_color=\u00bbRGBA(0,0,0,0)\u00bb button_border_width=\u00bb2px\u00bb button_border_color=\u00bb#174d4d\u00bb button_border_radius=\u00bb0px\u00bb button_letter_spacing=\u00bb1px\u00bb button_font=\u00bbKarla|700||on|||||\u00bb button_icon=\u00bb&#x24;||divi||400&#8243; button_on_hover=\u00bboff\u00bb custom_margin=\u00bb||||false|false\u00bb custom_margin_tablet=\u00bb60px||||false|false\u00bb custom_margin_phone=\u00bb50px||||false|false\u00bb custom_margin_last_edited=\u00bboff|tablet\u00bb custom_padding=\u00bb12px|40px|12px|25px|true|false\u00bb locked=\u00bboff\u00bb global_colors_info=\u00bb{}\u00bb button_bg_color__hover=\u00bb#174D4D\u00bb button_bg_color__hover_enabled=\u00bbon|hover\u00bb button_text_color__hover=\u00bb#FFFFFF\u00bb button_text_color__hover_enabled=\u00bbon|hover\u00bb][\/et_pb_button][\/et_pb_column][et_pb_column type=\u00bb1_4&#8243; _builder_version=\u00bb4.16&#8243; _module_preset=\u00bbdefault\u00bb global_colors_info=\u00bb{}\u00bb][et_pb_blurb title=\u00bbContactolog\u00eda\u00bb image=\u00bbhttps:\/\/opticaperezulloa.com\/wp-content\/uploads\/2023\/02\/icono-lentillas.png\u00bb image_icon_width=\u00bb80px\u00bb icon_alignment=\u00bbleft\u00bb content_max_width=\u00bb100%\u00bb icon_alignment_tablet=\u00bbleft\u00bb icon_alignment_phone=\u00bbcenter\u00bb icon_alignment_last_edited=\u00bbon|phone\u00bb content_tablet=\u00bb<\/p>\n<p>Adaptamos cualquier tipo de lentilla. Todas las edades.<\/p>\n<p>\u00bb content_phone=\u00bb<\/p>\n<p style=%22text-align: center;%22>Adaptamos cualquier tipo de lentilla. Todas las edades.<\/p>\n<p>\u00bb content_last_edited=\u00bbon|phone\u00bb _builder_version=\u00bb4.19.4&#8243; _module_preset=\u00bb2b0854d0-a793-47d8-aec6-bd0c02a6c434&#8243; header_font=\u00bbPoppins|600|||||||\u00bb header_text_color=\u00bb#000000&#8243; header_font_size=\u00bb24px\u00bb header_line_height=\u00bb1.4em\u00bb body_font=\u00bbKarla||||||||\u00bb animation=\u00bboff\u00bb header_text_align_tablet=\u00bb\u00bb header_text_align_phone=\u00bbcenter\u00bb header_text_align_last_edited=\u00bbon|phone\u00bb header_font_size_tablet=\u00bb19px\u00bb header_font_size_phone=\u00bb16px\u00bb header_font_size_last_edited=\u00bbon|desktop\u00bb image_max_width=\u00bb80px\u00bb locked=\u00bboff\u00bb global_colors_info=\u00bb{}\u00bb]<\/p>\n<p>Adaptamos cualquier tipo de lentilla. Todas las edades.<\/p>\n<p>[\/et_pb_blurb][et_pb_button button_url=\u00bbhttps:\/\/opticaperezulloa.com\/lentillas\/\u00bb button_text=\u00bbVer m\u00e1s\u00bb button_alignment=\u00bbleft\u00bb button_alignment_tablet=\u00bbleft\u00bb button_alignment_phone=\u00bbcenter\u00bb button_alignment_last_edited=\u00bbon|phone\u00bb _builder_version=\u00bb4.20.0&#8243; _module_preset=\u00bb30edfbed-337a-4eb2-ba11-214efd2e3f73&#8243; custom_button=\u00bbon\u00bb button_text_size=\u00bb12px\u00bb button_text_color=\u00bb#174d4d\u00bb button_bg_color=\u00bbRGBA(0,0,0,0)\u00bb button_border_width=\u00bb2px\u00bb button_border_color=\u00bb#174d4d\u00bb button_border_radius=\u00bb0px\u00bb button_letter_spacing=\u00bb1px\u00bb button_font=\u00bbKarla|700||on|||||\u00bb button_icon=\u00bb&#x24;||divi||400&#8243; button_on_hover=\u00bboff\u00bb custom_margin=\u00bb||||false|false\u00bb custom_margin_tablet=\u00bb60px||||false|false\u00bb custom_margin_phone=\u00bb50px||||false|false\u00bb custom_margin_last_edited=\u00bboff|tablet\u00bb custom_padding=\u00bb12px|40px|12px|25px|true|false\u00bb locked=\u00bboff\u00bb global_colors_info=\u00bb{}\u00bb button_bg_color__hover=\u00bb#174D4D\u00bb button_bg_color__hover_enabled=\u00bbon|hover\u00bb button_text_color__hover=\u00bb#FFFFFF\u00bb button_text_color__hover_enabled=\u00bbon|hover\u00bb][\/et_pb_button][\/et_pb_column][et_pb_column type=\u00bb1_4&#8243; _builder_version=\u00bb4.16&#8243; _module_preset=\u00bbdefault\u00bb global_colors_info=\u00bb{}\u00bb][et_pb_blurb title=\u00bbBaja visi\u00f3n\u00bb image=\u00bbhttps:\/\/opticaperezulloa.com\/wp-content\/uploads\/2023\/02\/icono-baja-vision.png\u00bb image_icon_width=\u00bb80px\u00bb icon_alignment=\u00bbleft\u00bb content_max_width=\u00bb100%\u00bb icon_alignment_tablet=\u00bbleft\u00bb icon_alignment_phone=\u00bbcenter\u00bb icon_alignment_last_edited=\u00bbon|phone\u00bb content_tablet=\u00bb<\/p>\n<p>Aprovecha al m\u00e1ximo tu resto de visi\u00f3n.<\/p>\n<p>\u00bb content_phone=\u00bb<\/p>\n<p style=%22text-align: center;%22>Aprovecha al m\u00e1ximo tu resto de visi\u00f3n.<\/p>\n<p>\u00bb content_last_edited=\u00bbon|phone\u00bb _builder_version=\u00bb4.19.4&#8243; _module_preset=\u00bb2b0854d0-a793-47d8-aec6-bd0c02a6c434&#8243; header_font=\u00bbPoppins|600|||||||\u00bb header_text_color=\u00bb#000000&#8243; header_font_size=\u00bb24px\u00bb header_line_height=\u00bb1.4em\u00bb body_font=\u00bbKarla||||||||\u00bb animation=\u00bboff\u00bb header_text_align_tablet=\u00bb\u00bb header_text_align_phone=\u00bbcenter\u00bb header_text_align_last_edited=\u00bbon|phone\u00bb header_font_size_tablet=\u00bb19px\u00bb header_font_size_phone=\u00bb16px\u00bb header_font_size_last_edited=\u00bbon|desktop\u00bb image_max_width=\u00bb80px\u00bb locked=\u00bboff\u00bb global_colors_info=\u00bb{}\u00bb]<\/p>\n<p>Aprovecha al m\u00e1ximo tu resto de visi\u00f3n.<\/p>\n<p>[\/et_pb_blurb][et_pb_button button_url=\u00bbhttps:\/\/opticaperezulloa.com\/baja-vision\/\u00bb button_text=\u00bbVer m\u00e1s\u00bb button_alignment=\u00bbleft\u00bb button_alignment_tablet=\u00bbleft\u00bb button_alignment_phone=\u00bbcenter\u00bb button_alignment_last_edited=\u00bbon|phone\u00bb _builder_version=\u00bb4.20.0&#8243; _module_preset=\u00bb30edfbed-337a-4eb2-ba11-214efd2e3f73&#8243; custom_button=\u00bbon\u00bb button_text_size=\u00bb12px\u00bb button_text_color=\u00bb#174d4d\u00bb button_bg_color=\u00bbRGBA(0,0,0,0)\u00bb button_border_width=\u00bb2px\u00bb button_border_color=\u00bb#174d4d\u00bb button_border_radius=\u00bb0px\u00bb button_letter_spacing=\u00bb1px\u00bb button_font=\u00bbKarla|700||on|||||\u00bb button_icon=\u00bb&#x24;||divi||400&#8243; button_on_hover=\u00bboff\u00bb custom_margin=\u00bb||||false|false\u00bb custom_margin_tablet=\u00bb60px||||false|false\u00bb custom_margin_phone=\u00bb50px||||false|false\u00bb custom_margin_last_edited=\u00bboff|tablet\u00bb custom_padding=\u00bb12px|40px|12px|25px|true|false\u00bb locked=\u00bboff\u00bb global_colors_info=\u00bb{}\u00bb button_bg_color__hover=\u00bb#174D4D\u00bb button_bg_color__hover_enabled=\u00bbon|hover\u00bb button_text_color__hover=\u00bb#FFFFFF\u00bb button_text_color__hover_enabled=\u00bbon|hover\u00bb][\/et_pb_button][\/et_pb_column][\/et_pb_row][\/et_pb_section][et_pb_section fb_built=\u00bb1&#8243; admin_label=\u00bbFeature\u00bb _builder_version=\u00bb4.16&#8243; _module_preset=\u00bbdefault\u00bb background_color=\u00bb#ebf4fa\u00bb custom_padding=\u00bb||||false|false\u00bb global_colors_info=\u00bb{}\u00bb][et_pb_row column_structure=\u00bb1_3,2_3&#8243; make_equal=\u00bbon\u00bb _builder_version=\u00bb4.16&#8243; _module_preset=\u00bbdefault\u00bb custom_margin_last_edited=\u00bboff|desktop\u00bb global_colors_info=\u00bb{}\u00bb][et_pb_column type=\u00bb1_3&#8243; _builder_version=\u00bb4.16&#8243; _module_preset=\u00bbdefault\u00bb z_index=\u00bb10&#8243; custom_padding=\u00bb70px||70px||true|false\u00bb custom_padding_tablet=\u00bb0px||0px||false|false\u00bb custom_padding_phone=\u00bb\u00bb custom_padding_last_edited=\u00bbon|phone\u00bb global_colors_info=\u00bb{}\u00bb][et_pb_image src=\u00bbhttps:\/\/opticaperezulloa.com\/wp-content\/uploads\/2023\/02\/Optica-Perez-primer-bloque-5.jpg\u00bb title_text=\u00bbOptica Perez primer bloque (5)\u00bb _builder_version=\u00bb4.19.4&#8243; _module_preset=\u00bbdefault\u00bb custom_margin=\u00bb|-60%|||false|false\u00bb custom_margin_tablet=\u00bb|0%|||false|false\u00bb custom_margin_phone=\u00bb\u00bb custom_margin_last_edited=\u00bbon|tablet\u00bb scroll_vertical_motion_enable=\u00bbon\u00bb scroll_vertical_motion=\u00bb0|50|50|100|2|0|-2&#8243; scroll_vertical_motion_tablet=\u00bb\u00bb scroll_vertical_motion_phone=\u00bb0|50|50|100|0|0|0&#8243; scroll_vertical_motion_last_edited=\u00bbon|phone\u00bb global_colors_info=\u00bb{}\u00bb][\/et_pb_image][\/et_pb_column][et_pb_column type=\u00bb2_3&#8243; _builder_version=\u00bb4.16&#8243; _module_preset=\u00bbdefault\u00bb background_color=\u00bb#FFFFFF\u00bb custom_padding=\u00bb100px|40px|40px|18%|false|false\u00bb custom_padding_tablet=\u00bb40px|30px|40px|30px|true|true\u00bb custom_padding_phone=\u00bb|20px||20px|false|true\u00bb custom_padding_last_edited=\u00bbon|phone\u00bb global_colors_info=\u00bb{}\u00bb][et_pb_text _builder_version=\u00bb4.19.4&#8243; _module_preset=\u00bb17773371-64ed-4b6c-8bcc-1c3e055be524&#8243; header_font=\u00bbMerriweather||||||||\u00bb header_2_font=\u00bbMerriweather||||||||\u00bb header_2_text_color=\u00bb#429b31&#8243; header_4_font=\u00bbKarla|700||on|||||\u00bb header_4_text_color=\u00bbgcid-c8f4f0fb-2c87-485e-91ca-1be07316c768&#8243; header_4_font_size=\u00bb12px\u00bb header_4_letter_spacing=\u00bb1px\u00bb header_4_line_height=\u00bb1.4em\u00bb custom_margin=\u00bb||0px||false|false\u00bb global_colors_info=\u00bb{%22gcid-c8f4f0fb-2c87-485e-91ca-1be07316c768%22:%91%93}\u00bb]<\/p>\n<h4>ADAPTACI\u00d3N<\/h4>\n<p>[\/et_pb_text][et_pb_text _builder_version=\u00bb4.19.4&#8243; _module_preset=\u00bba191ee2c-20bb-4e7e-be17-1f5a489e9cf7&#8243; header_font=\u00bbMerriweather||||||||\u00bb header_2_font=\u00bbMerriweather|700|||||||\u00bb header_2_text_color=\u00bb#429b31&#8243; header_2_font_size=\u00bb42px\u00bb header_2_line_height=\u00bb1.2em\u00bb header_2_font_size_tablet=\u00bb26px\u00bb header_2_font_size_phone=\u00bb18px\u00bb header_2_font_size_last_edited=\u00bbon|phone\u00bb global_colors_info=\u00bb{}\u00bb]<\/p>\n<h2>AUD\u00cdFONOS<\/h2>\n<p>[\/et_pb_text][et_pb_text _builder_version=\u00bb4.16&#8243; _module_preset=\u00bbdefault\u00bb text_font=\u00bbKarla||||||||\u00bb text_text_color=\u00bb#3d5154&#8243; text_font_size=\u00bb16px\u00bb text_line_height=\u00bb1.8em\u00bb header_font=\u00bbMerriweather||||||||\u00bb header_2_font=\u00bbMerriweather||||||||\u00bb header_2_text_color=\u00bb#429b31&#8243; text_font_size_tablet=\u00bb\u00bb text_font_size_phone=\u00bb14px\u00bb text_font_size_last_edited=\u00bbon|phone\u00bb locked=\u00bboff\u00bb global_colors_info=\u00bb{}\u00bb]<\/p>\n<p>\u00a0Realizaci\u00f3n de Audiometr\u00eda gratuita. Prueba nuestros aud\u00edfonos. Solo atenci\u00f3n profesional de experto audioprot\u00e9sico. Revisiones gratuitas durante 2 a\u00f1os. Seguimiento de perdida auditiva.<\/p>\n<p>[\/et_pb_text][et_pb_button button_url=\u00bbhttps:\/\/opticaperezulloa.com\/audifonos\/\u00bb button_text=\u00bbVER M\u00c1S\u00bb button_alignment=\u00bbleft\u00bb _builder_version=\u00bb4.20.0&#8243; _module_preset=\u00bb30edfbed-337a-4eb2-ba11-214efd2e3f73&#8243; custom_button=\u00bbon\u00bb button_text_size=\u00bb12px\u00bb button_text_color=\u00bb#174d4d\u00bb button_bg_color=\u00bbRGBA(0,0,0,0)\u00bb button_border_width=\u00bb2px\u00bb button_border_color=\u00bb#174d4d\u00bb button_border_radius=\u00bb0px\u00bb button_letter_spacing=\u00bb1px\u00bb button_font=\u00bbKarla|700||on|||||\u00bb button_icon=\u00bb&#x24;||divi||400&#8243; button_on_hover=\u00bboff\u00bb custom_margin=\u00bb||||false|false\u00bb custom_margin_tablet=\u00bb60px||||false|false\u00bb custom_margin_phone=\u00bb50px||||false|false\u00bb custom_margin_last_edited=\u00bboff|tablet\u00bb custom_padding=\u00bb12px|40px|12px|25px|true|false\u00bb locked=\u00bboff\u00bb global_colors_info=\u00bb{}\u00bb button_bg_color__hover=\u00bb#174D4D\u00bb button_bg_color__hover_enabled=\u00bbon|hover\u00bb button_text_color__hover=\u00bb#FFFFFF\u00bb button_text_color__hover_enabled=\u00bbon|hover\u00bb][\/et_pb_button][et_pb_image src=\u00bbhttps:\/\/opticaperezulloa.com\/wp-content\/uploads\/2023\/02\/Optica-Perez-primer-bloque-4.jpg\u00bb title_text=\u00bbOptica Perez primer bloque (4)\u00bb _builder_version=\u00bb4.19.4&#8243; _module_preset=\u00bbdefault\u00bb width=\u00bb70%\u00bb width_tablet=\u00bb100%\u00bb width_phone=\u00bb100%\u00bb width_last_edited=\u00bbon|tablet\u00bb custom_margin=\u00bb60px||-100px||false|false\u00bb custom_margin_tablet=\u00bb0px||0px||false|false\u00bb custom_margin_phone=\u00bb||||false|false\u00bb custom_margin_last_edited=\u00bbon|phone\u00bb module_alignment_tablet=\u00bbcenter\u00bb module_alignment_last_edited=\u00bboff|tablet\u00bb global_colors_info=\u00bb{}\u00bb][\/et_pb_image][\/et_pb_column][\/et_pb_row][\/et_pb_section][et_pb_section fb_built=\u00bb1&#8243; admin_label=\u00bbGallery\u00bb _builder_version=\u00bb4.19.4&#8243; _module_preset=\u00bbdefault\u00bb use_background_color_gradient=\u00bbon\u00bb background_color_gradient_stops=\u00bb#429B31 0%|rgba(255,255,255,0) 53%\u00bb background_color_gradient_start=\u00bb#EBF4FA\u00bb background_color_gradient_start_position=\u00bb24%\u00bb background_color_gradient_end=\u00bbrgba(255,255,255,0)\u00bb background_color_gradient_end_position=\u00bb0%\u00bb overflow-x=\u00bbhidden\u00bb overflow-y=\u00bbhidden\u00bb background_last_edited=\u00bbon|tablet\u00bb background_color_gradient_stops_tablet=\u00bb#429B31 15%|rgba(255,255,255,0) 15%\u00bb background_color_gradient_start_position_tablet=\u00bb15%\u00bb background_color_gradient_end_position_tablet=\u00bb15%\u00bb global_colors_info=\u00bb{}\u00bb][et_pb_row column_structure=\u00bb1_2,1_2&#8243; use_custom_gutter=\u00bbon\u00bb gutter_width=\u00bb2&#8243; make_equal=\u00bbon\u00bb _builder_version=\u00bb4.19.4&#8243; _module_preset=\u00bbdefault\u00bb custom_padding=\u00bb0px||0px||true|false\u00bb box_shadow_style=\u00bbpreset4&#8243; box_shadow_horizontal=\u00bb-30vw\u00bb box_shadow_vertical=\u00bb0px\u00bb box_shadow_color=\u00bbgcid-2f5ea071-3b11-4ba0-919d-3d95d908436a\u00bb box_shadow_horizontal_tablet=\u00bb0vw\u00bb box_shadow_horizontal_phone=\u00bb\u00bb box_shadow_horizontal_last_edited=\u00bbon|tablet\u00bb global_colors_info=\u00bb{%22gcid-2f5ea071-3b11-4ba0-919d-3d95d908436a%22:%91%22box_shadow_color%22%93}\u00bb][et_pb_column type=\u00bb1_2&#8243; _builder_version=\u00bb4.19.4&#8243; _module_preset=\u00bbdefault\u00bb background_color=\u00bbgcid-2f5ea071-3b11-4ba0-919d-3d95d908436a\u00bb custom_padding=\u00bb100px|48px|100px|48px|true|true\u00bb custom_padding_tablet=\u00bb40px|30px|40px|30px|true|true\u00bb custom_padding_phone=\u00bb|20px||20px|true|true\u00bb custom_padding_last_edited=\u00bbon|tablet\u00bb global_colors_info=\u00bb{%22gcid-2f5ea071-3b11-4ba0-919d-3d95d908436a%22:%91%22background_color%22%93}\u00bb][et_pb_text _builder_version=\u00bb4.19.4&#8243; _module_preset=\u00bb17773371-64ed-4b6c-8bcc-1c3e055be524&#8243; header_font=\u00bbMerriweather||||||||\u00bb header_2_font=\u00bbMerriweather||||||||\u00bb header_2_text_color=\u00bb#429b31&#8243; header_4_font=\u00bbKarla|700||on|||||\u00bb header_4_text_color=\u00bbgcid-c8f4f0fb-2c87-485e-91ca-1be07316c768&#8243; header_4_font_size=\u00bb12px\u00bb header_4_letter_spacing=\u00bb1px\u00bb header_4_line_height=\u00bb1.4em\u00bb custom_margin=\u00bb||0px||false|false\u00bb locked=\u00bboff\u00bb global_colors_info=\u00bb{%22gcid-c8f4f0fb-2c87-485e-91ca-1be07316c768%22:%91%93}\u00bb]<\/p>\n<h4><span style=\"color: #ffffff;\">ELIGE<\/span><\/h4>\n<p>[\/et_pb_text][et_pb_text _builder_version=\u00bb4.20.0&#8243; _module_preset=\u00bba191ee2c-20bb-4e7e-be17-1f5a489e9cf7&#8243; header_font=\u00bbMerriweather||||||||\u00bb header_text_color=\u00bb#FFFFFF\u00bb header_2_font=\u00bbMerriweather|600|||||||\u00bb header_2_text_color=\u00bb#FFFFFF\u00bb header_2_font_size=\u00bb42px\u00bb header_2_line_height=\u00bb1.2em\u00bb header_2_font_size_tablet=\u00bb26px\u00bb header_2_font_size_phone=\u00bb18px\u00bb header_2_font_size_last_edited=\u00bbon|phone\u00bb locked=\u00bboff\u00bb global_colors_info=\u00bb{}\u00bb]<\/p>\n<h2>UTILIZA NUESTRO PROBADOR DE GAFAS<\/h2>\n<p>[\/et_pb_text][et_pb_button button_text=\u00bbPROBADOR\u00bb _builder_version=\u00bb4.27.4&#8243; _module_preset=\u00bb52ab4580-d571-448b-b7d2-01451866930a\u00bb custom_button=\u00bbon\u00bb button_text_size=\u00bb12px\u00bb button_text_color=\u00bb#FFFFFF\u00bb button_bg_color=\u00bbRGBA(0,0,0,0)\u00bb button_border_width=\u00bb2px\u00bb button_border_color=\u00bb#FFFFFF\u00bb button_border_radius=\u00bb0px\u00bb button_letter_spacing=\u00bb1px\u00bb button_font=\u00bbKarla|700||on|||||\u00bb button_icon=\u00bb&#x24;||divi||400&#8243; button_on_hover=\u00bboff\u00bb custom_margin=\u00bb||||false|false\u00bb custom_margin_tablet=\u00bb60px||||false|false\u00bb custom_margin_phone=\u00bb50px||||false|false\u00bb custom_margin_last_edited=\u00bboff|tablet\u00bb custom_padding=\u00bb12px|40px|12px|25px|true|false\u00bb hover_enabled=\u00bb0&#8243; locked=\u00bboff\u00bb global_colors_info=\u00bb{}\u00bb button_text_color__hover=\u00bb#174D4D\u00bb button_text_color__hover_enabled=\u00bbon|desktop\u00bb button_bg_color__hover=\u00bb#FFFFFF\u00bb button_bg_color__hover_enabled=\u00bbon|hover\u00bb text_orientation_tablet=\u00bbcenter\u00bb text_orientation_last_edited=\u00bbon|tablet\u00bb text_orientation_phone=\u00bbcenter\u00bb button_url=\u00bbhttps:\/\/www.cioneeyewear.com\/#colecciones\u00bb sticky_enabled=\u00bb0&#8243;][\/et_pb_button][\/et_pb_column][et_pb_column type=\u00bb1_2&#8243; _builder_version=\u00bb4.16&#8243; _module_preset=\u00bbdefault\u00bb custom_padding=\u00bb0px||||false|false\u00bb global_colors_info=\u00bb{}\u00bb][et_pb_image src=\u00bbhttps:\/\/opticaperezulloa.com\/wp-content\/uploads\/2023\/02\/Optica-Perez-Ulloa.jpg\u00bb title_text=\u00bb\u00d3ptica P\u00e9rez Ulloa\u00bb _builder_version=\u00bb4.19.4&#8243; _module_preset=\u00bbdefault\u00bb positioning=\u00bbabsolute\u00bb position_origin_a=\u00bbbottom_left\u00bb vertical_offset=\u00bb-80px\u00bb vertical_offset_tablet=\u00bb0px\u00bb vertical_offset_phone=\u00bb\u00bb vertical_offset_last_edited=\u00bbon|tablet\u00bb position_origin_a_tablet=\u00bb\u00bb position_origin_a_phone=\u00bb\u00bb position_origin_a_last_edited=\u00bbon|tablet\u00bb position_origin_f_tablet=\u00bb\u00bb position_origin_f_phone=\u00bb\u00bb position_origin_f_last_edited=\u00bbon|tablet\u00bb position_origin_r_tablet=\u00bb\u00bb position_origin_r_phone=\u00bb\u00bb position_origin_r_last_edited=\u00bbon|desktop\u00bb width=\u00bb73%\u00bb custom_margin=\u00bb||0px||false|false\u00bb positioning_tablet=\u00bbrelative\u00bb positioning_phone=\u00bb\u00bb positioning_last_edited=\u00bbon|tablet\u00bb global_colors_info=\u00bb{}\u00bb][\/et_pb_image][et_pb_image src=\u00bbhttps:\/\/opticaperezulloa.com\/wp-content\/uploads\/2023\/02\/CIONE.png\u00bb title_text=\u00bbCIONE\u00bb _builder_version=\u00bb4.19.4&#8243; _module_preset=\u00bbdefault\u00bb positioning=\u00bbabsolute\u00bb position_origin_a=\u00bbbottom_right\u00bb vertical_offset=\u00bb-80px\u00bb vertical_offset_tablet=\u00bb0px\u00bb vertical_offset_phone=\u00bb\u00bb vertical_offset_last_edited=\u00bbon|tablet\u00bb position_origin_a_tablet=\u00bbtop_right\u00bb position_origin_a_phone=\u00bb\u00bb position_origin_a_last_edited=\u00bbon|tablet\u00bb position_origin_f_tablet=\u00bb\u00bb position_origin_f_phone=\u00bb\u00bb position_origin_f_last_edited=\u00bbon|tablet\u00bb position_origin_r_tablet=\u00bb\u00bb position_origin_r_phone=\u00bb\u00bb position_origin_r_last_edited=\u00bbon|tablet\u00bb width=\u00bb21%\u00bb positioning_tablet=\u00bb\u00bb positioning_phone=\u00bb\u00bb positioning_last_edited=\u00bbon|tablet\u00bb locked=\u00bboff\u00bb global_colors_info=\u00bb{}\u00bb][\/et_pb_image][\/et_pb_column][\/et_pb_row][et_pb_row column_structure=\u00bb1_2,1_2&#8243; use_custom_gutter=\u00bbon\u00bb gutter_width=\u00bb2&#8243; make_equal=\u00bbon\u00bb _builder_version=\u00bb4.16&#8243; _module_preset=\u00bbdefault\u00bb global_colors_info=\u00bb{}\u00bb][et_pb_column type=\u00bb1_2&#8243; _builder_version=\u00bb4.16&#8243; _module_preset=\u00bbdefault\u00bb global_colors_info=\u00bb{}\u00bb][et_pb_image src=\u00bbhttps:\/\/opticaperezulloa.com\/wp-content\/uploads\/2023\/02\/Optica-Perez-Ulloa-2.jpg\u00bb title_text=\u00bb\u00d3ptica P\u00e9rez Ulloa (2)\u00bb _builder_version=\u00bb4.19.4&#8243; _module_preset=\u00bbdefault\u00bb custom_margin=\u00bb||0px||false|false\u00bb locked=\u00bboff\u00bb global_colors_info=\u00bb{}\u00bb][\/et_pb_image][et_pb_image src=\u00bbhttps:\/\/opticaperezulloa.com\/wp-content\/uploads\/2023\/02\/CIONE.jpg\u00bb title_text=\u00bbCIONE\u00bb _builder_version=\u00bb4.19.4&#8243; _module_preset=\u00bbdefault\u00bb transform_translate=\u00bb-100%|0px\u00bb transform_translate_linked=\u00bboff\u00bb positioning=\u00bbabsolute\u00bb position_origin_a=\u00bbbottom_left\u00bb horizontal_offset=\u00bb-6%\u00bb width=\u00bb20%\u00bb locked=\u00bboff\u00bb global_colors_info=\u00bb{}\u00bb][\/et_pb_image][\/et_pb_column][et_pb_column type=\u00bb1_2&#8243; _builder_version=\u00bb4.16&#8243; _module_preset=\u00bbdefault\u00bb custom_padding=\u00bb82px||||false|false\u00bb custom_padding_tablet=\u00bb0px||||false|false\u00bb custom_padding_phone=\u00bb\u00bb custom_padding_last_edited=\u00bbon|tablet\u00bb global_colors_info=\u00bb{}\u00bb][et_pb_image src=\u00bbhttps:\/\/opticaperezulloa.com\/wp-content\/uploads\/2023\/02\/121822939_406543344056453_8144657234683930603_n.jpg\u00bb alt=\u00bbCIONE<br \/>\n\u00bb title_text=\u00bbCIONE\u00bb _builder_version=\u00bb4.19.4&#8243; _module_preset=\u00bbdefault\u00bb positioning=\u00bbabsolute\u00bb vertical_offset=\u00bb82px\u00bb vertical_offset_tablet=\u00bb0px\u00bb vertical_offset_phone=\u00bb\u00bb vertical_offset_last_edited=\u00bbon|tablet\u00bb width=\u00bb40%\u00bb locked=\u00bboff\u00bb global_colors_info=\u00bb{}\u00bb][\/et_pb_image][et_pb_image src=\u00bbhttps:\/\/opticaperezulloa.com\/wp-content\/uploads\/2023\/02\/Optica-Perez-Ulloa-4.jpg\u00bb title_text=\u00bb\u00d3ptica P\u00e9rez Ulloa (4)\u00bb align=\u00bbright\u00bb _builder_version=\u00bb4.19.4&#8243; _module_preset=\u00bbdefault\u00bb position_origin_a=\u00bbtop_right\u00bb vertical_offset=\u00bb82px\u00bb vertical_offset_tablet=\u00bb0px\u00bb vertical_offset_phone=\u00bb\u00bb vertical_offset_last_edited=\u00bbon|tablet\u00bb width=\u00bb54%\u00bb custom_margin=\u00bb||0px||false|false\u00bb locked=\u00bboff\u00bb global_colors_info=\u00bb{}\u00bb][\/et_pb_image][\/et_pb_column][\/et_pb_row][\/et_pb_section][et_pb_section fb_built=\u00bb1&#8243; admin_label=\u00bbShop\u00bb _builder_version=\u00bb4.16&#8243; _module_preset=\u00bbdefault\u00bb background_enable_color=\u00bboff\u00bb custom_padding=\u00bb0px|||||\u00bb locked=\u00bboff\u00bb global_colors_info=\u00bb{}\u00bb][et_pb_row _builder_version=\u00bb4.16&#8243; _module_preset=\u00bbdefault\u00bb global_colors_info=\u00bb{}\u00bb][et_pb_column type=\u00bb4_4&#8243; _builder_version=\u00bb4.16&#8243; _module_preset=\u00bbdefault\u00bb global_colors_info=\u00bb{}\u00bb][et_pb_text _builder_version=\u00bb4.19.4&#8243; _module_preset=\u00bb17773371-64ed-4b6c-8bcc-1c3e055be524&#8243; header_font=\u00bbMerriweather||||||||\u00bb header_4_font=\u00bbKarla|700||on|||||\u00bb header_4_text_color=\u00bbgcid-c8f4f0fb-2c87-485e-91ca-1be07316c768&#8243; header_4_font_size=\u00bb12px\u00bb header_4_letter_spacing=\u00bb1px\u00bb header_4_line_height=\u00bb1.4em\u00bb text_orientation=\u00bbcenter\u00bb custom_margin=\u00bb||0px||false|false\u00bb locked=\u00bboff\u00bb global_colors_info=\u00bb{%22gcid-c8f4f0fb-2c87-485e-91ca-1be07316c768%22:%91%93}\u00bb]<\/p>\n<h4>FIRMAS<\/h4>\n<p>[\/et_pb_text][et_pb_text _builder_version=\u00bb4.19.4&#8243; _module_preset=\u00bba191ee2c-20bb-4e7e-be17-1f5a489e9cf7&#8243; header_font=\u00bbMerriweather||||||||\u00bb header_2_font=\u00bbMerriweather|600|||||||\u00bb header_2_text_color=\u00bb#000000&#8243; header_2_font_size=\u00bb42px\u00bb header_2_line_height=\u00bb1.2em\u00bb text_orientation=\u00bbcenter\u00bb header_2_font_size_tablet=\u00bb26px\u00bb header_2_font_size_phone=\u00bb18px\u00bb header_2_font_size_last_edited=\u00bbon|phone\u00bb locked=\u00bboff\u00bb global_colors_info=\u00bb{}\u00bb]<\/p>\n<h2>NUESTRAS MARCAS<\/h2>\n<p>[\/et_pb_text][\/et_pb_column][\/et_pb_row][et_pb_row column_structure=\u00bb1_6,1_6,1_6,1_6,1_6,1_6&#8243; _builder_version=\u00bb4.16&#8243; _module_preset=\u00bbdefault\u00bb locked=\u00bboff\u00bb global_colors_info=\u00bb{}\u00bb][et_pb_column type=\u00bb1_6&#8243; _builder_version=\u00bb4.16&#8243; _module_preset=\u00bbdefault\u00bb global_colors_info=\u00bb{}\u00bb][et_pb_image src=\u00bbhttps:\/\/opticaperezulloa.com\/wp-content\/uploads\/2023\/02\/Marcas-Perez-Ulloa-5.jpg\u00bb title_text=\u00bbMarcas P\u00e9rez Ulloa (5)\u00bb url=\u00bb#\u00bb align_tablet=\u00bb\u00bb align_phone=\u00bbcenter\u00bb align_last_edited=\u00bbon|phone\u00bb _builder_version=\u00bb4.19.4&#8243; _module_preset=\u00bbdefault\u00bb width_tablet=\u00bb50%\u00bb width_phone=\u00bb\u00bb width_last_edited=\u00bbon|phone\u00bb global_colors_info=\u00bb{}\u00bb][\/et_pb_image][\/et_pb_column][et_pb_column type=\u00bb1_6&#8243; _builder_version=\u00bb4.16&#8243; _module_preset=\u00bbdefault\u00bb global_colors_info=\u00bb{}\u00bb][et_pb_image src=\u00bbhttps:\/\/opticaperezulloa.com\/wp-content\/uploads\/2023\/02\/Marcas-Perez-Ulloa-4.jpg\u00bb title_text=\u00bbMarcas P\u00e9rez Ulloa (4)\u00bb url=\u00bb#\u00bb align_tablet=\u00bb\u00bb align_phone=\u00bbcenter\u00bb align_last_edited=\u00bbon|phone\u00bb _builder_version=\u00bb4.19.4&#8243; _module_preset=\u00bbdefault\u00bb width_tablet=\u00bb50%\u00bb width_phone=\u00bb\u00bb width_last_edited=\u00bbon|phone\u00bb global_colors_info=\u00bb{}\u00bb][\/et_pb_image][\/et_pb_column][et_pb_column type=\u00bb1_6&#8243; _builder_version=\u00bb4.16&#8243; _module_preset=\u00bbdefault\u00bb global_colors_info=\u00bb{}\u00bb][et_pb_image src=\u00bbhttps:\/\/opticaperezulloa.com\/wp-content\/uploads\/2023\/02\/Marcas-Perez-Ulloa-3.jpg\u00bb title_text=\u00bbMarcas P\u00e9rez Ulloa (3)\u00bb url=\u00bb#\u00bb align_tablet=\u00bb\u00bb align_phone=\u00bbcenter\u00bb align_last_edited=\u00bbon|phone\u00bb _builder_version=\u00bb4.19.4&#8243; _module_preset=\u00bbdefault\u00bb width_tablet=\u00bb50%\u00bb width_phone=\u00bb\u00bb width_last_edited=\u00bbon|phone\u00bb global_colors_info=\u00bb{}\u00bb][\/et_pb_image][\/et_pb_column][et_pb_column type=\u00bb1_6&#8243; _builder_version=\u00bb4.16&#8243; _module_preset=\u00bbdefault\u00bb global_colors_info=\u00bb{}\u00bb][et_pb_image src=\u00bbhttps:\/\/opticaperezulloa.com\/wp-content\/uploads\/2023\/02\/Marcas-Perez-Ulloa-2.jpg\u00bb title_text=\u00bbMarcas P\u00e9rez Ulloa (2)\u00bb url=\u00bb#\u00bb align_tablet=\u00bb\u00bb align_phone=\u00bbcenter\u00bb align_last_edited=\u00bbon|phone\u00bb _builder_version=\u00bb4.19.4&#8243; _module_preset=\u00bbdefault\u00bb width_tablet=\u00bb50%\u00bb width_phone=\u00bb\u00bb width_last_edited=\u00bbon|phone\u00bb global_colors_info=\u00bb{}\u00bb][\/et_pb_image][\/et_pb_column][et_pb_column type=\u00bb1_6&#8243; _builder_version=\u00bb4.16&#8243; _module_preset=\u00bbdefault\u00bb global_colors_info=\u00bb{}\u00bb][et_pb_image src=\u00bbhttps:\/\/opticaperezulloa.com\/wp-content\/uploads\/2023\/02\/Marcas-Perez-Ulloa.jpg\u00bb title_text=\u00bbMarcas P\u00e9rez Ulloa\u00bb url=\u00bb#\u00bb align_tablet=\u00bb\u00bb align_phone=\u00bbcenter\u00bb align_last_edited=\u00bbon|phone\u00bb _builder_version=\u00bb4.19.4&#8243; _module_preset=\u00bbdefault\u00bb width_tablet=\u00bb50%\u00bb width_phone=\u00bb\u00bb width_last_edited=\u00bbon|phone\u00bb global_colors_info=\u00bb{}\u00bb][\/et_pb_image][\/et_pb_column][et_pb_column type=\u00bb1_6&#8243; _builder_version=\u00bb4.16&#8243; _module_preset=\u00bbdefault\u00bb global_colors_info=\u00bb{}\u00bb][et_pb_image src=\u00bbhttps:\/\/opticaperezulloa.com\/wp-content\/uploads\/2023\/02\/Marcas-Perez-Ulloa-12.jpg\u00bb title_text=\u00bbMarcas P\u00e9rez Ulloa (12)\u00bb url=\u00bb#\u00bb align=\u00bbcenter\u00bb _builder_version=\u00bb4.19.4&#8243; _module_preset=\u00bbdefault\u00bb global_colors_info=\u00bb{}\u00bb][\/et_pb_image][\/et_pb_column][\/et_pb_row][et_pb_row column_structure=\u00bb1_6,1_6,1_6,1_6,1_6,1_6&#8243; _builder_version=\u00bb4.16&#8243; _module_preset=\u00bbdefault\u00bb locked=\u00bboff\u00bb global_colors_info=\u00bb{}\u00bb][et_pb_column type=\u00bb1_6&#8243; _builder_version=\u00bb4.16&#8243; _module_preset=\u00bbdefault\u00bb global_colors_info=\u00bb{}\u00bb][et_pb_image src=\u00bbhttps:\/\/opticaperezulloa.com\/wp-content\/uploads\/2023\/02\/Marcas-Perez-Ulloa-11.jpg\u00bb title_text=\u00bbMarcas P\u00e9rez Ulloa (11)\u00bb url=\u00bb#\u00bb align_tablet=\u00bb\u00bb align_phone=\u00bbcenter\u00bb align_last_edited=\u00bbon|phone\u00bb _builder_version=\u00bb4.19.4&#8243; _module_preset=\u00bbdefault\u00bb width_tablet=\u00bb50%\u00bb width_phone=\u00bb\u00bb width_last_edited=\u00bbon|phone\u00bb global_colors_info=\u00bb{}\u00bb][\/et_pb_image][\/et_pb_column][et_pb_column type=\u00bb1_6&#8243; _builder_version=\u00bb4.16&#8243; _module_preset=\u00bbdefault\u00bb global_colors_info=\u00bb{}\u00bb][et_pb_image src=\u00bbhttps:\/\/opticaperezulloa.com\/wp-content\/uploads\/2023\/02\/Marcas-Perez-Ulloa-10.jpg\u00bb title_text=\u00bbMarcas P\u00e9rez Ulloa (10)\u00bb url=\u00bb#\u00bb align_tablet=\u00bb\u00bb align_phone=\u00bbcenter\u00bb align_last_edited=\u00bbon|phone\u00bb _builder_version=\u00bb4.19.4&#8243; _module_preset=\u00bbdefault\u00bb width_tablet=\u00bb50%\u00bb width_phone=\u00bb\u00bb width_last_edited=\u00bbon|phone\u00bb global_colors_info=\u00bb{}\u00bb][\/et_pb_image][\/et_pb_column][et_pb_column type=\u00bb1_6&#8243; _builder_version=\u00bb4.16&#8243; _module_preset=\u00bbdefault\u00bb global_colors_info=\u00bb{}\u00bb][et_pb_image src=\u00bbhttps:\/\/opticaperezulloa.com\/wp-content\/uploads\/2023\/02\/Marcas-Perez-Ulloa-9.jpg\u00bb title_text=\u00bbMarcas P\u00e9rez Ulloa (9)\u00bb url=\u00bb#\u00bb align_tablet=\u00bb\u00bb align_phone=\u00bbcenter\u00bb align_last_edited=\u00bbon|phone\u00bb _builder_version=\u00bb4.19.4&#8243; _module_preset=\u00bbdefault\u00bb width_tablet=\u00bb50%\u00bb width_phone=\u00bb\u00bb width_last_edited=\u00bbon|phone\u00bb global_colors_info=\u00bb{}\u00bb][\/et_pb_image][\/et_pb_column][et_pb_column type=\u00bb1_6&#8243; _builder_version=\u00bb4.16&#8243; _module_preset=\u00bbdefault\u00bb global_colors_info=\u00bb{}\u00bb][et_pb_image src=\u00bbhttps:\/\/opticaperezulloa.com\/wp-content\/uploads\/2023\/02\/Marcas-Perez-Ulloa-8.jpg\u00bb title_text=\u00bbMarcas P\u00e9rez Ulloa (8)\u00bb url=\u00bb#\u00bb align_tablet=\u00bb\u00bb align_phone=\u00bbcenter\u00bb align_last_edited=\u00bbon|phone\u00bb _builder_version=\u00bb4.19.4&#8243; _module_preset=\u00bbdefault\u00bb width_tablet=\u00bb50%\u00bb width_phone=\u00bb\u00bb width_last_edited=\u00bbon|phone\u00bb global_colors_info=\u00bb{}\u00bb][\/et_pb_image][\/et_pb_column][et_pb_column type=\u00bb1_6&#8243; _builder_version=\u00bb4.16&#8243; _module_preset=\u00bbdefault\u00bb global_colors_info=\u00bb{}\u00bb][et_pb_image src=\u00bbhttps:\/\/opticaperezulloa.com\/wp-content\/uploads\/2023\/02\/Marcas-Perez-Ulloa-7.jpg\u00bb title_text=\u00bbMarcas P\u00e9rez Ulloa (7)\u00bb url=\u00bb#\u00bb align_tablet=\u00bb\u00bb align_phone=\u00bbcenter\u00bb align_last_edited=\u00bbon|phone\u00bb _builder_version=\u00bb4.19.4&#8243; _module_preset=\u00bbdefault\u00bb width_tablet=\u00bb50%\u00bb width_phone=\u00bb\u00bb width_last_edited=\u00bbon|phone\u00bb global_colors_info=\u00bb{}\u00bb][\/et_pb_image][\/et_pb_column][et_pb_column type=\u00bb1_6&#8243; _builder_version=\u00bb4.16&#8243; _module_preset=\u00bbdefault\u00bb global_colors_info=\u00bb{}\u00bb][et_pb_image src=\u00bbhttps:\/\/opticaperezulloa.com\/wp-content\/uploads\/2023\/02\/Marcas-Perez-Ulloa-6.jpg\u00bb title_text=\u00bbMarcas P\u00e9rez Ulloa (6)\u00bb url=\u00bb#\u00bb align=\u00bbcenter\u00bb _builder_version=\u00bb4.19.4&#8243; _module_preset=\u00bbdefault\u00bb global_colors_info=\u00bb{}\u00bb][\/et_pb_image][\/et_pb_column][\/et_pb_row][\/et_pb_section][et_pb_section fb_built=\u00bb1&#8243; _builder_version=\u00bb4.27.4&#8243; _module_preset=\u00bbdefault\u00bb global_colors_info=\u00bb{}\u00bb][et_pb_row _builder_version=\u00bb4.27.4&#8243; _module_preset=\u00bbdefault\u00bb global_colors_info=\u00bb{}\u00bb][et_pb_column type=\u00bb4_4&#8243; _builder_version=\u00bb4.27.4&#8243; _module_preset=\u00bbdefault\u00bb global_colors_info=\u00bb{}\u00bb][et_pb_text _builder_version=\u00bb4.27.4&#8243; _module_preset=\u00bb17773371-64ed-4b6c-8bcc-1c3e055be524&#8243; header_font=\u00bbMerriweather||||||||\u00bb header_4_font=\u00bbKarla|700||on|||||\u00bb header_4_text_color=\u00bbgcid-c8f4f0fb-2c87-485e-91ca-1be07316c768&#8243; header_4_font_size=\u00bb12px\u00bb header_4_letter_spacing=\u00bb1px\u00bb header_4_line_height=\u00bb1.4em\u00bb text_orientation=\u00bbcenter\u00bb custom_margin=\u00bb||0px||false|false\u00bb locked=\u00bboff\u00bb global_colors_info=\u00bb{%22gcid-c8f4f0fb-2c87-485e-91ca-1be07316c768%22:%91%93}\u00bb]<\/p>\n<h4>Blog<\/h4>\n<p>[\/et_pb_text][et_pb_text _builder_version=\u00bb4.27.4&#8243; _module_preset=\u00bba191ee2c-20bb-4e7e-be17-1f5a489e9cf7&#8243; header_font=\u00bbMerriweather||||||||\u00bb header_2_font=\u00bbMerriweather|600|||||||\u00bb header_2_text_color=\u00bb#000000&#8243; header_2_font_size=\u00bb42px\u00bb header_2_line_height=\u00bb1.2em\u00bb text_orientation=\u00bbcenter\u00bb header_2_font_size_tablet=\u00bb26px\u00bb header_2_font_size_phone=\u00bb18px\u00bb header_2_font_size_last_edited=\u00bbon|phone\u00bb locked=\u00bboff\u00bb global_colors_info=\u00bb{}\u00bb]<\/p>\n<h2>Novedades en Carabanchel<\/h2>\n<p>[\/et_pb_text][et_pb_blog fullwidth=\u00bboff\u00bb posts_number=\u00bb3&#8243; meta_date=\u00bbj M y\u00bb use_overlay=\u00bbon\u00bb hover_overlay_color=\u00bbrgba(255,255,255,0.42)\u00bb _builder_version=\u00bb4.27.4&#8243; _module_preset=\u00bbdefault\u00bb header_line_height=\u00bb1.2em\u00bb border_color_all=\u00bb#429B31&#8243; global_colors_info=\u00bb{}\u00bb][\/et_pb_blog][\/et_pb_column][\/et_pb_row][\/et_pb_section]<\/p>\n","protected":false},"excerpt":{"rendered":"<p>\u00d3PTICA EN CARABANCHELOFERTAS EN GAFAS PROGRESIVAS Y MONOFOCALESMontura m\u00e1s lentes monofocales por 89\u20ac Montura m\u00e1s lentes progresivas por 269\u20acTecnolog\u00eda\u00d3ptica P\u00e9rez Ulloa cuenta con material renovado de alta calidad en tratamiento y diagnostico ocular.Garant\u00edaTodos nuestros productos cuentan con garant\u00eda seg\u00fan normativas europeas y se ampl\u00eda con las garant\u00edas adicionales de las marcas.Financiaci\u00f3nAdaptados a tu bolsillo para [&hellip;]<\/p>\n","protected":false},"author":3,"featured_media":1359,"parent":0,"menu_order":0,"comment_status":"closed","ping_status":"closed","template":"","meta":{"_et_pb_use_builder":"on","_et_pb_old_content":"","_et_gb_content_width":"","footnotes":""},"class_list":["post-5","page","type-page","status-publish","has-post-thumbnail","hentry"],"yoast_head":"<!-- This site is optimized with the Yoast SEO plugin v26.7 - https:\/\/yoast.com\/wordpress\/plugins\/seo\/ -->\n<title>\u00d3ptica en Carabanchel - \u00d3ptica P\u00e9rez Ulloa 915 250 060<\/title>\n<meta name=\"description\" content=\"\u00d3ptica en Carabanchel. M\u00e1xima tecnolog\u00eda. Todos nuestros aparato renovados. Graduamos gratis. Expertos en baja visi\u00f3n.\" \/>\n<meta name=\"robots\" content=\"index, follow, max-snippet:-1, max-image-preview:large, max-video-preview:-1\" \/>\n<link rel=\"canonical\" href=\"https:\/\/opticaperezulloa.com\/\" \/>\n<meta property=\"og:locale\" content=\"es_ES\" \/>\n<meta property=\"og:type\" content=\"article\" \/>\n<meta property=\"og:title\" content=\"\u00d3ptica en Carabanchel - \u00d3ptica P\u00e9rez Ulloa 915 250 060\" \/>\n<meta property=\"og:description\" content=\"\u00d3ptica en Carabanchel. M\u00e1xima tecnolog\u00eda. Todos nuestros aparato renovados. Graduamos gratis. Expertos en baja visi\u00f3n.\" \/>\n<meta property=\"og:url\" content=\"https:\/\/opticaperezulloa.com\/\" \/>\n<meta property=\"og:site_name\" content=\"\u00d3ptica P\u00e9rez Ulloa\" \/>\n<meta property=\"article:modified_time\" content=\"2025-08-13T05:05:40+00:00\" \/>\n<meta property=\"og:image\" content=\"https:\/\/opticaperezulloa.com\/wp-content\/uploads\/2023\/02\/Fachada-frente-optica-perez-ulloa.jpg\" \/>\n\t<meta property=\"og:image:width\" content=\"510\" \/>\n\t<meta property=\"og:image:height\" content=\"620\" \/>\n\t<meta property=\"og:image:type\" content=\"image\/jpeg\" \/>\n<meta name=\"twitter:card\" content=\"summary_large_image\" \/>\n<meta name=\"twitter:label1\" content=\"Tiempo de lectura\" \/>\n\t<meta name=\"twitter:data1\" content=\"7 minutos\" \/>\n<script type=\"application\/ld+json\" class=\"yoast-schema-graph\">{\"@context\":\"https:\/\/schema.org\",\"@graph\":[{\"@type\":\"WebPage\",\"@id\":\"https:\/\/opticaperezulloa.com\/\",\"url\":\"https:\/\/opticaperezulloa.com\/\",\"name\":\"\u00d3ptica en Carabanchel - \u00d3ptica P\u00e9rez Ulloa 915 250 060\",\"isPartOf\":{\"@id\":\"https:\/\/opticaperezulloa.com\/#website\"},\"primaryImageOfPage\":{\"@id\":\"https:\/\/opticaperezulloa.com\/#primaryimage\"},\"image\":{\"@id\":\"https:\/\/opticaperezulloa.com\/#primaryimage\"},\"thumbnailUrl\":\"https:\/\/opticaperezulloa.com\/wp-content\/uploads\/2023\/02\/Fachada-frente-optica-perez-ulloa.jpg\",\"datePublished\":\"2023-01-20T12:31:22+00:00\",\"dateModified\":\"2025-08-13T05:05:40+00:00\",\"description\":\"\u00d3ptica en Carabanchel. M\u00e1xima tecnolog\u00eda. Todos nuestros aparato renovados. Graduamos gratis. Expertos en baja visi\u00f3n.\",\"breadcrumb\":{\"@id\":\"https:\/\/opticaperezulloa.com\/#breadcrumb\"},\"inLanguage\":\"es\",\"potentialAction\":[{\"@type\":\"ReadAction\",\"target\":[\"https:\/\/opticaperezulloa.com\/\"]}]},{\"@type\":\"ImageObject\",\"inLanguage\":\"es\",\"@id\":\"https:\/\/opticaperezulloa.com\/#primaryimage\",\"url\":\"https:\/\/opticaperezulloa.com\/wp-content\/uploads\/2023\/02\/Fachada-frente-optica-perez-ulloa.jpg\",\"contentUrl\":\"https:\/\/opticaperezulloa.com\/wp-content\/uploads\/2023\/02\/Fachada-frente-optica-perez-ulloa.jpg\",\"width\":510,\"height\":620,\"caption\":\"\u00d3ptica en Carabanchel\"},{\"@type\":\"BreadcrumbList\",\"@id\":\"https:\/\/opticaperezulloa.com\/#breadcrumb\",\"itemListElement\":[{\"@type\":\"ListItem\",\"position\":1,\"name\":\"Portada\",\"item\":\"https:\/\/opticaperezulloa.com\/\"},{\"@type\":\"ListItem\",\"position\":2,\"name\":\"Inicio\"}]},{\"@type\":\"WebSite\",\"@id\":\"https:\/\/opticaperezulloa.com\/#website\",\"url\":\"https:\/\/opticaperezulloa.com\/\",\"name\":\"\u00d3ptica P\u00e9rez Ulloa\",\"description\":\"\u00d3ptica y Aud\u00edfonos en Carabanchel | P\u00e9rez Ulloa | 915 250 060\",\"potentialAction\":[{\"@type\":\"SearchAction\",\"target\":{\"@type\":\"EntryPoint\",\"urlTemplate\":\"https:\/\/opticaperezulloa.com\/?s={search_term_string}\"},\"query-input\":{\"@type\":\"PropertyValueSpecification\",\"valueRequired\":true,\"valueName\":\"search_term_string\"}}],\"inLanguage\":\"es\"}]}<\/script>\n<!-- \/ Yoast SEO plugin. -->","yoast_head_json":{"title":"\u00d3ptica en Carabanchel - \u00d3ptica P\u00e9rez Ulloa 915 250 060","description":"\u00d3ptica en Carabanchel. M\u00e1xima tecnolog\u00eda. Todos nuestros aparato renovados. Graduamos gratis. Expertos en baja visi\u00f3n.","robots":{"index":"index","follow":"follow","max-snippet":"max-snippet:-1","max-image-preview":"max-image-preview:large","max-video-preview":"max-video-preview:-1"},"canonical":"https:\/\/opticaperezulloa.com\/","og_locale":"es_ES","og_type":"article","og_title":"\u00d3ptica en Carabanchel - \u00d3ptica P\u00e9rez Ulloa 915 250 060","og_description":"\u00d3ptica en Carabanchel. M\u00e1xima tecnolog\u00eda. Todos nuestros aparato renovados. Graduamos gratis. Expertos en baja visi\u00f3n.","og_url":"https:\/\/opticaperezulloa.com\/","og_site_name":"\u00d3ptica P\u00e9rez Ulloa","article_modified_time":"2025-08-13T05:05:40+00:00","og_image":[{"width":510,"height":620,"url":"https:\/\/opticaperezulloa.com\/wp-content\/uploads\/2023\/02\/Fachada-frente-optica-perez-ulloa.jpg","type":"image\/jpeg"}],"twitter_card":"summary_large_image","twitter_misc":{"Tiempo de lectura":"7 minutos"},"schema":{"@context":"https:\/\/schema.org","@graph":[{"@type":"WebPage","@id":"https:\/\/opticaperezulloa.com\/","url":"https:\/\/opticaperezulloa.com\/","name":"\u00d3ptica en Carabanchel - \u00d3ptica P\u00e9rez Ulloa 915 250 060","isPartOf":{"@id":"https:\/\/opticaperezulloa.com\/#website"},"primaryImageOfPage":{"@id":"https:\/\/opticaperezulloa.com\/#primaryimage"},"image":{"@id":"https:\/\/opticaperezulloa.com\/#primaryimage"},"thumbnailUrl":"https:\/\/opticaperezulloa.com\/wp-content\/uploads\/2023\/02\/Fachada-frente-optica-perez-ulloa.jpg","datePublished":"2023-01-20T12:31:22+00:00","dateModified":"2025-08-13T05:05:40+00:00","description":"\u00d3ptica en Carabanchel. M\u00e1xima tecnolog\u00eda. Todos nuestros aparato renovados. Graduamos gratis. Expertos en baja visi\u00f3n.","breadcrumb":{"@id":"https:\/\/opticaperezulloa.com\/#breadcrumb"},"inLanguage":"es","potentialAction":[{"@type":"ReadAction","target":["https:\/\/opticaperezulloa.com\/"]}]},{"@type":"ImageObject","inLanguage":"es","@id":"https:\/\/opticaperezulloa.com\/#primaryimage","url":"https:\/\/opticaperezulloa.com\/wp-content\/uploads\/2023\/02\/Fachada-frente-optica-perez-ulloa.jpg","contentUrl":"https:\/\/opticaperezulloa.com\/wp-content\/uploads\/2023\/02\/Fachada-frente-optica-perez-ulloa.jpg","width":510,"height":620,"caption":"\u00d3ptica en Carabanchel"},{"@type":"BreadcrumbList","@id":"https:\/\/opticaperezulloa.com\/#breadcrumb","itemListElement":[{"@type":"ListItem","position":1,"name":"Portada","item":"https:\/\/opticaperezulloa.com\/"},{"@type":"ListItem","position":2,"name":"Inicio"}]},{"@type":"WebSite","@id":"https:\/\/opticaperezulloa.com\/#website","url":"https:\/\/opticaperezulloa.com\/","name":"\u00d3ptica P\u00e9rez Ulloa","description":"\u00d3ptica y Aud\u00edfonos en Carabanchel | P\u00e9rez Ulloa | 915 250 060","potentialAction":[{"@type":"SearchAction","target":{"@type":"EntryPoint","urlTemplate":"https:\/\/opticaperezulloa.com\/?s={search_term_string}"},"query-input":{"@type":"PropertyValueSpecification","valueRequired":true,"valueName":"search_term_string"}}],"inLanguage":"es"}]}},"_links":{"self":[{"href":"https:\/\/opticaperezulloa.com\/index.php?rest_route=\/wp\/v2\/pages\/5","targetHints":{"allow":["GET"]}}],"collection":[{"href":"https:\/\/opticaperezulloa.com\/index.php?rest_route=\/wp\/v2\/pages"}],"about":[{"href":"https:\/\/opticaperezulloa.com\/index.php?rest_route=\/wp\/v2\/types\/page"}],"author":[{"embeddable":true,"href":"https:\/\/opticaperezulloa.com\/index.php?rest_route=\/wp\/v2\/users\/3"}],"replies":[{"embeddable":true,"href":"https:\/\/opticaperezulloa.com\/index.php?rest_route=%2Fwp%2Fv2%2Fcomments&post=5"}],"version-history":[{"count":47,"href":"https:\/\/opticaperezulloa.com\/index.php?rest_route=\/wp\/v2\/pages\/5\/revisions"}],"predecessor-version":[{"id":1618,"href":"https:\/\/opticaperezulloa.com\/index.php?rest_route=\/wp\/v2\/pages\/5\/revisions\/1618"}],"wp:featuredmedia":[{"embeddable":true,"href":"https:\/\/opticaperezulloa.com\/index.php?rest_route=\/wp\/v2\/media\/1359"}],"wp:attachment":[{"href":"https:\/\/opticaperezulloa.com\/index.php?rest_route=%2Fwp%2Fv2%2Fmedia&parent=5"}],"curies":[{"name":"wp","href":"https:\/\/api.w.org\/{rel}","templated":true}]}}