{"id":33,"date":"2023-01-20T13:34:29","date_gmt":"2023-01-20T12:34:29","guid":{"rendered":"https:\/\/opticaperezulloa.com\/?page_id=33"},"modified":"2025-01-09T08:52:58","modified_gmt":"2025-01-09T07:52:58","slug":"contacto","status":"publish","type":"page","link":"https:\/\/opticaperezulloa.com\/?page_id=33","title":{"rendered":"Contacto"},"content":{"rendered":"<p>[et_pb_section fb_built=\u00bb1&#8243; admin_label=\u00bbHeader\u00bb _builder_version=\u00bb4.16&#8243; _module_preset=\u00bbdefault\u00bb background_color=\u00bb#ebf4fa\u00bb global_colors_info=\u00bb{}\u00bb][et_pb_row _builder_version=\u00bb4.16&#8243; _module_preset=\u00bbdefault\u00bb global_colors_info=\u00bb{}\u00bb][et_pb_column type=\u00bb4_4&#8243; _builder_version=\u00bb4.16&#8243; _module_preset=\u00bbdefault\u00bb global_colors_info=\u00bb{}\u00bb][et_pb_text _builder_version=\u00bb4.19.4&#8243; _module_preset=\u00bb17773371-64ed-4b6c-8bcc-1c3e055be524&#8243; header_text_color=\u00bbgcid-90d5d4e2-b557-4ece-b4fb-4e7d2b72f63a\u00bb header_font_size=\u00bb20px\u00bb header_4_font=\u00bbKarla|700||on|||||\u00bb header_4_text_color=\u00bb#30aabc\u00bb header_4_font_size=\u00bb12px\u00bb header_4_letter_spacing=\u00bb1px\u00bb header_4_line_height=\u00bb1.4em\u00bb text_orientation=\u00bbcenter\u00bb custom_margin=\u00bb||0px||false|false\u00bb locked=\u00bboff\u00bb global_colors_info=\u00bb{%22gcid-90d5d4e2-b557-4ece-b4fb-4e7d2b72f63a%22:%91%22header_text_color%22%93}\u00bb]<\/p>\n<h1>CONTACTO<\/h1>\n<p>[\/et_pb_text][et_pb_text _builder_version=\u00bb4.19.4&#8243; _module_preset=\u00bb7c2f8fd9-1ed7-44f4-8595-942d442712de\u00bb header_font=\u00bbPoppins|600|||||||\u00bb header_text_color=\u00bb#000000&#8243; header_font_size=\u00bb72px\u00bb header_line_height=\u00bb1.1em\u00bb header_2_font=\u00bbMerriweather|700|||||||\u00bb header_2_text_color=\u00bbgcid-2f5ea071-3b11-4ba0-919d-3d95d908436a\u00bb header_2_font_size=\u00bb40px\u00bb text_orientation=\u00bbcenter\u00bb header_font_size_tablet=\u00bb40px\u00bb header_font_size_phone=\u00bb26px\u00bb header_font_size_last_edited=\u00bbon|phone\u00bb locked=\u00bboff\u00bb global_colors_info=\u00bb{%22gcid-2f5ea071-3b11-4ba0-919d-3d95d908436a%22:%91%22header_2_text_color%22%93}\u00bb]<\/p>\n<h2>PIDE TU CITA<\/h2>\n<p>[\/et_pb_text][et_pb_text _builder_version=\u00bb4.19.4&#8243; _module_preset=\u00bb3458e58d-3815-42dc-8b97-c6970b74aacf\u00bb text_font=\u00bbKarla||||||||\u00bb text_font_size=\u00bb18px\u00bb text_line_height=\u00bb1.8em\u00bb text_orientation=\u00bbcenter\u00bb max_width=\u00bb600px\u00bb module_alignment=\u00bbcenter\u00bb text_font_size_tablet=\u00bb16px\u00bb text_font_size_phone=\u00bb14px\u00bb text_font_size_last_edited=\u00bbon|tablet\u00bb locked=\u00bboff\u00bb global_colors_info=\u00bb{}\u00bb]<\/p>\n<p>Estamos a tu disposici\u00f3n. Responderemos lo antes posible dentro de nuestro horario de tienda.<\/p>\n<p>[\/et_pb_text][\/et_pb_column][\/et_pb_row][et_pb_row column_structure=\u00bb1_4,1_4,1_4,1_4&#8243; use_custom_gutter=\u00bbon\u00bb gutter_width=\u00bb2&#8243; make_equal=\u00bbon\u00bb _builder_version=\u00bb4.16&#8243; _module_preset=\u00bbdefault\u00bb global_colors_info=\u00bb{}\u00bb][et_pb_column type=\u00bb1_4&#8243; _builder_version=\u00bb4.16&#8243; _module_preset=\u00bbdefault\u00bb background_color=\u00bb#ffffff\u00bb custom_padding=\u00bb40px|20px|40px|20px|true|true\u00bb custom_padding_tablet=\u00bb||||true|true\u00bb custom_padding_phone=\u00bb||||true|false\u00bb custom_padding_last_edited=\u00bboff|phone\u00bb box_shadow_style=\u00bbpreset3&#8243; box_shadow_color=\u00bbrgba(0,0,0,0)\u00bb global_colors_info=\u00bb{}\u00bb box_shadow_vertical__hover_enabled=\u00bbon|hover\u00bb box_shadow_blur__hover_enabled=\u00bbon|hover\u00bb box_shadow_spread__hover_enabled=\u00bbon|hover\u00bb box_shadow_color__hover_enabled=\u00bbon|hover\u00bb box_shadow_vertical__hover=\u00bb40px\u00bb box_shadow_blur__hover=\u00bb60px\u00bb box_shadow_color__hover=\u00bbrgba(0,0,0,0.3)\u00bb box_shadow_spread__hover=\u00bb-10px\u00bb][et_pb_blurb title=\u00bbCorreo Electr\u00f3nico\u00bb use_icon=\u00bbon\u00bb font_icon=\u00bb&#xe010;||divi||400&#8243; icon_color=\u00bbgcid-2f5ea071-3b11-4ba0-919d-3d95d908436a\u00bb image_icon_width=\u00bb32px\u00bb _builder_version=\u00bb4.19.4&#8243; _module_preset=\u00bbd0a2ee49-04c5-451f-9e4b-6fcdca760ad0&#8243; header_font=\u00bbKarla|700||on|||||\u00bb header_text_color=\u00bbrgba(33,45,80,0.41)\u00bb header_font_size=\u00bb12px\u00bb header_letter_spacing=\u00bb1px\u00bb header_line_height=\u00bb1.4em\u00bb body_font=\u00bbPoppins|500|||||||\u00bb body_text_color=\u00bb#000000&#8243; body_font_size=\u00bb12px\u00bb body_line_height=\u00bb1.5em\u00bb body_link_text_color=\u00bb#000000&#8243; text_orientation=\u00bbcenter\u00bb animation=\u00bboff\u00bb link_option_url=\u00bb#\u00bb icon_font_size=\u00bb32px\u00bb global_colors_info=\u00bb{%22gcid-2f5ea071-3b11-4ba0-919d-3d95d908436a%22:%91%22icon_color%22%93}\u00bb body_link_text_color__hover=\u00bb#F95F00&#8243; body_link_text_color__hover_enabled=\u00bbon|desktop\u00bb]<\/p>\n<p><a href=\"mailto:optica@opticaperezulloa.com\">optica@opticaperezulloa.com<\/a><\/p>\n<p>[\/et_pb_blurb][\/et_pb_column][et_pb_column type=\u00bb1_4&#8243; _builder_version=\u00bb4.16&#8243; _module_preset=\u00bbdefault\u00bb background_color=\u00bb#ffffff\u00bb custom_padding=\u00bb40px|20px|40px|20px|true|true\u00bb box_shadow_style=\u00bbpreset3&#8243; box_shadow_color=\u00bbrgba(0,0,0,0)\u00bb global_colors_info=\u00bb{}\u00bb box_shadow_vertical__hover=\u00bb40px\u00bb box_shadow_vertical__hover_enabled=\u00bbon|hover\u00bb box_shadow_blur__hover=\u00bb60px\u00bb box_shadow_blur__hover_enabled=\u00bbon|hover\u00bb box_shadow_spread__hover=\u00bb-10px\u00bb box_shadow_spread__hover_enabled=\u00bbon|hover\u00bb box_shadow_color__hover=\u00bbrgba(0,0,0,0.3)\u00bb box_shadow_color__hover_enabled=\u00bbon|hover\u00bb][et_pb_blurb title=\u00bbLlamar\u00bb use_icon=\u00bbon\u00bb font_icon=\u00bb&#xe00b;||divi||400&#8243; icon_color=\u00bbgcid-2f5ea071-3b11-4ba0-919d-3d95d908436a\u00bb image_icon_width=\u00bb32px\u00bb _builder_version=\u00bb4.19.4&#8243; _module_preset=\u00bbd0a2ee49-04c5-451f-9e4b-6fcdca760ad0&#8243; header_font=\u00bbKarla|700||on|||||\u00bb header_text_color=\u00bbrgba(33,45,80,0.41)\u00bb header_font_size=\u00bb12px\u00bb header_letter_spacing=\u00bb1px\u00bb header_line_height=\u00bb1.4em\u00bb body_font=\u00bbPoppins|500|||||||\u00bb body_text_color=\u00bb#000000&#8243; body_font_size=\u00bb12px\u00bb body_line_height=\u00bb1.5em\u00bb body_link_text_color=\u00bb#000000&#8243; text_orientation=\u00bbcenter\u00bb animation=\u00bboff\u00bb link_option_url=\u00bb#\u00bb icon_font_size=\u00bb32px\u00bb locked=\u00bboff\u00bb global_colors_info=\u00bb{%22gcid-2f5ea071-3b11-4ba0-919d-3d95d908436a%22:%91%22icon_color%22%93}\u00bb body_link_text_color__hover=\u00bb#F95F00&#8243; body_link_text_color__hover_enabled=\u00bbon|desktop\u00bb]<\/p>\n<p><a href=\"tel:91%20525 00 60\">91 525 00 60<\/a><\/p>\n<p>[\/et_pb_blurb][\/et_pb_column][et_pb_column type=\u00bb1_4&#8243; _builder_version=\u00bb4.16&#8243; _module_preset=\u00bbdefault\u00bb background_color=\u00bb#ffffff\u00bb custom_padding=\u00bb40px|20px|40px|20px|true|true\u00bb box_shadow_style=\u00bbpreset3&#8243; box_shadow_color=\u00bbrgba(0,0,0,0)\u00bb global_colors_info=\u00bb{}\u00bb box_shadow_color__hover=\u00bbrgba(0,0,0,0.3)\u00bb box_shadow_color__hover_enabled=\u00bbon|hover\u00bb box_shadow_vertical__hover=\u00bb40px\u00bb box_shadow_vertical__hover_enabled=\u00bbon|hover\u00bb box_shadow_blur__hover=\u00bb60px\u00bb box_shadow_blur__hover_enabled=\u00bbon|hover\u00bb box_shadow_spread__hover=\u00bb-10px\u00bb box_shadow_spread__hover_enabled=\u00bbon|hover\u00bb][et_pb_blurb title=\u00bbDirecci\u00f3n\u00bb use_icon=\u00bbon\u00bb font_icon=\u00bb&#xe01d;||divi||400&#8243; icon_color=\u00bbgcid-2f5ea071-3b11-4ba0-919d-3d95d908436a\u00bb image_icon_width=\u00bb32px\u00bb _builder_version=\u00bb4.19.4&#8243; _module_preset=\u00bbd0a2ee49-04c5-451f-9e4b-6fcdca760ad0&#8243; header_font=\u00bbKarla|700||on|||||\u00bb header_text_color=\u00bbrgba(33,45,80,0.41)\u00bb header_font_size=\u00bb12px\u00bb header_letter_spacing=\u00bb1px\u00bb header_line_height=\u00bb1.4em\u00bb body_font=\u00bbPoppins|500|||||||\u00bb body_text_color=\u00bb#000000&#8243; body_font_size=\u00bb12px\u00bb body_line_height=\u00bb1.5em\u00bb body_link_text_color=\u00bb#000000&#8243; text_orientation=\u00bbcenter\u00bb animation=\u00bboff\u00bb link_option_url=\u00bb#\u00bb icon_font_size=\u00bb32px\u00bb locked=\u00bboff\u00bb global_colors_info=\u00bb{%22gcid-2f5ea071-3b11-4ba0-919d-3d95d908436a%22:%91%22icon_color%22%93}\u00bb body_link_text_color__hover=\u00bb#F95F00&#8243; body_link_text_color__hover_enabled=\u00bbon|desktop\u00bb]<\/p>\n<p style=\"text-align: center;\">Calle General Ricardos 165 &#8211; 28025 Madrid<\/p>\n<p>[\/et_pb_blurb][\/et_pb_column][et_pb_column type=\u00bb1_4&#8243; _builder_version=\u00bb4.16&#8243; _module_preset=\u00bbdefault\u00bb background_color=\u00bb#ffffff\u00bb custom_padding=\u00bb40px|20px|40px|20px|true|true\u00bb box_shadow_style=\u00bbpreset3&#8243; box_shadow_color=\u00bbrgba(0,0,0,0)\u00bb global_colors_info=\u00bb{}\u00bb box_shadow_vertical__hover=\u00bb40px\u00bb box_shadow_vertical__hover_enabled=\u00bbon|hover\u00bb box_shadow_blur__hover=\u00bb60px\u00bb box_shadow_blur__hover_enabled=\u00bbon|hover\u00bb box_shadow_spread__hover=\u00bb-10px\u00bb box_shadow_spread__hover_enabled=\u00bbon|hover\u00bb box_shadow_color__hover=\u00bbrgba(0,0,0,0.3)\u00bb box_shadow_color__hover_enabled=\u00bbon|hover\u00bb][et_pb_blurb title=\u00bbHorario\u00bb use_icon=\u00bbon\u00bb font_icon=\u00bb&#x7d;||divi||400&#8243; icon_color=\u00bbgcid-2f5ea071-3b11-4ba0-919d-3d95d908436a\u00bb image_icon_width=\u00bb32px\u00bb _builder_version=\u00bb4.19.4&#8243; _module_preset=\u00bbd0a2ee49-04c5-451f-9e4b-6fcdca760ad0&#8243; header_font=\u00bbKarla|700||on|||||\u00bb header_text_color=\u00bbrgba(33,45,80,0.41)\u00bb header_font_size=\u00bb12px\u00bb header_letter_spacing=\u00bb1px\u00bb header_line_height=\u00bb1.4em\u00bb body_font=\u00bbPoppins|500|||||||\u00bb body_text_color=\u00bb#000000&#8243; body_font_size=\u00bb12px\u00bb body_line_height=\u00bb1.5em\u00bb body_link_text_color=\u00bb#000000&#8243; text_orientation=\u00bbcenter\u00bb animation=\u00bboff\u00bb link_option_url=\u00bb#\u00bb icon_font_size=\u00bb32px\u00bb locked=\u00bboff\u00bb global_colors_info=\u00bb{%22gcid-2f5ea071-3b11-4ba0-919d-3d95d908436a%22:%91%22icon_color%22%93}\u00bb body_link_text_color__hover=\u00bb#F95F00&#8243; body_link_text_color__hover_enabled=\u00bbon|desktop\u00bb]<\/p>\n<p>Ma\u00f1anas de L-S de 9:30 a 13:30 Tardes de L-V de 17:00 a 20:30<\/p>\n<p>[\/et_pb_blurb][\/et_pb_column][\/et_pb_row][\/et_pb_section][et_pb_section fb_built=\u00bb1&#8243; admin_label=\u00bbContact\u00bb _builder_version=\u00bb4.19.4&#8243; _module_preset=\u00bbdefault\u00bb use_background_color_gradient=\u00bbon\u00bb background_color_gradient_stops=\u00bbgcid-2f5ea071-3b11-4ba0-919d-3d95d908436a 2%|gcid-2cbc4409-0f78-4f35-8bfc-7d018b60d8ad 100%\u00bb global_colors_info=\u00bb{%22gcid-2f5ea071-3b11-4ba0-919d-3d95d908436a%22:%91%22background_color_gradient_stops%22%93,%22gcid-2cbc4409-0f78-4f35-8bfc-7d018b60d8ad%22:%91%22background_color_gradient_stops%22%93}\u00bb][et_pb_row column_structure=\u00bb1_2,1_2&#8243; _builder_version=\u00bb4.16&#8243; _module_preset=\u00bbdefault\u00bb global_colors_info=\u00bb{}\u00bb][et_pb_column type=\u00bb1_2&#8243; _builder_version=\u00bb4.16&#8243; _module_preset=\u00bbdefault\u00bb global_colors_info=\u00bb{}\u00bb][et_pb_contact_form use_spam_service=\u00bbon\u00bb recaptcha_list=\u00bb\u00d3ptica P\u00e9rez Ulloa|\u00d3ptica P\u00e9rez Ulloa-0&#8243; email=\u00bboptica@opticaperezulloa.com\u00bb custom_message=\u00bbUn cliente solicita informaci\u00f3n sobre vuestros servicios. A continuaci\u00f3n, se informa sobre los detalles solicitados: ||et_pb_line_break_holder||||et_pb_line_break_holder||Nombre: %%Name%%||et_pb_line_break_holder||Tel\u00e9fono de contacto: %%tel%%||et_pb_line_break_holder||Correo Electr\u00f3nico: %%Email%%||et_pb_line_break_holder||Servicio elegido: %%Servicio%%||et_pb_line_break_holder||Mensaje: %%Message%%||et_pb_line_break_holder||Ley de protecci\u00f3n de datos aceptada\u00bb success_message=\u00bbGRACIAS. TU MENSAJE SE HA ENVIADO CORRECTAMENTE\u00bb submit_button_text=\u00bbEnviar\u00bb module_id=\u00bbet_pb_contact_form_0&#8243; _builder_version=\u00bb4.20.0&#8243; _unique_id=\u00bb3171c635-6a98-4e5f-8830-5c17efae6aa9&#8243; title_font=\u00bb||||||||\u00bb captcha_text_color=\u00bb#ffffff\u00bb form_field_font=\u00bb||||||||\u00bb form_field_font_size=\u00bb14px\u00bb form_field_line_height=\u00bb1.8em\u00bb custom_button=\u00bbon\u00bb button_text_size=\u00bb14px\u00bb button_text_color=\u00bb#ffffff\u00bb button_border_width=\u00bb4px\u00bb button_border_radius=\u00bb0px\u00bb button_letter_spacing=\u00bb4px\u00bb button_font=\u00bbPoppins|700||on|||||\u00bb button_icon=\u00bb&#x24;||divi||400&#8243; custom_margin=\u00bb22px||22px||true|\u00bb custom_margin_last_edited=\u00bboff|desktop\u00bb form_background_color=\u00bb#ffffff\u00bb locked=\u00bboff\u00bb global_colors_info=\u00bb{}\u00bb form_field_text_color__hover_enabled=\u00bbon|hover\u00bb][et_pb_contact_field field_id=\u00bbName\u00bb field_title=\u00bbNombre\u00bb _builder_version=\u00bb4.16&#8243; global_colors_info=\u00bb{}\u00bb button_text_size__hover_enabled=\u00bboff\u00bb button_one_text_size__hover_enabled=\u00bboff\u00bb button_two_text_size__hover_enabled=\u00bboff\u00bb button_text_color__hover_enabled=\u00bboff\u00bb button_one_text_color__hover_enabled=\u00bboff\u00bb button_two_text_color__hover_enabled=\u00bboff\u00bb button_border_width__hover_enabled=\u00bboff\u00bb button_one_border_width__hover_enabled=\u00bboff\u00bb button_two_border_width__hover_enabled=\u00bboff\u00bb button_border_color__hover_enabled=\u00bboff\u00bb button_one_border_color__hover_enabled=\u00bboff\u00bb button_two_border_color__hover_enabled=\u00bboff\u00bb button_border_radius__hover_enabled=\u00bboff\u00bb button_one_border_radius__hover_enabled=\u00bboff\u00bb button_two_border_radius__hover_enabled=\u00bboff\u00bb button_letter_spacing__hover_enabled=\u00bboff\u00bb button_one_letter_spacing__hover_enabled=\u00bboff\u00bb button_two_letter_spacing__hover_enabled=\u00bboff\u00bb button_bg_color__hover_enabled=\u00bboff\u00bb button_one_bg_color__hover_enabled=\u00bboff\u00bb button_two_bg_color__hover_enabled=\u00bboff\u00bb][\/et_pb_contact_field][et_pb_contact_field field_id=\u00bbtel\u00bb field_title=\u00bbTel\u00e9fono\u00bb allowed_symbols=\u00bbnumbers\u00bb _builder_version=\u00bb4.16&#8243; global_colors_info=\u00bb{}\u00bb button_text_size__hover_enabled=\u00bboff\u00bb button_one_text_size__hover_enabled=\u00bboff\u00bb button_two_text_size__hover_enabled=\u00bboff\u00bb button_text_color__hover_enabled=\u00bboff\u00bb button_one_text_color__hover_enabled=\u00bboff\u00bb button_two_text_color__hover_enabled=\u00bboff\u00bb button_border_width__hover_enabled=\u00bboff\u00bb button_one_border_width__hover_enabled=\u00bboff\u00bb button_two_border_width__hover_enabled=\u00bboff\u00bb button_border_color__hover_enabled=\u00bboff\u00bb button_one_border_color__hover_enabled=\u00bboff\u00bb button_two_border_color__hover_enabled=\u00bboff\u00bb button_border_radius__hover_enabled=\u00bboff\u00bb button_one_border_radius__hover_enabled=\u00bboff\u00bb button_two_border_radius__hover_enabled=\u00bboff\u00bb button_letter_spacing__hover_enabled=\u00bboff\u00bb button_one_letter_spacing__hover_enabled=\u00bboff\u00bb button_two_letter_spacing__hover_enabled=\u00bboff\u00bb button_bg_color__hover_enabled=\u00bboff\u00bb button_one_bg_color__hover_enabled=\u00bboff\u00bb button_two_bg_color__hover_enabled=\u00bboff\u00bb][\/et_pb_contact_field][et_pb_contact_field field_id=\u00bbEmail\u00bb field_title=\u00bbCorreo Electr\u00f3nico\u00bb field_type=\u00bbemail\u00bb _builder_version=\u00bb4.16&#8243; global_colors_info=\u00bb{}\u00bb button_text_size__hover_enabled=\u00bboff\u00bb button_one_text_size__hover_enabled=\u00bboff\u00bb button_two_text_size__hover_enabled=\u00bboff\u00bb button_text_color__hover_enabled=\u00bboff\u00bb button_one_text_color__hover_enabled=\u00bboff\u00bb button_two_text_color__hover_enabled=\u00bboff\u00bb button_border_width__hover_enabled=\u00bboff\u00bb button_one_border_width__hover_enabled=\u00bboff\u00bb button_two_border_width__hover_enabled=\u00bboff\u00bb button_border_color__hover_enabled=\u00bboff\u00bb button_one_border_color__hover_enabled=\u00bboff\u00bb button_two_border_color__hover_enabled=\u00bboff\u00bb button_border_radius__hover_enabled=\u00bboff\u00bb button_one_border_radius__hover_enabled=\u00bboff\u00bb button_two_border_radius__hover_enabled=\u00bboff\u00bb button_letter_spacing__hover_enabled=\u00bboff\u00bb button_one_letter_spacing__hover_enabled=\u00bboff\u00bb button_two_letter_spacing__hover_enabled=\u00bboff\u00bb button_bg_color__hover_enabled=\u00bboff\u00bb button_one_bg_color__hover_enabled=\u00bboff\u00bb button_two_bg_color__hover_enabled=\u00bboff\u00bb][\/et_pb_contact_field][et_pb_contact_field field_id=\u00bbServicio\u00bb field_title=\u00bbElige Servicio\u00bb field_type=\u00bbselect\u00bb select_options=\u00bb%91{%22value%22:%22Servicios \u00f3pticos%22,%22checked%22:0,%22dragID%22:-1},{%22value%22:%22Servicios auditivos%22,%22checked%22:0,%22dragID%22:0},{%22value%22:%22Servicios baja visi\u00f3n%22,%22checked%22:0,%22dragID%22:1}%93&#8243; required_mark=\u00bboff\u00bb _builder_version=\u00bb4.19.4&#8243; _module_preset=\u00bbdefault\u00bb global_colors_info=\u00bb{}\u00bb][\/et_pb_contact_field][et_pb_contact_field field_id=\u00bbMessage\u00bb field_title=\u00bbMensaje\u00bb field_type=\u00bbtext\u00bb fullwidth_field=\u00bbon\u00bb _builder_version=\u00bb4.16&#8243; global_colors_info=\u00bb{}\u00bb button_text_size__hover_enabled=\u00bboff\u00bb button_one_text_size__hover_enabled=\u00bboff\u00bb button_two_text_size__hover_enabled=\u00bboff\u00bb button_text_color__hover_enabled=\u00bboff\u00bb button_one_text_color__hover_enabled=\u00bboff\u00bb button_two_text_color__hover_enabled=\u00bboff\u00bb button_border_width__hover_enabled=\u00bboff\u00bb button_one_border_width__hover_enabled=\u00bboff\u00bb button_two_border_width__hover_enabled=\u00bboff\u00bb button_border_color__hover_enabled=\u00bboff\u00bb button_one_border_color__hover_enabled=\u00bboff\u00bb button_two_border_color__hover_enabled=\u00bboff\u00bb button_border_radius__hover_enabled=\u00bboff\u00bb button_one_border_radius__hover_enabled=\u00bboff\u00bb button_two_border_radius__hover_enabled=\u00bboff\u00bb button_letter_spacing__hover_enabled=\u00bboff\u00bb button_one_letter_spacing__hover_enabled=\u00bboff\u00bb button_two_letter_spacing__hover_enabled=\u00bboff\u00bb button_bg_color__hover_enabled=\u00bboff\u00bb button_one_bg_color__hover_enabled=\u00bboff\u00bb button_two_bg_color__hover_enabled=\u00bboff\u00bb][\/et_pb_contact_field][et_pb_contact_field field_id=\u00bbrgpd\u00bb field_title=\u00bb \u00bb field_type=\u00bbcheckbox\u00bb checkbox_options=\u00bb%91{%22value%22:%22He le\u00eddo y acepto la pol\u00edtica de privacidad%22,%22checked%22:0,%22dragID%22:-1,%22link_url%22:%22https:\/\/opticaperezulloa.com\/politica-de-privacidad\/%22}%93&#8243; fullwidth_field=\u00bbon\u00bb _builder_version=\u00bb4.20.0&#8243; _module_preset=\u00bbdefault\u00bb form_field_background_color=\u00bb#FFFFFF\u00bb form_field_text_color=\u00bb#000000&#8243; form_field_focus_background_color=\u00bb#00BAFF\u00bb form_field_focus_text_color=\u00bb#FA7800&#8243; form_field_font_size=\u00bb14px\u00bb link_option_url=\u00bbhttps:\/\/opticaperezulloa.com\/aviso-legal\/\u00bb global_colors_info=\u00bb{}\u00bb field_title__hover_enabled=\u00bbon|hover\u00bb field_title__hover=\u00bb \u00bb form_field_background_color__hover_enabled=\u00bbon|desktop\u00bb form_field_background_color__hover=\u00bb#00baff\u00bb][\/et_pb_contact_field][\/et_pb_contact_form][\/et_pb_column][et_pb_column type=\u00bb1_2&#8243; _builder_version=\u00bb4.16&#8243; _module_preset=\u00bbdefault\u00bb global_colors_info=\u00bb{}\u00bb][et_pb_text _builder_version=\u00bb4.19.4&#8243; _module_preset=\u00bba191ee2c-20bb-4e7e-be17-1f5a489e9cf7&#8243; header_2_font=\u00bbMerriweather|600|||||||\u00bb header_2_text_color=\u00bb#FFFFFF\u00bb header_2_font_size=\u00bb42px\u00bb header_2_line_height=\u00bb1.2em\u00bb header_2_font_size_tablet=\u00bb26px\u00bb header_2_font_size_phone=\u00bb18px\u00bb header_2_font_size_last_edited=\u00bbon|phone\u00bb locked=\u00bboff\u00bb global_colors_info=\u00bb{}\u00bb]<\/p>\n<h2>Doctora Elena P\u00e9rez Robledo<\/h2>\n<p>[\/et_pb_text][et_pb_text _builder_version=\u00bb4.19.4&#8243; _module_preset=\u00bb17773371-64ed-4b6c-8bcc-1c3e055be524&#8243; header_4_font=\u00bbKarla|700||on|||||\u00bb header_4_text_color=\u00bb#30aabc\u00bb header_4_font_size=\u00bb12px\u00bb header_4_letter_spacing=\u00bb1px\u00bb header_4_line_height=\u00bb1.4em\u00bb custom_margin=\u00bb||0px||false|false\u00bb locked=\u00bboff\u00bb global_colors_info=\u00bb{}\u00bb]<\/p>\n<p>\u00d3PTICA OPTOMETRISTA COLEGIADA N\u00ba 10031. TECNICA SUPERIOR EN AUDIOPROTESIS<\/p>\n<p>[\/et_pb_text][\/et_pb_column][\/et_pb_row][\/et_pb_section][et_pb_section fb_built=\u00bb1&#8243; admin_label=\u00bbGallery\u00bb _builder_version=\u00bb4.16&#8243; _module_preset=\u00bbdefault\u00bb use_background_color_gradient=\u00bbon\u00bb background_color_gradient_stops=\u00bb#EBF4FA 24%|rgba(255,255,255,0) 24%\u00bb background_color_gradient_start=\u00bb#EBF4FA\u00bb background_color_gradient_start_position=\u00bb24%\u00bb background_color_gradient_end=\u00bbrgba(255,255,255,0)\u00bb background_color_gradient_end_position=\u00bb0%\u00bb overflow-x=\u00bbhidden\u00bb overflow-y=\u00bbhidden\u00bb background_last_edited=\u00bbon|tablet\u00bb background_color_gradient_stops_tablet=\u00bb#EBF4FA 15%|rgba(255,255,255,0) 15%\u00bb background_color_gradient_start_position_tablet=\u00bb15%\u00bb background_color_gradient_end_position_tablet=\u00bb15%\u00bb locked=\u00bboff\u00bb global_colors_info=\u00bb{}\u00bb][et_pb_row column_structure=\u00bb1_2,1_2&#8243; use_custom_gutter=\u00bbon\u00bb gutter_width=\u00bb2&#8243; make_equal=\u00bbon\u00bb _builder_version=\u00bb4.19.4&#8243; _module_preset=\u00bbdefault\u00bb custom_padding=\u00bb0px||0px||true|false\u00bb box_shadow_style=\u00bbpreset4&#8243; box_shadow_horizontal=\u00bb-30vw\u00bb box_shadow_vertical=\u00bb0px\u00bb box_shadow_color=\u00bb#174d4d\u00bb box_shadow_horizontal_tablet=\u00bb0vw\u00bb box_shadow_horizontal_phone=\u00bb\u00bb box_shadow_horizontal_last_edited=\u00bbon|tablet\u00bb global_colors_info=\u00bb{%22gcid-7181c133-8cfd-48f1-8982-9e99040511ad%22:%91%93}\u00bb][et_pb_column type=\u00bb1_2&#8243; _builder_version=\u00bb4.19.4&#8243; _module_preset=\u00bbdefault\u00bb background_color=\u00bbgcid-2f5ea071-3b11-4ba0-919d-3d95d908436a\u00bb custom_padding=\u00bb100px|48px|100px|48px|true|true\u00bb custom_padding_tablet=\u00bb40px|30px|40px|30px|true|true\u00bb custom_padding_phone=\u00bb|20px||20px|true|true\u00bb custom_padding_last_edited=\u00bbon|tablet\u00bb global_colors_info=\u00bb{%22gcid-2f5ea071-3b11-4ba0-919d-3d95d908436a%22:%91%22background_color%22%93}\u00bb][et_pb_text _builder_version=\u00bb4.19.4&#8243; _module_preset=\u00bb17773371-64ed-4b6c-8bcc-1c3e055be524&#8243; header_font=\u00bbMerriweather||||||||\u00bb header_4_font=\u00bbKarla|700||on|||||\u00bb header_4_text_color=\u00bbgcid-c8f4f0fb-2c87-485e-91ca-1be07316c768&#8243; header_4_font_size=\u00bb12px\u00bb header_4_letter_spacing=\u00bb1px\u00bb header_4_line_height=\u00bb1.4em\u00bb custom_margin=\u00bb||0px||false|false\u00bb locked=\u00bboff\u00bb global_colors_info=\u00bb{%22gcid-c8f4f0fb-2c87-485e-91ca-1be07316c768%22:%91%93}\u00bb]<\/p>\n<h4><span style=\"color: #ffffff;\">OPTICA Y AUDIOLOG\u00cdA<\/span><\/h4>\n<p>[\/et_pb_text][et_pb_text _builder_version=\u00bb4.19.4&#8243; _module_preset=\u00bba191ee2c-20bb-4e7e-be17-1f5a489e9cf7&#8243; header_font=\u00bbMerriweather||||||||\u00bb header_2_font=\u00bbMerriweather|600|||||||\u00bb header_2_text_color=\u00bb#FFFFFF\u00bb header_2_font_size=\u00bb42px\u00bb header_2_line_height=\u00bb1.2em\u00bb header_2_font_size_tablet=\u00bb26px\u00bb header_2_font_size_phone=\u00bb18px\u00bb header_2_font_size_last_edited=\u00bbon|phone\u00bb locked=\u00bboff\u00bb global_colors_info=\u00bb{}\u00bb]<\/p>\n<h2>Somos expertos en salud visual y auditiva<\/h2>\n<p>[\/et_pb_text][\/et_pb_column][et_pb_column type=\u00bb1_2&#8243; _builder_version=\u00bb4.16&#8243; _module_preset=\u00bbdefault\u00bb custom_padding=\u00bb0px||||false|false\u00bb global_colors_info=\u00bb{}\u00bb][et_pb_image src=\u00bbhttps:\/\/opticaperezulloa.com\/wp-content\/uploads\/2023\/02\/optometrista.jpg\u00bb title_text=\u00bboptometrista\u00bb _builder_version=\u00bb4.19.4&#8243; _module_preset=\u00bbdefault\u00bb positioning=\u00bbabsolute\u00bb position_origin_a=\u00bbbottom_left\u00bb vertical_offset=\u00bb-80px\u00bb vertical_offset_tablet=\u00bb0px\u00bb vertical_offset_phone=\u00bb\u00bb vertical_offset_last_edited=\u00bbon|tablet\u00bb position_origin_a_tablet=\u00bb\u00bb position_origin_a_phone=\u00bb\u00bb position_origin_a_last_edited=\u00bbon|tablet\u00bb position_origin_f_tablet=\u00bb\u00bb position_origin_f_phone=\u00bb\u00bb position_origin_f_last_edited=\u00bbon|tablet\u00bb position_origin_r_tablet=\u00bb\u00bb position_origin_r_phone=\u00bb\u00bb position_origin_r_last_edited=\u00bbon|desktop\u00bb width=\u00bb73%\u00bb custom_margin=\u00bb||0px||false|false\u00bb positioning_tablet=\u00bbrelative\u00bb positioning_phone=\u00bb\u00bb positioning_last_edited=\u00bbon|tablet\u00bb global_colors_info=\u00bb{}\u00bb][\/et_pb_image][et_pb_image src=\u00bbhttps:\/\/opticaperezulloa.com\/wp-content\/uploads\/2023\/02\/Fachada-Optica-Perez-Ulloa.jpg\u00bb title_text=\u00bbFachada Optica Perez Ulloa\u00bb _builder_version=\u00bb4.19.4&#8243; _module_preset=\u00bbdefault\u00bb positioning=\u00bbabsolute\u00bb position_origin_a=\u00bbbottom_right\u00bb vertical_offset=\u00bb-80px\u00bb vertical_offset_tablet=\u00bb0px\u00bb vertical_offset_phone=\u00bb\u00bb vertical_offset_last_edited=\u00bbon|tablet\u00bb position_origin_a_tablet=\u00bbtop_right\u00bb position_origin_a_phone=\u00bb\u00bb position_origin_a_last_edited=\u00bbon|tablet\u00bb position_origin_f_tablet=\u00bb\u00bb position_origin_f_phone=\u00bb\u00bb position_origin_f_last_edited=\u00bbon|tablet\u00bb position_origin_r_tablet=\u00bb\u00bb position_origin_r_phone=\u00bb\u00bb position_origin_r_last_edited=\u00bbon|tablet\u00bb width=\u00bb21%\u00bb positioning_tablet=\u00bb\u00bb positioning_phone=\u00bb\u00bb positioning_last_edited=\u00bbon|tablet\u00bb locked=\u00bboff\u00bb global_colors_info=\u00bb{}\u00bb][\/et_pb_image][\/et_pb_column][\/et_pb_row][et_pb_row column_structure=\u00bb1_2,1_2&#8243; use_custom_gutter=\u00bbon\u00bb gutter_width=\u00bb2&#8243; make_equal=\u00bbon\u00bb _builder_version=\u00bb4.16&#8243; _module_preset=\u00bbdefault\u00bb global_colors_info=\u00bb{}\u00bb][et_pb_column type=\u00bb1_2&#8243; _builder_version=\u00bb4.16&#8243; _module_preset=\u00bbdefault\u00bb global_colors_info=\u00bb{}\u00bb][et_pb_image src=\u00bbhttps:\/\/opticaperezulloa.com\/wp-content\/uploads\/2023\/02\/Fachada-frente-optica-perez-ulloa.jpg\u00bb title_text=\u00bbFachada frente optica perez ulloa\u00bb _builder_version=\u00bb4.19.4&#8243; _module_preset=\u00bbdefault\u00bb custom_margin=\u00bb||0px||false|false\u00bb locked=\u00bboff\u00bb global_colors_info=\u00bb{}\u00bb][\/et_pb_image][et_pb_image src=\u00bbhttps:\/\/opticaperezulloa.com\/wp-content\/uploads\/2023\/01\/sunglasseshop-39.jpg\u00bb title_text=\u00bbsunglasseshop-39&#8243; _builder_version=\u00bb4.16&#8243; _module_preset=\u00bbdefault\u00bb transform_translate=\u00bb-100%|0px\u00bb transform_translate_linked=\u00bboff\u00bb positioning=\u00bbabsolute\u00bb position_origin_a=\u00bbbottom_left\u00bb horizontal_offset=\u00bb-6%\u00bb width=\u00bb20%\u00bb locked=\u00bboff\u00bb global_colors_info=\u00bb{}\u00bb][\/et_pb_image][\/et_pb_column][et_pb_column type=\u00bb1_2&#8243; _builder_version=\u00bb4.16&#8243; _module_preset=\u00bbdefault\u00bb custom_padding=\u00bb82px||||false|false\u00bb custom_padding_tablet=\u00bb0px||||false|false\u00bb custom_padding_phone=\u00bb\u00bb custom_padding_last_edited=\u00bbon|tablet\u00bb global_colors_info=\u00bb{}\u00bb][et_pb_image src=\u00bbhttps:\/\/opticaperezulloa.com\/wp-content\/uploads\/2023\/02\/Gabienete-optica-perez-ulloa.jpg\u00bb title_text=\u00bbGabienete optica perez ulloa\u00bb _builder_version=\u00bb4.19.4&#8243; _module_preset=\u00bbdefault\u00bb positioning=\u00bbabsolute\u00bb vertical_offset=\u00bb82px\u00bb vertical_offset_tablet=\u00bb0px\u00bb vertical_offset_phone=\u00bb\u00bb vertical_offset_last_edited=\u00bbon|tablet\u00bb width=\u00bb40%\u00bb locked=\u00bboff\u00bb global_colors_info=\u00bb{}\u00bb][\/et_pb_image][et_pb_image src=\u00bbhttps:\/\/opticaperezulloa.com\/wp-content\/uploads\/2023\/02\/gabinete-optica-perez-ulloa.jpg\u00bb title_text=\u00bbgabinete optica perez ulloa\u00bb align=\u00bbright\u00bb _builder_version=\u00bb4.19.4&#8243; _module_preset=\u00bbdefault\u00bb position_origin_a=\u00bbtop_right\u00bb vertical_offset=\u00bb82px\u00bb vertical_offset_tablet=\u00bb0px\u00bb vertical_offset_phone=\u00bb\u00bb vertical_offset_last_edited=\u00bbon|tablet\u00bb width=\u00bb54%\u00bb custom_margin=\u00bb||0px||false|false\u00bb locked=\u00bboff\u00bb global_colors_info=\u00bb{}\u00bb][\/et_pb_image][\/et_pb_column][\/et_pb_row][\/et_pb_section][et_pb_section fb_built=\u00bb1&#8243; theme_builder_area=\u00bbpost_content\u00bb _builder_version=\u00bb4.27.0&#8243; _module_preset=\u00bbdefault\u00bb][et_pb_row _builder_version=\u00bb4.27.0&#8243; _module_preset=\u00bbdefault\u00bb theme_builder_area=\u00bbpost_content\u00bb][et_pb_column _builder_version=\u00bb4.27.0&#8243; _module_preset=\u00bbdefault\u00bb type=\u00bb4_4&#8243; theme_builder_area=\u00bbpost_content\u00bb][et_pb_image src=\u00bbhttps:\/\/opticaperezulloa.com\/wp-content\/uploads\/2024\/03\/logos_proyecto_KIT-DIGITAL.png\u00bb _builder_version=\u00bb4.27.0&#8243; _module_preset=\u00bbdefault\u00bb theme_builder_area=\u00bbpost_content\u00bb title_text=\u00bblogos_proyecto_KIT-DIGITAL\u00bb align=\u00bbcenter\u00bb hover_enabled=\u00bb0&#8243; sticky_enabled=\u00bb0&#8243;][\/et_pb_image][\/et_pb_column][\/et_pb_row][\/et_pb_section]<\/p>\n","protected":false},"excerpt":{"rendered":"<p>CONTACTOPIDE TU CITAEstamos a tu disposici\u00f3n. Responderemos lo antes posible dentro de nuestro horario de tienda.optica@opticaperezulloa.com91 525 00 60Calle General Ricardos 165 &#8211; 28025 MadridMa\u00f1anas de L-S de 9:30 a 13:30 Tardes de L-V de 17:00 a 20:30Doctora Elena P\u00e9rez Robledo\u00d3PTICA OPTOMETRISTA COLEGIADA N\u00ba 10031. TECNICA SUPERIOR EN AUDIOPROTESISOPTICA Y AUDIOLOG\u00cdASomos expertos en salud visual [&hellip;]<\/p>\n","protected":false},"author":3,"featured_media":1359,"parent":0,"menu_order":0,"comment_status":"closed","ping_status":"closed","template":"","meta":{"_et_pb_use_builder":"on","_et_pb_old_content":"","_et_gb_content_width":"","footnotes":""},"class_list":["post-33","page","type-page","status-publish","has-post-thumbnail","hentry"],"yoast_head":"<!-- This site is optimized with the Yoast SEO plugin v26.7 - https:\/\/yoast.com\/wordpress\/plugins\/seo\/ -->\n<title>Contacto - \u00d3ptica P\u00e9rez Ulloa - 915 250 060<\/title>\n<meta name=\"description\" content=\"Contacto \u00d3ptica P\u00e9rez Ulloa. Te informamos de todo lo que necesites en relaci\u00f3n con la visi\u00f3n y oido. Pide cita y te atendemos.\" \/>\n<meta name=\"robots\" content=\"index, follow, max-snippet:-1, max-image-preview:large, max-video-preview:-1\" \/>\n<link rel=\"canonical\" href=\"https:\/\/opticaperezulloa.com\/?page_id=33\" \/>\n<meta property=\"og:locale\" content=\"es_ES\" \/>\n<meta property=\"og:type\" content=\"article\" \/>\n<meta property=\"og:title\" content=\"Contacto - \u00d3ptica P\u00e9rez Ulloa - 915 250 060\" \/>\n<meta property=\"og:description\" content=\"Contacto \u00d3ptica P\u00e9rez Ulloa. Te informamos de todo lo que necesites en relaci\u00f3n con la visi\u00f3n y oido. Pide cita y te atendemos.\" \/>\n<meta property=\"og:url\" content=\"https:\/\/opticaperezulloa.com\/?page_id=33\" \/>\n<meta property=\"og:site_name\" content=\"\u00d3ptica P\u00e9rez Ulloa\" \/>\n<meta property=\"article:modified_time\" content=\"2025-01-09T07:52:58+00:00\" \/>\n<meta property=\"og:image\" content=\"https:\/\/opticaperezulloa.com\/wp-content\/uploads\/2023\/02\/Fachada-frente-optica-perez-ulloa.jpg\" \/>\n\t<meta property=\"og:image:width\" content=\"510\" \/>\n\t<meta property=\"og:image:height\" content=\"620\" \/>\n\t<meta property=\"og:image:type\" content=\"image\/jpeg\" \/>\n<meta name=\"twitter:card\" content=\"summary_large_image\" \/>\n<meta name=\"twitter:label1\" content=\"Tiempo de lectura\" \/>\n\t<meta name=\"twitter:data1\" content=\"4 minutos\" \/>\n<script type=\"application\/ld+json\" class=\"yoast-schema-graph\">{\"@context\":\"https:\/\/schema.org\",\"@graph\":[{\"@type\":\"WebPage\",\"@id\":\"https:\/\/opticaperezulloa.com\/?page_id=33\",\"url\":\"https:\/\/opticaperezulloa.com\/?page_id=33\",\"name\":\"Contacto - \u00d3ptica P\u00e9rez Ulloa - 915 250 060\",\"isPartOf\":{\"@id\":\"https:\/\/opticaperezulloa.com\/#website\"},\"primaryImageOfPage\":{\"@id\":\"https:\/\/opticaperezulloa.com\/?page_id=33#primaryimage\"},\"image\":{\"@id\":\"https:\/\/opticaperezulloa.com\/?page_id=33#primaryimage\"},\"thumbnailUrl\":\"https:\/\/opticaperezulloa.com\/wp-content\/uploads\/2023\/02\/Fachada-frente-optica-perez-ulloa.jpg\",\"datePublished\":\"2023-01-20T12:34:29+00:00\",\"dateModified\":\"2025-01-09T07:52:58+00:00\",\"description\":\"Contacto \u00d3ptica P\u00e9rez Ulloa. Te informamos de todo lo que necesites en relaci\u00f3n con la visi\u00f3n y oido. Pide cita y te atendemos.\",\"breadcrumb\":{\"@id\":\"https:\/\/opticaperezulloa.com\/?page_id=33#breadcrumb\"},\"inLanguage\":\"es\",\"potentialAction\":[{\"@type\":\"ReadAction\",\"target\":[\"https:\/\/opticaperezulloa.com\/?page_id=33\"]}]},{\"@type\":\"ImageObject\",\"inLanguage\":\"es\",\"@id\":\"https:\/\/opticaperezulloa.com\/?page_id=33#primaryimage\",\"url\":\"https:\/\/opticaperezulloa.com\/wp-content\/uploads\/2023\/02\/Fachada-frente-optica-perez-ulloa.jpg\",\"contentUrl\":\"https:\/\/opticaperezulloa.com\/wp-content\/uploads\/2023\/02\/Fachada-frente-optica-perez-ulloa.jpg\",\"width\":510,\"height\":620,\"caption\":\"\u00d3ptica en Carabanchel\"},{\"@type\":\"BreadcrumbList\",\"@id\":\"https:\/\/opticaperezulloa.com\/?page_id=33#breadcrumb\",\"itemListElement\":[{\"@type\":\"ListItem\",\"position\":1,\"name\":\"Portada\",\"item\":\"https:\/\/opticaperezulloa.com\/\"},{\"@type\":\"ListItem\",\"position\":2,\"name\":\"Contacto\"}]},{\"@type\":\"WebSite\",\"@id\":\"https:\/\/opticaperezulloa.com\/#website\",\"url\":\"https:\/\/opticaperezulloa.com\/\",\"name\":\"\u00d3ptica P\u00e9rez Ulloa\",\"description\":\"\u00d3ptica y Aud\u00edfonos en Carabanchel | P\u00e9rez Ulloa | 915 250 060\",\"potentialAction\":[{\"@type\":\"SearchAction\",\"target\":{\"@type\":\"EntryPoint\",\"urlTemplate\":\"https:\/\/opticaperezulloa.com\/?s={search_term_string}\"},\"query-input\":{\"@type\":\"PropertyValueSpecification\",\"valueRequired\":true,\"valueName\":\"search_term_string\"}}],\"inLanguage\":\"es\"}]}<\/script>\n<!-- \/ Yoast SEO plugin. -->","yoast_head_json":{"title":"Contacto - \u00d3ptica P\u00e9rez Ulloa - 915 250 060","description":"Contacto \u00d3ptica P\u00e9rez Ulloa. Te informamos de todo lo que necesites en relaci\u00f3n con la visi\u00f3n y oido. Pide cita y te atendemos.","robots":{"index":"index","follow":"follow","max-snippet":"max-snippet:-1","max-image-preview":"max-image-preview:large","max-video-preview":"max-video-preview:-1"},"canonical":"https:\/\/opticaperezulloa.com\/?page_id=33","og_locale":"es_ES","og_type":"article","og_title":"Contacto - \u00d3ptica P\u00e9rez Ulloa - 915 250 060","og_description":"Contacto \u00d3ptica P\u00e9rez Ulloa. Te informamos de todo lo que necesites en relaci\u00f3n con la visi\u00f3n y oido. Pide cita y te atendemos.","og_url":"https:\/\/opticaperezulloa.com\/?page_id=33","og_site_name":"\u00d3ptica P\u00e9rez Ulloa","article_modified_time":"2025-01-09T07:52:58+00:00","og_image":[{"width":510,"height":620,"url":"https:\/\/opticaperezulloa.com\/wp-content\/uploads\/2023\/02\/Fachada-frente-optica-perez-ulloa.jpg","type":"image\/jpeg"}],"twitter_card":"summary_large_image","twitter_misc":{"Tiempo de lectura":"4 minutos"},"schema":{"@context":"https:\/\/schema.org","@graph":[{"@type":"WebPage","@id":"https:\/\/opticaperezulloa.com\/?page_id=33","url":"https:\/\/opticaperezulloa.com\/?page_id=33","name":"Contacto - \u00d3ptica P\u00e9rez Ulloa - 915 250 060","isPartOf":{"@id":"https:\/\/opticaperezulloa.com\/#website"},"primaryImageOfPage":{"@id":"https:\/\/opticaperezulloa.com\/?page_id=33#primaryimage"},"image":{"@id":"https:\/\/opticaperezulloa.com\/?page_id=33#primaryimage"},"thumbnailUrl":"https:\/\/opticaperezulloa.com\/wp-content\/uploads\/2023\/02\/Fachada-frente-optica-perez-ulloa.jpg","datePublished":"2023-01-20T12:34:29+00:00","dateModified":"2025-01-09T07:52:58+00:00","description":"Contacto \u00d3ptica P\u00e9rez Ulloa. Te informamos de todo lo que necesites en relaci\u00f3n con la visi\u00f3n y oido. Pide cita y te atendemos.","breadcrumb":{"@id":"https:\/\/opticaperezulloa.com\/?page_id=33#breadcrumb"},"inLanguage":"es","potentialAction":[{"@type":"ReadAction","target":["https:\/\/opticaperezulloa.com\/?page_id=33"]}]},{"@type":"ImageObject","inLanguage":"es","@id":"https:\/\/opticaperezulloa.com\/?page_id=33#primaryimage","url":"https:\/\/opticaperezulloa.com\/wp-content\/uploads\/2023\/02\/Fachada-frente-optica-perez-ulloa.jpg","contentUrl":"https:\/\/opticaperezulloa.com\/wp-content\/uploads\/2023\/02\/Fachada-frente-optica-perez-ulloa.jpg","width":510,"height":620,"caption":"\u00d3ptica en Carabanchel"},{"@type":"BreadcrumbList","@id":"https:\/\/opticaperezulloa.com\/?page_id=33#breadcrumb","itemListElement":[{"@type":"ListItem","position":1,"name":"Portada","item":"https:\/\/opticaperezulloa.com\/"},{"@type":"ListItem","position":2,"name":"Contacto"}]},{"@type":"WebSite","@id":"https:\/\/opticaperezulloa.com\/#website","url":"https:\/\/opticaperezulloa.com\/","name":"\u00d3ptica P\u00e9rez Ulloa","description":"\u00d3ptica y Aud\u00edfonos en Carabanchel | P\u00e9rez Ulloa | 915 250 060","potentialAction":[{"@type":"SearchAction","target":{"@type":"EntryPoint","urlTemplate":"https:\/\/opticaperezulloa.com\/?s={search_term_string}"},"query-input":{"@type":"PropertyValueSpecification","valueRequired":true,"valueName":"search_term_string"}}],"inLanguage":"es"}]}},"_links":{"self":[{"href":"https:\/\/opticaperezulloa.com\/index.php?rest_route=\/wp\/v2\/pages\/33","targetHints":{"allow":["GET"]}}],"collection":[{"href":"https:\/\/opticaperezulloa.com\/index.php?rest_route=\/wp\/v2\/pages"}],"about":[{"href":"https:\/\/opticaperezulloa.com\/index.php?rest_route=\/wp\/v2\/types\/page"}],"author":[{"embeddable":true,"href":"https:\/\/opticaperezulloa.com\/index.php?rest_route=\/wp\/v2\/users\/3"}],"replies":[{"embeddable":true,"href":"https:\/\/opticaperezulloa.com\/index.php?rest_route=%2Fwp%2Fv2%2Fcomments&post=33"}],"version-history":[{"count":21,"href":"https:\/\/opticaperezulloa.com\/index.php?rest_route=\/wp\/v2\/pages\/33\/revisions"}],"predecessor-version":[{"id":1602,"href":"https:\/\/opticaperezulloa.com\/index.php?rest_route=\/wp\/v2\/pages\/33\/revisions\/1602"}],"wp:featuredmedia":[{"embeddable":true,"href":"https:\/\/opticaperezulloa.com\/index.php?rest_route=\/wp\/v2\/media\/1359"}],"wp:attachment":[{"href":"https:\/\/opticaperezulloa.com\/index.php?rest_route=%2Fwp%2Fv2%2Fmedia&parent=33"}],"curies":[{"name":"wp","href":"https:\/\/api.w.org\/{rel}","templated":true}]}}