{"id":1535,"date":"2023-02-23T16:58:04","date_gmt":"2023-02-23T15:58:04","guid":{"rendered":"https:\/\/opticaperezulloa.com\/?page_id=1535"},"modified":"2023-02-24T12:49:51","modified_gmt":"2023-02-24T11:49:51","slug":"politica-de-privacidad","status":"publish","type":"page","link":"https:\/\/opticaperezulloa.com\/?page_id=1535","title":{"rendered":"Pol\u00edtica de Privacidad"},"content":{"rendered":"\n<p><strong>\u00d3ptica P\u00e9rez Ulloa con domicilio social en Calle General Ricardos 165 (Espa\u00f1a) y con CIF n\u00fam 50175362B <\/strong>es titular del sitio web www.eligekitdigital.es (en adelante el \u201c sitio web \u201d).<\/p>\n\n\n\n<p><strong>\u00d3ptica P\u00e9rez Ulloa<\/strong> ,le garantiza la protecci\u00f3n de todos los datos de car\u00e1cter personal que proporcione el Usuario en el sitio web y, en cumplimiento de lo dispuesto en la Ley Org\u00e1nica 15\/1999, de 13 de diciembre de Protecci\u00f3n de Datos de Car\u00e1cter Personal, en el RD 1720\/2007 de 21 de diciembre y restante normativa de aplicaci\u00f3n, le informa que:<\/p>\n\n\n\n<p>a) Todos los datos de car\u00e1cter personal facilitados a <strong>\u00d3ptica P\u00e9rez Ulloa<\/strong> ser\u00e1n tratados por \u00e9sta de acuerdo con la Ley Org\u00e1nica 15\/1999 de 13 de diciembre de Protecci\u00f3n de Datos de Car\u00e1cter Personal y el RD 1720\/2007 de 21 de diciembre y quedar\u00e1n incorporados en el fichero USUARIOS DE LA PAGINA WEB, creado y mantenido bajo la responsabilidad de <strong>\u00d3ptica P\u00e9rez Ulloa<\/strong> el cual ha sido debidamente registrado en la Agencia Espa\u00f1ola de Protecci\u00f3n de Datos.<\/p>\n\n\n\n<p>b) Los datos son recabados con las siguientes finalidades: (i) gesti\u00f3n, estudio y resoluci\u00f3n de consultas y (ii) env\u00edo de publicidad y prospecci\u00f3n comercial por medios electr\u00f3nicos, acerca de la empresa, sus actividades, productos y servicios, as\u00ed como documentaci\u00f3n de diversa naturaleza. Si Ud. autoriza el tratamiento de sus datos de car\u00e1cter personal con esta \u00faltima finalidad por favor marque la siguiente casilla que se le se\u00f1ala.<\/p>\n\n\n\n<p>c) En la recogida y el tratamiento de los datos de car\u00e1cter personal se han adoptado las medidas de seguridad adecuadas para evitar la p\u00e9rdida, el acceso no autorizado o la manipulaci\u00f3n de los mismos, de acuerdo con lo establecido en el Real Decreto 1720\/2007, de 21 de diciembre.<\/p>\n\n\n\n<p>d) <strong>\u00d3ptica P\u00e9rez Ulloa<\/strong> se compromete a proteger la informaci\u00f3n confidencial a la que tenga acceso.<\/p>\n\n\n\n<p>e) <strong>\u00d3ptica P\u00e9rez Ulloa<\/strong> no emplear\u00e1 en ning\u00fan caso los datos de car\u00e1cter personal que usted ponga a su disposici\u00f3n para prestar servicios a terceros distintos a los referidos en el apartado b) del presente documento o, en su caso, para lograr una utilidad propia.<\/p>\n\n\n\n<p>f) El Usuario certifica que es mayor de 14 a\u00f1os y que por lo tanto posee la capacidad legal necesaria para la prestaci\u00f3n del consentimiento en cuanto al tratamiento de sus datos de car\u00e1cter personal y todo ello, de conformidad con lo establecido en la presente Pol\u00edtica de Privacidad.<\/p>\n\n\n\n<p>g) El Usuario puede, en todo momento, ejercitar los derechos de acceso, rectificaci\u00f3n, cancelaci\u00f3n y oposici\u00f3n sobre sus datos personales as\u00ed como el de revocaci\u00f3n del consentimiento para cualquier de las finalidades antes se\u00f1aladas, enviando a <strong>\u00d3ptica P\u00e9rez Ulloa<\/strong> correo electr\u00f3nico a <strong>optica@opticaperezulloa.com<\/strong> , donde consten claramente los datos de contacto, a la cual deber\u00e1 acompa\u00f1arse copia de su DNI\/NIF o documento que acredite su identidad.<\/p>\n\n\n\n<p>h) El Usuario autoriza al tratamiento automatizado de los datos personales suministrados en los t\u00e9rminos indicados. Para ello pulse el bot\u00f3n \u201cENVIAR\u201d que se encuentra tras el formulario de recogida de datos.<\/p>\n","protected":false},"excerpt":{"rendered":"<p>\u00d3ptica P\u00e9rez Ulloa con domicilio social en Calle General Ricardos 165 (Espa\u00f1a) y con CIF n\u00fam 50175362B es titular del sitio web www.eligekitdigital.es (en adelante el \u201c sitio web \u201d). \u00d3ptica P\u00e9rez Ulloa ,le garantiza la protecci\u00f3n de todos los datos de car\u00e1cter personal que proporcione el Usuario en el sitio web y, en cumplimiento [&hellip;]<\/p>\n","protected":false},"author":3,"featured_media":0,"parent":0,"menu_order":0,"comment_status":"closed","ping_status":"closed","template":"","meta":{"_et_pb_use_builder":"off","_et_pb_old_content":"","_et_gb_content_width":"1080","footnotes":""},"class_list":["post-1535","page","type-page","status-publish","hentry"],"yoast_head":"<!-- This site is optimized with the Yoast SEO plugin v26.7 - https:\/\/yoast.com\/wordpress\/plugins\/seo\/ -->\n<title>Pol\u00edtica de Privacidad - \u00d3ptica P\u00e9rez Ulloa<\/title>\n<meta name=\"robots\" content=\"noindex, nofollow\" \/>\n<meta property=\"og:locale\" content=\"es_ES\" \/>\n<meta property=\"og:type\" content=\"article\" \/>\n<meta property=\"og:title\" content=\"Pol\u00edtica de Privacidad - \u00d3ptica P\u00e9rez Ulloa\" \/>\n<meta property=\"og:description\" content=\"\u00d3ptica P\u00e9rez Ulloa con domicilio social en Calle General Ricardos 165 (Espa\u00f1a) y con CIF n\u00fam 50175362B es titular del sitio web www.eligekitdigital.es (en adelante el \u201c sitio web \u201d). \u00d3ptica P\u00e9rez Ulloa ,le garantiza la protecci\u00f3n de todos los datos de car\u00e1cter personal que proporcione el Usuario en el sitio web y, en cumplimiento [&hellip;]\" \/>\n<meta property=\"og:url\" content=\"https:\/\/opticaperezulloa.com\/?page_id=1535\" \/>\n<meta property=\"og:site_name\" content=\"\u00d3ptica P\u00e9rez Ulloa\" \/>\n<meta property=\"article:modified_time\" content=\"2023-02-24T11:49:51+00:00\" \/>\n<meta name=\"twitter:card\" content=\"summary_large_image\" \/>\n<meta name=\"twitter:label1\" content=\"Tiempo de lectura\" \/>\n\t<meta name=\"twitter:data1\" content=\"3 minutos\" \/>\n<script type=\"application\/ld+json\" class=\"yoast-schema-graph\">{\"@context\":\"https:\/\/schema.org\",\"@graph\":[{\"@type\":\"WebPage\",\"@id\":\"https:\/\/opticaperezulloa.com\/?page_id=1535\",\"url\":\"https:\/\/opticaperezulloa.com\/?page_id=1535\",\"name\":\"Pol\u00edtica de Privacidad - \u00d3ptica P\u00e9rez Ulloa\",\"isPartOf\":{\"@id\":\"https:\/\/opticaperezulloa.com\/#website\"},\"datePublished\":\"2023-02-23T15:58:04+00:00\",\"dateModified\":\"2023-02-24T11:49:51+00:00\",\"breadcrumb\":{\"@id\":\"https:\/\/opticaperezulloa.com\/?page_id=1535#breadcrumb\"},\"inLanguage\":\"es\",\"potentialAction\":[{\"@type\":\"ReadAction\",\"target\":[\"https:\/\/opticaperezulloa.com\/?page_id=1535\"]}]},{\"@type\":\"BreadcrumbList\",\"@id\":\"https:\/\/opticaperezulloa.com\/?page_id=1535#breadcrumb\",\"itemListElement\":[{\"@type\":\"ListItem\",\"position\":1,\"name\":\"Portada\",\"item\":\"https:\/\/opticaperezulloa.com\/\"},{\"@type\":\"ListItem\",\"position\":2,\"name\":\"Pol\u00edtica de Privacidad\"}]},{\"@type\":\"WebSite\",\"@id\":\"https:\/\/opticaperezulloa.com\/#website\",\"url\":\"https:\/\/opticaperezulloa.com\/\",\"name\":\"\u00d3ptica P\u00e9rez Ulloa\",\"description\":\"\u00d3ptica y Aud\u00edfonos en Carabanchel | P\u00e9rez Ulloa | 915 250 060\",\"potentialAction\":[{\"@type\":\"SearchAction\",\"target\":{\"@type\":\"EntryPoint\",\"urlTemplate\":\"https:\/\/opticaperezulloa.com\/?s={search_term_string}\"},\"query-input\":{\"@type\":\"PropertyValueSpecification\",\"valueRequired\":true,\"valueName\":\"search_term_string\"}}],\"inLanguage\":\"es\"}]}<\/script>\n<!-- \/ Yoast SEO plugin. -->","yoast_head_json":{"title":"Pol\u00edtica de Privacidad - \u00d3ptica P\u00e9rez Ulloa","robots":{"index":"noindex","follow":"nofollow"},"og_locale":"es_ES","og_type":"article","og_title":"Pol\u00edtica de Privacidad - \u00d3ptica P\u00e9rez Ulloa","og_description":"\u00d3ptica P\u00e9rez Ulloa con domicilio social en Calle General Ricardos 165 (Espa\u00f1a) y con CIF n\u00fam 50175362B es titular del sitio web www.eligekitdigital.es (en adelante el \u201c sitio web \u201d). \u00d3ptica P\u00e9rez Ulloa ,le garantiza la protecci\u00f3n de todos los datos de car\u00e1cter personal que proporcione el Usuario en el sitio web y, en cumplimiento [&hellip;]","og_url":"https:\/\/opticaperezulloa.com\/?page_id=1535","og_site_name":"\u00d3ptica P\u00e9rez Ulloa","article_modified_time":"2023-02-24T11:49:51+00:00","twitter_card":"summary_large_image","twitter_misc":{"Tiempo de lectura":"3 minutos"},"schema":{"@context":"https:\/\/schema.org","@graph":[{"@type":"WebPage","@id":"https:\/\/opticaperezulloa.com\/?page_id=1535","url":"https:\/\/opticaperezulloa.com\/?page_id=1535","name":"Pol\u00edtica de Privacidad - \u00d3ptica P\u00e9rez Ulloa","isPartOf":{"@id":"https:\/\/opticaperezulloa.com\/#website"},"datePublished":"2023-02-23T15:58:04+00:00","dateModified":"2023-02-24T11:49:51+00:00","breadcrumb":{"@id":"https:\/\/opticaperezulloa.com\/?page_id=1535#breadcrumb"},"inLanguage":"es","potentialAction":[{"@type":"ReadAction","target":["https:\/\/opticaperezulloa.com\/?page_id=1535"]}]},{"@type":"BreadcrumbList","@id":"https:\/\/opticaperezulloa.com\/?page_id=1535#breadcrumb","itemListElement":[{"@type":"ListItem","position":1,"name":"Portada","item":"https:\/\/opticaperezulloa.com\/"},{"@type":"ListItem","position":2,"name":"Pol\u00edtica de Privacidad"}]},{"@type":"WebSite","@id":"https:\/\/opticaperezulloa.com\/#website","url":"https:\/\/opticaperezulloa.com\/","name":"\u00d3ptica P\u00e9rez Ulloa","description":"\u00d3ptica y Aud\u00edfonos en Carabanchel | P\u00e9rez Ulloa | 915 250 060","potentialAction":[{"@type":"SearchAction","target":{"@type":"EntryPoint","urlTemplate":"https:\/\/opticaperezulloa.com\/?s={search_term_string}"},"query-input":{"@type":"PropertyValueSpecification","valueRequired":true,"valueName":"search_term_string"}}],"inLanguage":"es"}]}},"_links":{"self":[{"href":"https:\/\/opticaperezulloa.com\/index.php?rest_route=\/wp\/v2\/pages\/1535","targetHints":{"allow":["GET"]}}],"collection":[{"href":"https:\/\/opticaperezulloa.com\/index.php?rest_route=\/wp\/v2\/pages"}],"about":[{"href":"https:\/\/opticaperezulloa.com\/index.php?rest_route=\/wp\/v2\/types\/page"}],"author":[{"embeddable":true,"href":"https:\/\/opticaperezulloa.com\/index.php?rest_route=\/wp\/v2\/users\/3"}],"replies":[{"embeddable":true,"href":"https:\/\/opticaperezulloa.com\/index.php?rest_route=%2Fwp%2Fv2%2Fcomments&post=1535"}],"version-history":[{"count":3,"href":"https:\/\/opticaperezulloa.com\/index.php?rest_route=\/wp\/v2\/pages\/1535\/revisions"}],"predecessor-version":[{"id":1540,"href":"https:\/\/opticaperezulloa.com\/index.php?rest_route=\/wp\/v2\/pages\/1535\/revisions\/1540"}],"wp:attachment":[{"href":"https:\/\/opticaperezulloa.com\/index.php?rest_route=%2Fwp%2Fv2%2Fmedia&parent=1535"}],"curies":[{"name":"wp","href":"https:\/\/api.w.org\/{rel}","templated":true}]}}