{"id":1478,"date":"2023-02-22T13:33:49","date_gmt":"2023-02-22T12:33:49","guid":{"rendered":"https:\/\/opticaperezulloa.com\/?page_id=1478"},"modified":"2025-01-09T08:56:11","modified_gmt":"2025-01-09T07:56:11","slug":"baja-vision","status":"publish","type":"page","link":"https:\/\/opticaperezulloa.com\/?page_id=1478","title":{"rendered":"Baja visi\u00f3n"},"content":{"rendered":"<p>[et_pb_section fb_built=\u00bb1&#8243; admin_label=\u00bbHeader\u00bb _builder_version=\u00bb4.19.4&#8243; _module_preset=\u00bbdefault\u00bb use_background_color_gradient=\u00bbon\u00bb background_color_gradient_direction=\u00bb90deg\u00bb background_color_gradient_stops=\u00bb#ffffff 58%|gcid-18959475-637d-4ff6-ac0c-9f6ca96b7bf7 71%\u00bb background_color_gradient_start=\u00bb#ffffff\u00bb background_color_gradient_start_position=\u00bb62%\u00bb background_color_gradient_end=\u00bb#F4DED3&#8243; background_color_gradient_end_position=\u00bb62%\u00bb custom_margin=\u00bb||||false|false\u00bb custom_padding=\u00bb||||false|false\u00bb background_last_edited=\u00bbon|tablet\u00bb background_color_gradient_stops_tablet=\u00bb#ffffff 94%|#F4DED3 94%\u00bb background_color_gradient_start_position_tablet=\u00bb94%\u00bb background_color_gradient_end_position_tablet=\u00bb94%\u00bb global_colors_info=\u00bb{%22gcid-90d5d4e2-b557-4ece-b4fb-4e7d2b72f63a%22:%91%22background_color_gradient_stops%22%93,%22gcid-18959475-637d-4ff6-ac0c-9f6ca96b7bf7%22:%91%22background_color_gradient_stops%22%93}\u00bb][et_pb_row column_structure=\u00bb1_2,1_2&#8243; _builder_version=\u00bb4.16&#8243; _module_preset=\u00bbdefault\u00bb custom_margin=\u00bb||||false|false\u00bb custom_padding=\u00bb0px||||false|false\u00bb global_colors_info=\u00bb{}\u00bb][et_pb_column type=\u00bb1_2&#8243; _builder_version=\u00bb4.16&#8243; _module_preset=\u00bbdefault\u00bb custom_padding=\u00bb150px||||false|false\u00bb custom_padding_tablet=\u00bb0px||||false|false\u00bb custom_padding_phone=\u00bb\u00bb custom_padding_last_edited=\u00bbon|tablet\u00bb global_colors_info=\u00bb{}\u00bb][et_pb_text _builder_version=\u00bb4.20.0&#8243; _module_preset=\u00bb17773371-64ed-4b6c-8bcc-1c3e055be524&#8243; header_4_font=\u00bbKarla|700||on|||||\u00bb header_4_text_color=\u00bbgcid-90d5d4e2-b557-4ece-b4fb-4e7d2b72f63a\u00bb header_4_font_size=\u00bb20px\u00bb header_4_letter_spacing=\u00bb1px\u00bb header_4_line_height=\u00bb1.4em\u00bb custom_margin=\u00bb||0px||false|false\u00bb locked=\u00bboff\u00bb global_colors_info=\u00bb{%22gcid-90d5d4e2-b557-4ece-b4fb-4e7d2b72f63a%22:%91%22header_4_text_color%22%93}\u00bb]<\/p>\n<h4>EXAMEN VISUAL MINUCIOSO<\/h4>\n<p>[\/et_pb_text][et_pb_text _builder_version=\u00bb4.20.0&#8243; _module_preset=\u00bb7c2f8fd9-1ed7-44f4-8595-942d442712de\u00bb header_font=\u00bbMerriweather|600|||||||\u00bb header_text_color=\u00bbgcid-2f5ea071-3b11-4ba0-919d-3d95d908436a\u00bb header_font_size=\u00bb56px\u00bb header_line_height=\u00bb1.1em\u00bb header_font_size_tablet=\u00bb40px\u00bb header_font_size_phone=\u00bb26px\u00bb header_font_size_last_edited=\u00bbon|phone\u00bb locked=\u00bboff\u00bb global_colors_info=\u00bb{%22gcid-2f5ea071-3b11-4ba0-919d-3d95d908436a%22:%91%22header_text_color%22%93}\u00bb]<\/p>\n<h1>BAJA VISI\u00d3N EN CARABANCHEL<\/h1>\n<p>[\/et_pb_text][et_pb_text _builder_version=\u00bb4.20.0&#8243; _module_preset=\u00bb3458e58d-3815-42dc-8b97-c6970b74aacf\u00bb text_font=\u00bbKarla||||||||\u00bb text_font_size=\u00bb18px\u00bb text_line_height=\u00bb1.8em\u00bb text_font_size_tablet=\u00bb16px\u00bb text_font_size_phone=\u00bb14px\u00bb text_font_size_last_edited=\u00bbon|tablet\u00bb locked=\u00bboff\u00bb global_colors_info=\u00bb{}\u00bb]<\/p>\n<p>Graduamos tu vista y realizamos una evaluaci\u00f3n binocular pormenorizada. Disponemos de una amplia gama de productos para dar soluci\u00f3n a tu problema visual.<\/p>\n<p>[\/et_pb_text][et_pb_button button_url=\u00bbhttps:\/\/opticaperezulloa.com\/contacto\/\u00bb button_text=\u00bbPIDE CITA\u00bb _builder_version=\u00bb4.19.4&#8243; _module_preset=\u00bbee1de58d-3e5c-4fd0-b1f1-b325e8738fab\u00bb custom_button=\u00bbon\u00bb button_text_size=\u00bb12px\u00bb button_text_color=\u00bb#FFFFFF\u00bb button_bg_color=\u00bb#429B31&#8243; button_border_width=\u00bb2px\u00bb button_border_color=\u00bb#FFFFFF\u00bb button_border_radius=\u00bb0px\u00bb button_letter_spacing=\u00bb1px\u00bb button_font=\u00bbKarla|700||on|||||\u00bb button_icon=\u00bb&#x24;||divi||400&#8243; button_icon_color=\u00bb#FFFFFF\u00bb button_on_hover=\u00bboff\u00bb custom_margin=\u00bb||||false|false\u00bb custom_padding=\u00bb12px|40px|12px|25px|true|false\u00bb locked=\u00bboff\u00bb global_colors_info=\u00bb{%22gcid-90d5d4e2-b557-4ece-b4fb-4e7d2b72f63a%22:%91%22button_bg_color%22%93}\u00bb button_bg_color__hover=\u00bb#FFFFFF\u00bb button_bg_color__hover_enabled=\u00bbon|hover\u00bb button_text_color__hover=\u00bb#174D4D\u00bb button_text_color__hover_enabled=\u00bbon|hover\u00bb][\/et_pb_button][\/et_pb_column][et_pb_column type=\u00bb1_2&#8243; _builder_version=\u00bb4.16&#8243; _module_preset=\u00bbdefault\u00bb global_colors_info=\u00bb{}\u00bb][et_pb_image src=\u00bbhttps:\/\/opticaperezulloa.com\/wp-content\/uploads\/2023\/02\/Baja-vision-en-Carabanchel.jpg\u00bb alt=\u00bbBaja visi\u00f3n en Carabanchel\u00bb title_text=\u00bbBaja visio\u0301n en Carabanchel\u00bb _builder_version=\u00bb4.20.0&#8243; _module_preset=\u00bbdefault\u00bb global_colors_info=\u00bb{}\u00bb][\/et_pb_image][\/et_pb_column][\/et_pb_row][et_pb_row column_structure=\u00bb1_3,1_3,1_3&#8243; use_custom_gutter=\u00bbon\u00bb gutter_width=\u00bb2&#8243; _builder_version=\u00bb4.16&#8243; _module_preset=\u00bbdefault\u00bb background_color=\u00bb#f8f8f9&#8243; custom_margin=\u00bb|||||false\u00bb custom_padding=\u00bb60px|30px|60px||true|false\u00bb box_shadow_style=\u00bbpreset4&#8243; box_shadow_horizontal=\u00bb-30vw\u00bb box_shadow_vertical=\u00bb0px\u00bb box_shadow_color=\u00bb#f8f8f9&#8243; locked=\u00bboff\u00bb global_colors_info=\u00bb{%22gcid-980aacad-e20b-4911-b05b-917c3b3b1060%22:%91%93}\u00bb][et_pb_column type=\u00bb1_3&#8243; _builder_version=\u00bb4.16&#8243; _module_preset=\u00bbdefault\u00bb global_colors_info=\u00bb{}\u00bb][et_pb_text _builder_version=\u00bb4.19.4&#8243; _module_preset=\u00bb90fc349f-3056-40e3-805c-4a1f0d824891&#8243; header_font=\u00bbMerriweather||||||||\u00bb header_2_font=\u00bbMerriweather||||||||\u00bb header_2_text_color=\u00bb#429b31&#8243; header_3_font=\u00bbPoppins|600|||||||\u00bb header_3_text_color=\u00bb#2c2f33&#8243; header_3_font_size=\u00bb16px\u00bb header_3_line_height=\u00bb1.5em\u00bb custom_margin=\u00bb||0px||false|false\u00bb header_3_font_size_tablet=\u00bb\u00bb header_3_font_size_phone=\u00bb14px\u00bb header_3_font_size_last_edited=\u00bbon|phone\u00bb global_colors_info=\u00bb{}\u00bb]<\/p>\n<h3>Tecnolog\u00eda<\/h3>\n<p>[\/et_pb_text][et_pb_text _builder_version=\u00bb4.19.4&#8243; _module_preset=\u00bbff517e7b-a176-4704-a423-30f2bcff3669&#8243; text_font=\u00bbKarla||||||||\u00bb link_text_color=\u00bb#666666&#8243; header_font=\u00bbMerriweather||||||||\u00bb header_2_font=\u00bbMerriweather||||||||\u00bb header_2_text_color=\u00bb#429b31&#8243; global_colors_info=\u00bb{%22gcid-45853c9b-f323-4011-8ae0-0083d0543952%22:%91%22link_text_color__hover%22%93}\u00bb link_text_color__hover_enabled=\u00bbon|desktop\u00bb link_text_color__hover=\u00bbgcid-45853c9b-f323-4011-8ae0-0083d0543952&#8243;]<\/p>\n<p>\u00d3ptica P\u00e9rez Ulloa cuenta con material renovado de alta calidad en tratamiento y diagnostico ocular.<\/p>\n<p>[\/et_pb_text][\/et_pb_column][et_pb_column type=\u00bb1_3&#8243; _builder_version=\u00bb4.16&#8243; _module_preset=\u00bbdefault\u00bb global_colors_info=\u00bb{}\u00bb][et_pb_text _builder_version=\u00bb4.19.4&#8243; _module_preset=\u00bb90fc349f-3056-40e3-805c-4a1f0d824891&#8243; header_font=\u00bbMerriweather||||||||\u00bb header_2_font=\u00bbMerriweather||||||||\u00bb header_2_text_color=\u00bb#429b31&#8243; header_3_font=\u00bbPoppins|600|||||||\u00bb header_3_text_color=\u00bb#2c2f33&#8243; header_3_font_size=\u00bb16px\u00bb header_3_line_height=\u00bb1.5em\u00bb custom_margin=\u00bb||0px||false|false\u00bb header_3_font_size_tablet=\u00bb\u00bb header_3_font_size_phone=\u00bb14px\u00bb header_3_font_size_last_edited=\u00bbon|phone\u00bb locked=\u00bboff\u00bb global_colors_info=\u00bb{}\u00bb]<\/p>\n<h3>Garant\u00eda<\/h3>\n<p>[\/et_pb_text][et_pb_text _builder_version=\u00bb4.19.4&#8243; _module_preset=\u00bbff517e7b-a176-4704-a423-30f2bcff3669&#8243; text_font=\u00bbKarla||||||||\u00bb link_text_color=\u00bb#666666&#8243; header_font=\u00bbMerriweather||||||||\u00bb header_2_font=\u00bbMerriweather||||||||\u00bb header_2_text_color=\u00bb#429b31&#8243; locked=\u00bboff\u00bb global_colors_info=\u00bb{%22gcid-45853c9b-f323-4011-8ae0-0083d0543952%22:%91%22link_text_color__hover%22%93}\u00bb link_text_color__hover_enabled=\u00bbon|desktop\u00bb link_text_color__hover=\u00bbgcid-45853c9b-f323-4011-8ae0-0083d0543952&#8243;]<\/p>\n<p>Todos nuestros productos cuentan con garant\u00eda seg\u00fan normativas europeas y se ampl\u00eda con las garant\u00edas adicionales de las marcas.<\/p>\n<p>[\/et_pb_text][\/et_pb_column][et_pb_column type=\u00bb1_3&#8243; _builder_version=\u00bb4.16&#8243; _module_preset=\u00bbdefault\u00bb global_colors_info=\u00bb{}\u00bb][et_pb_text _builder_version=\u00bb4.19.4&#8243; _module_preset=\u00bb90fc349f-3056-40e3-805c-4a1f0d824891&#8243; header_font=\u00bbMerriweather||||||||\u00bb header_2_font=\u00bbMerriweather||||||||\u00bb header_2_text_color=\u00bb#429b31&#8243; header_3_font=\u00bbPoppins|600|||||||\u00bb header_3_text_color=\u00bb#2c2f33&#8243; header_3_font_size=\u00bb16px\u00bb header_3_line_height=\u00bb1.5em\u00bb custom_margin=\u00bb||0px||false|false\u00bb header_3_font_size_tablet=\u00bb\u00bb header_3_font_size_phone=\u00bb14px\u00bb header_3_font_size_last_edited=\u00bbon|phone\u00bb locked=\u00bboff\u00bb global_colors_info=\u00bb{}\u00bb]<\/p>\n<h3>Financiaci\u00f3n<\/h3>\n<p>[\/et_pb_text][et_pb_text _builder_version=\u00bb4.19.4&#8243; _module_preset=\u00bbff517e7b-a176-4704-a423-30f2bcff3669&#8243; text_font=\u00bbKarla||||||||\u00bb link_text_color=\u00bb#666666&#8243; header_font=\u00bbMerriweather||||||||\u00bb header_2_font=\u00bbMerriweather||||||||\u00bb header_2_text_color=\u00bb#429b31&#8243; locked=\u00bboff\u00bb global_colors_info=\u00bb{%22gcid-45853c9b-f323-4011-8ae0-0083d0543952%22:%91%22link_text_color__hover%22%93}\u00bb link_text_color__hover_enabled=\u00bbon|desktop\u00bb link_text_color__hover=\u00bbgcid-45853c9b-f323-4011-8ae0-0083d0543952&#8243;]<\/p>\n<p>Adaptados a tu bolsillo para que tu soluci\u00f3n ocular no sea un problema en tus gastos del d\u00eda a d\u00eda.<\/p>\n<p>[\/et_pb_text][\/et_pb_column][\/et_pb_row][\/et_pb_section][et_pb_section fb_built=\u00bb1&#8243; admin_label=\u00bbGallery\u00bb _builder_version=\u00bb4.19.4&#8243; _module_preset=\u00bbdefault\u00bb use_background_color_gradient=\u00bbon\u00bb background_color_gradient_stops=\u00bb#e5e5e5 0%|rgba(255,255,255,0) 53%\u00bb background_color_gradient_start=\u00bb#EBF4FA\u00bb background_color_gradient_start_position=\u00bb24%\u00bb background_color_gradient_end=\u00bbrgba(255,255,255,0)\u00bb background_color_gradient_end_position=\u00bb0%\u00bb overflow-x=\u00bbhidden\u00bb overflow-y=\u00bbhidden\u00bb background_last_edited=\u00bbon|tablet\u00bb background_color_gradient_stops_tablet=\u00bb#429B31 15%|rgba(255,255,255,0) 15%\u00bb background_color_gradient_start_position_tablet=\u00bb15%\u00bb background_color_gradient_end_position_tablet=\u00bb15%\u00bb global_colors_info=\u00bb{}\u00bb][et_pb_row column_structure=\u00bb1_2,1_2&#8243; use_custom_gutter=\u00bbon\u00bb gutter_width=\u00bb2&#8243; make_equal=\u00bbon\u00bb _builder_version=\u00bb4.19.4&#8243; _module_preset=\u00bbdefault\u00bb custom_padding=\u00bb0px||0px||true|false\u00bb box_shadow_style=\u00bbpreset4&#8243; box_shadow_horizontal=\u00bb-30vw\u00bb box_shadow_vertical=\u00bb0px\u00bb box_shadow_color=\u00bbgcid-2f5ea071-3b11-4ba0-919d-3d95d908436a\u00bb box_shadow_horizontal_tablet=\u00bb0vw\u00bb box_shadow_horizontal_phone=\u00bb\u00bb box_shadow_horizontal_last_edited=\u00bbon|tablet\u00bb global_colors_info=\u00bb{%22gcid-2f5ea071-3b11-4ba0-919d-3d95d908436a%22:%91%22box_shadow_color%22%93}\u00bb][et_pb_column type=\u00bb1_2&#8243; _builder_version=\u00bb4.19.4&#8243; _module_preset=\u00bbdefault\u00bb background_color=\u00bbgcid-2f5ea071-3b11-4ba0-919d-3d95d908436a\u00bb custom_padding=\u00bb100px|48px|100px|48px|true|true\u00bb custom_padding_tablet=\u00bb40px|30px|40px|30px|true|true\u00bb custom_padding_phone=\u00bb|20px||20px|true|true\u00bb custom_padding_last_edited=\u00bbon|tablet\u00bb global_colors_info=\u00bb{%22gcid-2f5ea071-3b11-4ba0-919d-3d95d908436a%22:%91%22background_color%22%93}\u00bb][et_pb_text _builder_version=\u00bb4.20.0&#8243; _module_preset=\u00bb17773371-64ed-4b6c-8bcc-1c3e055be524&#8243; header_font=\u00bbMerriweather||||||||\u00bb header_2_font=\u00bbMerriweather||||||||\u00bb header_2_text_color=\u00bb#429b31&#8243; header_4_font=\u00bbKarla|700||on|||||\u00bb header_4_text_color=\u00bbgcid-c8f4f0fb-2c87-485e-91ca-1be07316c768&#8243; header_4_font_size=\u00bb12px\u00bb header_4_letter_spacing=\u00bb1px\u00bb header_4_line_height=\u00bb1.4em\u00bb custom_margin=\u00bb||0px||false|false\u00bb locked=\u00bboff\u00bb global_colors_info=\u00bb{%22gcid-c8f4f0fb-2c87-485e-91ca-1be07316c768%22:%91%93}\u00bb]<\/p>\n<h4><span style=\"color: #ffffff;\">TE AYUDAMOS<\/span><\/h4>\n<p>[\/et_pb_text][et_pb_text _builder_version=\u00bb4.20.0&#8243; _module_preset=\u00bba191ee2c-20bb-4e7e-be17-1f5a489e9cf7&#8243; header_font=\u00bbMerriweather||||||||\u00bb header_text_color=\u00bb#FFFFFF\u00bb header_2_font=\u00bbMerriweather|600|||||||\u00bb header_2_text_color=\u00bb#FFFFFF\u00bb header_2_font_size=\u00bb42px\u00bb header_2_line_height=\u00bb1.2em\u00bb header_2_font_size_tablet=\u00bb26px\u00bb header_2_font_size_phone=\u00bb18px\u00bb header_2_font_size_last_edited=\u00bbon|phone\u00bb locked=\u00bboff\u00bb global_colors_info=\u00bb{}\u00bb]<\/p>\n<h2>CONSERVA TU AUTONOM\u00cdA VISUAL<\/h2>\n<p>[\/et_pb_text][et_pb_button button_url=\u00bbhttps:\/\/opticaperezulloa.com\/contacto\/\u00bb button_text=\u00bbPIDE CITA\u00bb _builder_version=\u00bb4.20.0&#8243; _module_preset=\u00bb52ab4580-d571-448b-b7d2-01451866930a\u00bb custom_button=\u00bbon\u00bb button_text_size=\u00bb12px\u00bb button_text_color=\u00bb#FFFFFF\u00bb button_bg_color=\u00bbRGBA(0,0,0,0)\u00bb button_border_width=\u00bb2px\u00bb button_border_color=\u00bb#FFFFFF\u00bb button_border_radius=\u00bb0px\u00bb button_letter_spacing=\u00bb1px\u00bb button_font=\u00bbKarla|700||on|||||\u00bb button_icon=\u00bb&#x24;||divi||400&#8243; button_on_hover=\u00bboff\u00bb custom_margin=\u00bb||||false|false\u00bb custom_margin_tablet=\u00bb60px||||false|false\u00bb custom_margin_phone=\u00bb50px||||false|false\u00bb custom_margin_last_edited=\u00bboff|tablet\u00bb custom_padding=\u00bb12px|40px|12px|25px|true|false\u00bb locked=\u00bboff\u00bb global_colors_info=\u00bb{}\u00bb button_text_color__hover=\u00bb#174D4D\u00bb button_text_color__hover_enabled=\u00bbon|desktop\u00bb button_bg_color__hover=\u00bb#FFFFFF\u00bb button_bg_color__hover_enabled=\u00bbon|hover\u00bb text_orientation_tablet=\u00bbcenter\u00bb text_orientation_last_edited=\u00bbon|tablet\u00bb text_orientation_phone=\u00bbcenter\u00bb][\/et_pb_button][\/et_pb_column][et_pb_column type=\u00bb1_2&#8243; _builder_version=\u00bb4.16&#8243; _module_preset=\u00bbdefault\u00bb custom_padding=\u00bb0px||||false|false\u00bb global_colors_info=\u00bb{}\u00bb][et_pb_image src=\u00bbhttps:\/\/opticaperezulloa.com\/wp-content\/uploads\/2023\/02\/Baja-vision-en-Carabanchel4.jpg\u00bb alt=\u00bbGafas progresivas en Carabanchel\u00bb title_text=\u00bbBaja visio\u0301n en Carabanchel4&#8243; _builder_version=\u00bb4.20.0&#8243; _module_preset=\u00bbdefault\u00bb positioning=\u00bbabsolute\u00bb position_origin_a=\u00bbbottom_left\u00bb vertical_offset=\u00bb-80px\u00bb vertical_offset_tablet=\u00bb0px\u00bb vertical_offset_phone=\u00bb\u00bb vertical_offset_last_edited=\u00bbon|tablet\u00bb position_origin_a_tablet=\u00bb\u00bb position_origin_a_phone=\u00bb\u00bb position_origin_a_last_edited=\u00bbon|tablet\u00bb position_origin_f_tablet=\u00bb\u00bb position_origin_f_phone=\u00bb\u00bb position_origin_f_last_edited=\u00bbon|tablet\u00bb position_origin_r_tablet=\u00bb\u00bb position_origin_r_phone=\u00bb\u00bb position_origin_r_last_edited=\u00bbon|desktop\u00bb width=\u00bb73%\u00bb custom_margin=\u00bb||0px||false|false\u00bb positioning_tablet=\u00bbrelative\u00bb positioning_phone=\u00bb\u00bb positioning_last_edited=\u00bbon|tablet\u00bb global_colors_info=\u00bb{}\u00bb][\/et_pb_image][et_pb_image src=\u00bbhttps:\/\/opticaperezulloa.com\/wp-content\/uploads\/2023\/02\/recoletos-baja-vision.jpeg\u00bb title_text=\u00bbrecoletos baja visio\u0301n\u00bb _builder_version=\u00bb4.20.0&#8243; _module_preset=\u00bbdefault\u00bb positioning=\u00bbabsolute\u00bb position_origin_a=\u00bbbottom_right\u00bb vertical_offset=\u00bb-80px\u00bb vertical_offset_tablet=\u00bb0px\u00bb vertical_offset_phone=\u00bb\u00bb vertical_offset_last_edited=\u00bbon|tablet\u00bb position_origin_a_tablet=\u00bbtop_right\u00bb position_origin_a_phone=\u00bb\u00bb position_origin_a_last_edited=\u00bbon|tablet\u00bb position_origin_f_tablet=\u00bb\u00bb position_origin_f_phone=\u00bb\u00bb position_origin_f_last_edited=\u00bbon|tablet\u00bb position_origin_r_tablet=\u00bb\u00bb position_origin_r_phone=\u00bb\u00bb position_origin_r_last_edited=\u00bbon|tablet\u00bb width=\u00bb21%\u00bb positioning_tablet=\u00bb\u00bb positioning_phone=\u00bb\u00bb positioning_last_edited=\u00bbon|tablet\u00bb locked=\u00bboff\u00bb global_colors_info=\u00bb{}\u00bb][\/et_pb_image][\/et_pb_column][\/et_pb_row][et_pb_row column_structure=\u00bb1_2,1_2&#8243; use_custom_gutter=\u00bbon\u00bb gutter_width=\u00bb2&#8243; make_equal=\u00bbon\u00bb _builder_version=\u00bb4.16&#8243; _module_preset=\u00bbdefault\u00bb global_colors_info=\u00bb{}\u00bb][et_pb_column type=\u00bb1_2&#8243; _builder_version=\u00bb4.16&#8243; _module_preset=\u00bbdefault\u00bb global_colors_info=\u00bb{}\u00bb][et_pb_image src=\u00bbhttps:\/\/opticaperezulloa.com\/wp-content\/uploads\/2023\/02\/Baja-vision-en-Carabanchel2.jpg\u00bb alt=\u00bbGafas progresivas en Carabanchel\u00bb title_text=\u00bbBaja visio\u0301n en Carabanchel2&#8243; _builder_version=\u00bb4.20.0&#8243; _module_preset=\u00bbdefault\u00bb custom_margin=\u00bb||0px||false|false\u00bb locked=\u00bboff\u00bb global_colors_info=\u00bb{}\u00bb][\/et_pb_image][et_pb_image src=\u00bbhttps:\/\/opticaperezulloa.com\/wp-content\/uploads\/2023\/02\/Baja-vision-en-Carabanchel3.jpg\u00bb title_text=\u00bbBaja visio\u0301n en Carabanchel3&#8243; _builder_version=\u00bb4.20.0&#8243; _module_preset=\u00bbdefault\u00bb transform_translate=\u00bb-100%|0px\u00bb transform_translate_linked=\u00bboff\u00bb positioning=\u00bbabsolute\u00bb position_origin_a=\u00bbbottom_left\u00bb horizontal_offset=\u00bb-6%\u00bb width=\u00bb20%\u00bb locked=\u00bboff\u00bb global_colors_info=\u00bb{}\u00bb][\/et_pb_image][\/et_pb_column][et_pb_column type=\u00bb1_2&#8243; _builder_version=\u00bb4.16&#8243; _module_preset=\u00bbdefault\u00bb custom_padding=\u00bb82px||||false|false\u00bb custom_padding_tablet=\u00bb0px||||false|false\u00bb custom_padding_phone=\u00bb\u00bb custom_padding_last_edited=\u00bbon|tablet\u00bb global_colors_info=\u00bb{}\u00bb][et_pb_image src=\u00bbhttps:\/\/opticaperezulloa.com\/wp-content\/uploads\/2023\/02\/Baja-vision-en-Carabanchel6.jpg\u00bb alt=\u00bbCIONE\u00bb title_text=\u00bbBaja visio\u0301n en Carabanchel6&#8243; _builder_version=\u00bb4.20.0&#8243; _module_preset=\u00bbdefault\u00bb positioning=\u00bbabsolute\u00bb vertical_offset=\u00bb82px\u00bb vertical_offset_tablet=\u00bb0px\u00bb vertical_offset_phone=\u00bb\u00bb vertical_offset_last_edited=\u00bbon|tablet\u00bb width=\u00bb40%\u00bb locked=\u00bboff\u00bb global_colors_info=\u00bb{}\u00bb][\/et_pb_image][et_pb_image src=\u00bbhttps:\/\/opticaperezulloa.com\/wp-content\/uploads\/2023\/02\/Baja-vision-en-Carabanchel5.jpg\u00bb title_text=\u00bbBaja visio\u0301n en Carabanchel5&#8243; align=\u00bbright\u00bb _builder_version=\u00bb4.20.0&#8243; _module_preset=\u00bbdefault\u00bb position_origin_a=\u00bbtop_right\u00bb vertical_offset=\u00bb82px\u00bb vertical_offset_tablet=\u00bb0px\u00bb vertical_offset_phone=\u00bb\u00bb vertical_offset_last_edited=\u00bbon|tablet\u00bb width=\u00bb54%\u00bb custom_margin=\u00bb||0px||false|false\u00bb locked=\u00bboff\u00bb global_colors_info=\u00bb{}\u00bb][\/et_pb_image][\/et_pb_column][\/et_pb_row][\/et_pb_section][et_pb_section fb_built=\u00bb1&#8243; admin_label=\u00bbProducts\u00bb _builder_version=\u00bb4.20.0&#8243; _module_preset=\u00bbdefault\u00bb background_color=\u00bb#efefef\u00bb custom_padding=\u00bb28px||||false|false\u00bb locked=\u00bboff\u00bb global_colors_info=\u00bb{}\u00bb][et_pb_row _builder_version=\u00bb4.16&#8243; _module_preset=\u00bbdefault\u00bb custom_margin=\u00bb||||false|false\u00bb global_colors_info=\u00bb{}\u00bb][et_pb_column type=\u00bb4_4&#8243; _builder_version=\u00bb4.16&#8243; _module_preset=\u00bbdefault\u00bb global_colors_info=\u00bb{}\u00bb][et_pb_text _builder_version=\u00bb4.20.0&#8243; _module_preset=\u00bb17773371-64ed-4b6c-8bcc-1c3e055be524&#8243; header_font=\u00bbMerriweather||||||||\u00bb header_4_font=\u00bbKarla|700||on|||||\u00bb header_4_text_color=\u00bbgcid-c8f4f0fb-2c87-485e-91ca-1be07316c768&#8243; header_4_font_size=\u00bb12px\u00bb header_4_letter_spacing=\u00bb1px\u00bb header_4_line_height=\u00bb1.4em\u00bb custom_margin=\u00bb||0px||false|false\u00bb locked=\u00bboff\u00bb global_colors_info=\u00bb{%22gcid-c8f4f0fb-2c87-485e-91ca-1be07316c768%22:%91%93}\u00bb]<\/p>\n<h4>AYUDAS VISUALES<\/h4>\n<p>[\/et_pb_text][et_pb_text _builder_version=\u00bb4.20.0&#8243; _module_preset=\u00bba191ee2c-20bb-4e7e-be17-1f5a489e9cf7&#8243; header_font=\u00bbMerriweather||||||||\u00bb header_2_font=\u00bbMerriweather|600|||||||\u00bb header_2_text_color=\u00bb#000000&#8243; header_2_font_size=\u00bb42px\u00bb header_2_line_height=\u00bb1.2em\u00bb header_2_font_size_tablet=\u00bb26px\u00bb header_2_font_size_phone=\u00bb18px\u00bb header_2_font_size_last_edited=\u00bbon|phone\u00bb locked=\u00bboff\u00bb global_colors_info=\u00bb{}\u00bb]<\/p>\n<h2>Graduamos tu vista\u00a0<\/h2>\n<p>[\/et_pb_text][\/et_pb_column][\/et_pb_row][et_pb_row column_structure=\u00bb1_3,1_3,1_3&#8243; use_custom_gutter=\u00bbon\u00bb gutter_width=\u00bb2&#8243; make_equal=\u00bbon\u00bb _builder_version=\u00bb4.16&#8243; _module_preset=\u00bbdefault\u00bb global_colors_info=\u00bb{}\u00bb text_orientation_tablet=\u00bbcenter\u00bb text_orientation_last_edited=\u00bbon|tablet\u00bb text_orientation_phone=\u00bbcenter\u00bb][et_pb_column type=\u00bb1_3&#8243; _builder_version=\u00bb4.16&#8243; _module_preset=\u00bbdefault\u00bb background_color=\u00bb#ffffff\u00bb custom_padding=\u00bb40px|30px|40px|30px|true|true\u00bb custom_padding_tablet=\u00bb||||true|true\u00bb custom_padding_phone=\u00bb|20px||20px|true|true\u00bb custom_padding_last_edited=\u00bbon|phone\u00bb global_colors_info=\u00bb{}\u00bb][et_pb_image src=\u00bbhttps:\/\/opticaperezulloa.com\/wp-content\/uploads\/2023\/02\/baja-vision-en-Carabanchel-1.jpg\u00bb alt=\u00bbbaja visi\u00f3n en Carabanchel\u00bb title_text=\u00bbbaja visi\u00f3n en Carabanchel\u00bb _builder_version=\u00bb4.20.0&#8243; _module_preset=\u00bbdefault\u00bb custom_margin=\u00bb||||false|false\u00bb custom_padding=\u00bb||||false|false\u00bb global_colors_info=\u00bb{}\u00bb][\/et_pb_image][et_pb_text _builder_version=\u00bb4.20.0&#8243; _module_preset=\u00bb17773371-64ed-4b6c-8bcc-1c3e055be524&#8243; header_font=\u00bbMerriweather||||||||\u00bb header_4_font=\u00bbKarla|700||on|||||\u00bb header_4_text_color=\u00bbgcid-2f5ea071-3b11-4ba0-919d-3d95d908436a\u00bb header_4_font_size=\u00bb12px\u00bb header_4_letter_spacing=\u00bb1px\u00bb header_4_line_height=\u00bb1.4em\u00bb custom_margin=\u00bb||0px||false|false\u00bb global_colors_info=\u00bb{%22gcid-2f5ea071-3b11-4ba0-919d-3d95d908436a%22:%91%22header_4_text_color%22%93}\u00bb]<\/p>\n<h4>AYUDAS \u00d3PTICAS<\/h4>\n<p>[\/et_pb_text][et_pb_text _builder_version=\u00bb4.20.0&#8243; _module_preset=\u00bbdc42d81e-3c11-4c1a-af42-b51fd5704af1&#8243; header_font=\u00bbMerriweather||||||||\u00bb header_3_font=\u00bbPoppins|600|||||||\u00bb header_3_text_color=\u00bb#000000&#8243; header_3_font_size=\u00bb24px\u00bb header_3_line_height=\u00bb1.3em\u00bb header_3_font_size_tablet=\u00bb19px\u00bb header_3_font_size_phone=\u00bb16px\u00bb header_3_font_size_last_edited=\u00bbon|phone\u00bb global_colors_info=\u00bb{}\u00bb]<\/p>\n<h3>LUPAS<\/h3>\n<p>[\/et_pb_text][et_pb_text _builder_version=\u00bb4.20.0&#8243; _module_preset=\u00bbff517e7b-a176-4704-a423-30f2bcff3669&#8243; text_font=\u00bbKarla||||||||\u00bb link_text_color=\u00bb#666666&#8243; header_font=\u00bbMerriweather||||||||\u00bb locked=\u00bboff\u00bb global_colors_info=\u00bb{%22gcid-45853c9b-f323-4011-8ae0-0083d0543952%22:%91%22link_text_color__hover%22%93}\u00bb link_text_color__hover_enabled=\u00bbon|desktop\u00bb link_text_color__hover=\u00bbgcid-45853c9b-f323-4011-8ae0-0083d0543952&#8243;]<\/p>\n<p>Lupas digitales y nos digitales para aumentar el tama\u00f1o de los objetos. Utiliza tus manos o soportes de ayuda. M\u00e1ximo aumento a distancias correctas. Lupas con soportes enfocables para lectura.<\/p>\n<p>[\/et_pb_text][\/et_pb_column][et_pb_column type=\u00bb1_3&#8243; _builder_version=\u00bb4.16&#8243; _module_preset=\u00bbdefault\u00bb background_color=\u00bb#ffffff\u00bb custom_padding=\u00bb40px|30px|40px|30px|true|true\u00bb custom_padding_tablet=\u00bb||||true|true\u00bb custom_padding_phone=\u00bb|20px||20px|true|true\u00bb custom_padding_last_edited=\u00bbon|phone\u00bb global_colors_info=\u00bb{}\u00bb][et_pb_image src=\u00bbhttps:\/\/opticaperezulloa.com\/wp-content\/uploads\/2023\/02\/baja-vision-en-Carabanchel-2-1.jpg\u00bb alt=\u00bbbaja visi\u00f3n en Carabanchel\u00bb title_text=\u00bbbaja visi\u00f3n en Carabanchel (2)\u00bb _builder_version=\u00bb4.20.0&#8243; _module_preset=\u00bbdefault\u00bb locked=\u00bboff\u00bb global_colors_info=\u00bb{}\u00bb][\/et_pb_image][et_pb_text _builder_version=\u00bb4.20.0&#8243; _module_preset=\u00bb17773371-64ed-4b6c-8bcc-1c3e055be524&#8243; header_font=\u00bbMerriweather||||||||\u00bb header_4_font=\u00bbKarla|700||on|||||\u00bb header_4_text_color=\u00bbgcid-2f5ea071-3b11-4ba0-919d-3d95d908436a\u00bb header_4_font_size=\u00bb12px\u00bb header_4_letter_spacing=\u00bb1px\u00bb header_4_line_height=\u00bb1.4em\u00bb custom_margin=\u00bb||0px||false|false\u00bb global_colors_info=\u00bb{%22gcid-2f5ea071-3b11-4ba0-919d-3d95d908436a%22:%91%22header_4_text_color%22%93}\u00bb]<\/p>\n<h4>AUMENTO ANGULAR<\/h4>\n<p>[\/et_pb_text][et_pb_text _builder_version=\u00bb4.20.0&#8243; _module_preset=\u00bbdc42d81e-3c11-4c1a-af42-b51fd5704af1&#8243; header_font=\u00bbMerriweather||||||||\u00bb header_3_font=\u00bbPoppins|600|||||||\u00bb header_3_text_color=\u00bb#000000&#8243; header_3_font_size=\u00bb24px\u00bb header_3_line_height=\u00bb1.3em\u00bb header_3_font_size_tablet=\u00bb19px\u00bb header_3_font_size_phone=\u00bb16px\u00bb header_3_font_size_last_edited=\u00bbon|phone\u00bb global_colors_info=\u00bb{}\u00bb]<\/p>\n<h3>TELESCOPIOS<\/h3>\n<p>[\/et_pb_text][et_pb_text _builder_version=\u00bb4.20.0&#8243; _module_preset=\u00bbff517e7b-a176-4704-a423-30f2bcff3669&#8243; text_font=\u00bbKarla||||||||\u00bb link_text_color=\u00bb#666666&#8243; header_font=\u00bbMerriweather||||||||\u00bb locked=\u00bboff\u00bb global_colors_info=\u00bb{%22gcid-45853c9b-f323-4011-8ae0-0083d0543952%22:%91%22link_text_color__hover%22%93}\u00bb link_text_color__hover_enabled=\u00bbon|desktop\u00bb link_text_color__hover=\u00bbgcid-45853c9b-f323-4011-8ae0-0083d0543952&#8243;]<\/p>\n<p>Sistemas que te facilitar\u00e1n ver la televisi\u00f3n, carteles, escaparates. Son dispositivos que pueden ser montados en tu propia gafa. Telescopios y microscopios.<\/p>\n<p>[\/et_pb_text][\/et_pb_column][et_pb_column type=\u00bb1_3&#8243; _builder_version=\u00bb4.16&#8243; _module_preset=\u00bbdefault\u00bb background_color=\u00bb#ffffff\u00bb custom_padding=\u00bb40px|30px|40px|30px|true|true\u00bb custom_padding_tablet=\u00bb||||true|true\u00bb custom_padding_phone=\u00bb|20px||20px|true|true\u00bb custom_padding_last_edited=\u00bbon|phone\u00bb global_colors_info=\u00bb{}\u00bb][et_pb_image src=\u00bbhttps:\/\/opticaperezulloa.com\/wp-content\/uploads\/2023\/02\/baja-vision-en-Carabanchel-3-1.jpg\u00bb alt=\u00bbbaja visi\u00f3n en Carabanchel\u00bb title_text=\u00bbbaja visi\u00f3n en Carabanchel (3)\u00bb _builder_version=\u00bb4.20.0&#8243; _module_preset=\u00bbdefault\u00bb custom_margin=\u00bb||||false|false\u00bb custom_padding=\u00bb||||false|false\u00bb locked=\u00bboff\u00bb global_colors_info=\u00bb{}\u00bb][\/et_pb_image][et_pb_text _builder_version=\u00bb4.20.0&#8243; _module_preset=\u00bb17773371-64ed-4b6c-8bcc-1c3e055be524&#8243; header_font=\u00bbMerriweather||||||||\u00bb header_4_font=\u00bbKarla|700||on|||||\u00bb header_4_text_color=\u00bbgcid-2f5ea071-3b11-4ba0-919d-3d95d908436a\u00bb header_4_font_size=\u00bb12px\u00bb header_4_letter_spacing=\u00bb1px\u00bb header_4_line_height=\u00bb1.4em\u00bb custom_margin=\u00bb||0px||false|false\u00bb global_colors_info=\u00bb{%22gcid-2f5ea071-3b11-4ba0-919d-3d95d908436a%22:%91%22header_4_text_color%22%93}\u00bb]<\/p>\n<h4>LENTES ESPECIALES<\/h4>\n<p>[\/et_pb_text][et_pb_text _builder_version=\u00bb4.20.0&#8243; _module_preset=\u00bbdc42d81e-3c11-4c1a-af42-b51fd5704af1&#8243; header_font=\u00bbMerriweather||||||||\u00bb header_3_font=\u00bbPoppins|600|||||||\u00bb header_3_text_color=\u00bb#000000&#8243; header_3_font_size=\u00bb24px\u00bb header_3_line_height=\u00bb1.3em\u00bb header_3_font_size_tablet=\u00bb19px\u00bb header_3_font_size_phone=\u00bb16px\u00bb header_3_font_size_last_edited=\u00bbon|phone\u00bb global_colors_info=\u00bb{}\u00bb]<\/p>\n<h3>FILTROS SELECTIVOS<\/h3>\n<p>[\/et_pb_text][et_pb_text _builder_version=\u00bb4.20.0&#8243; _module_preset=\u00bbff517e7b-a176-4704-a423-30f2bcff3669&#8243; text_font=\u00bbKarla||||||||\u00bb link_text_color=\u00bb#666666&#8243; header_font=\u00bbMerriweather||||||||\u00bb locked=\u00bboff\u00bb global_colors_info=\u00bb{%22gcid-45853c9b-f323-4011-8ae0-0083d0543952%22:%91%22link_text_color__hover%22%93}\u00bb link_text_color__hover_enabled=\u00bbon|desktop\u00bb link_text_color__hover=\u00bbgcid-45853c9b-f323-4011-8ae0-0083d0543952&#8243;]<\/p>\n<p>Para que la sensibilidad a la luz no te afecte. Para quienes necesitan una protecci\u00f3n mayor que una gafa de sol convencional. Versiones standar o polarizadas. Protecci\u00f3n total.<\/p>\n<p>[\/et_pb_text][\/et_pb_column][\/et_pb_row][\/et_pb_section][et_pb_section fb_built=\u00bb1&#8243; theme_builder_area=\u00bbpost_content\u00bb _builder_version=\u00bb4.27.0&#8243; _module_preset=\u00bbdefault\u00bb][et_pb_row _builder_version=\u00bb4.27.0&#8243; _module_preset=\u00bbdefault\u00bb theme_builder_area=\u00bbpost_content\u00bb][et_pb_column _builder_version=\u00bb4.27.0&#8243; _module_preset=\u00bbdefault\u00bb type=\u00bb4_4&#8243; theme_builder_area=\u00bbpost_content\u00bb][et_pb_image src=\u00bbhttps:\/\/opticaperezulloa.com\/wp-content\/uploads\/2024\/03\/logos_proyecto_KIT-DIGITAL.png\u00bb _builder_version=\u00bb4.27.0&#8243; _module_preset=\u00bbdefault\u00bb theme_builder_area=\u00bbpost_content\u00bb title_text=\u00bblogos_proyecto_KIT-DIGITAL\u00bb align=\u00bbcenter\u00bb hover_enabled=\u00bb0&#8243; sticky_enabled=\u00bb0&#8243;][\/et_pb_image][\/et_pb_column][\/et_pb_row][\/et_pb_section]<\/p>\n","protected":false},"excerpt":{"rendered":"<p>EXAMEN VISUAL MINUCIOSOBAJA VISI\u00d3N EN CARABANCHELGraduamos tu vista y realizamos una evaluaci\u00f3n binocular pormenorizada. Disponemos de una amplia gama de productos para dar soluci\u00f3n a tu problema visual.Tecnolog\u00eda\u00d3ptica P\u00e9rez Ulloa cuenta con material renovado de alta calidad en tratamiento y diagnostico ocular.Garant\u00edaTodos nuestros productos cuentan con garant\u00eda seg\u00fan normativas europeas y se ampl\u00eda con las [&hellip;]<\/p>\n","protected":false},"author":3,"featured_media":1487,"parent":0,"menu_order":0,"comment_status":"closed","ping_status":"closed","template":"","meta":{"_et_pb_use_builder":"on","_et_pb_old_content":"","_et_gb_content_width":"","footnotes":""},"class_list":["post-1478","page","type-page","status-publish","has-post-thumbnail","hentry"],"yoast_head":"<!-- This site is optimized with the Yoast SEO plugin v26.7 - https:\/\/yoast.com\/wordpress\/plugins\/seo\/ -->\n<title>Baja visi\u00f3n en Carabanchel - \u00d3ptica P\u00e9rez Ulloa 915 250 060<\/title>\n<meta name=\"description\" content=\"Baja visi\u00f3n en Carabanchel. Graduamos tu vista y realizamos una evaluaci\u00f3n pormenorizada. Amplia gama de productos para ver mejor.\" \/>\n<meta name=\"robots\" content=\"index, follow, max-snippet:-1, max-image-preview:large, max-video-preview:-1\" \/>\n<link rel=\"canonical\" href=\"https:\/\/opticaperezulloa.com\/?page_id=1478\" \/>\n<meta property=\"og:locale\" content=\"es_ES\" \/>\n<meta property=\"og:type\" content=\"article\" \/>\n<meta property=\"og:title\" content=\"Baja visi\u00f3n en Carabanchel - \u00d3ptica P\u00e9rez Ulloa 915 250 060\" \/>\n<meta property=\"og:description\" content=\"Baja visi\u00f3n en Carabanchel. Graduamos tu vista y realizamos una evaluaci\u00f3n pormenorizada. Amplia gama de productos para ver mejor.\" \/>\n<meta property=\"og:url\" content=\"https:\/\/opticaperezulloa.com\/?page_id=1478\" \/>\n<meta property=\"og:site_name\" content=\"\u00d3ptica P\u00e9rez Ulloa\" \/>\n<meta property=\"article:modified_time\" content=\"2025-01-09T07:56:11+00:00\" \/>\n<meta property=\"og:image\" content=\"https:\/\/opticaperezulloa.com\/wp-content\/uploads\/2023\/02\/baja-vision-en-Carabanchel-3-1.jpg\" \/>\n\t<meta property=\"og:image:width\" content=\"300\" \/>\n\t<meta property=\"og:image:height\" content=\"300\" \/>\n\t<meta property=\"og:image:type\" content=\"image\/jpeg\" \/>\n<meta name=\"twitter:card\" content=\"summary_large_image\" \/>\n<meta name=\"twitter:label1\" content=\"Tiempo de lectura\" \/>\n\t<meta name=\"twitter:data1\" content=\"5 minutos\" \/>\n<script type=\"application\/ld+json\" class=\"yoast-schema-graph\">{\"@context\":\"https:\/\/schema.org\",\"@graph\":[{\"@type\":\"WebPage\",\"@id\":\"https:\/\/opticaperezulloa.com\/?page_id=1478\",\"url\":\"https:\/\/opticaperezulloa.com\/?page_id=1478\",\"name\":\"Baja visi\u00f3n en Carabanchel - \u00d3ptica P\u00e9rez Ulloa 915 250 060\",\"isPartOf\":{\"@id\":\"https:\/\/opticaperezulloa.com\/#website\"},\"primaryImageOfPage\":{\"@id\":\"https:\/\/opticaperezulloa.com\/?page_id=1478#primaryimage\"},\"image\":{\"@id\":\"https:\/\/opticaperezulloa.com\/?page_id=1478#primaryimage\"},\"thumbnailUrl\":\"https:\/\/opticaperezulloa.com\/wp-content\/uploads\/2023\/02\/baja-vision-en-Carabanchel-3-1.jpg\",\"datePublished\":\"2023-02-22T12:33:49+00:00\",\"dateModified\":\"2025-01-09T07:56:11+00:00\",\"description\":\"Baja visi\u00f3n en Carabanchel. Graduamos tu vista y realizamos una evaluaci\u00f3n pormenorizada. Amplia gama de productos para ver mejor.\",\"breadcrumb\":{\"@id\":\"https:\/\/opticaperezulloa.com\/?page_id=1478#breadcrumb\"},\"inLanguage\":\"es\",\"potentialAction\":[{\"@type\":\"ReadAction\",\"target\":[\"https:\/\/opticaperezulloa.com\/?page_id=1478\"]}]},{\"@type\":\"ImageObject\",\"inLanguage\":\"es\",\"@id\":\"https:\/\/opticaperezulloa.com\/?page_id=1478#primaryimage\",\"url\":\"https:\/\/opticaperezulloa.com\/wp-content\/uploads\/2023\/02\/baja-vision-en-Carabanchel-3-1.jpg\",\"contentUrl\":\"https:\/\/opticaperezulloa.com\/wp-content\/uploads\/2023\/02\/baja-vision-en-Carabanchel-3-1.jpg\",\"width\":300,\"height\":300,\"caption\":\"baja visi\u00f3n en Carabanchel\"},{\"@type\":\"BreadcrumbList\",\"@id\":\"https:\/\/opticaperezulloa.com\/?page_id=1478#breadcrumb\",\"itemListElement\":[{\"@type\":\"ListItem\",\"position\":1,\"name\":\"Portada\",\"item\":\"https:\/\/opticaperezulloa.com\/\"},{\"@type\":\"ListItem\",\"position\":2,\"name\":\"Baja visi\u00f3n\"}]},{\"@type\":\"WebSite\",\"@id\":\"https:\/\/opticaperezulloa.com\/#website\",\"url\":\"https:\/\/opticaperezulloa.com\/\",\"name\":\"\u00d3ptica P\u00e9rez Ulloa\",\"description\":\"\u00d3ptica y Aud\u00edfonos en Carabanchel | P\u00e9rez Ulloa | 915 250 060\",\"potentialAction\":[{\"@type\":\"SearchAction\",\"target\":{\"@type\":\"EntryPoint\",\"urlTemplate\":\"https:\/\/opticaperezulloa.com\/?s={search_term_string}\"},\"query-input\":{\"@type\":\"PropertyValueSpecification\",\"valueRequired\":true,\"valueName\":\"search_term_string\"}}],\"inLanguage\":\"es\"}]}<\/script>\n<!-- \/ Yoast SEO plugin. -->","yoast_head_json":{"title":"Baja visi\u00f3n en Carabanchel - \u00d3ptica P\u00e9rez Ulloa 915 250 060","description":"Baja visi\u00f3n en Carabanchel. Graduamos tu vista y realizamos una evaluaci\u00f3n pormenorizada. Amplia gama de productos para ver mejor.","robots":{"index":"index","follow":"follow","max-snippet":"max-snippet:-1","max-image-preview":"max-image-preview:large","max-video-preview":"max-video-preview:-1"},"canonical":"https:\/\/opticaperezulloa.com\/?page_id=1478","og_locale":"es_ES","og_type":"article","og_title":"Baja visi\u00f3n en Carabanchel - \u00d3ptica P\u00e9rez Ulloa 915 250 060","og_description":"Baja visi\u00f3n en Carabanchel. Graduamos tu vista y realizamos una evaluaci\u00f3n pormenorizada. Amplia gama de productos para ver mejor.","og_url":"https:\/\/opticaperezulloa.com\/?page_id=1478","og_site_name":"\u00d3ptica P\u00e9rez Ulloa","article_modified_time":"2025-01-09T07:56:11+00:00","og_image":[{"width":300,"height":300,"url":"https:\/\/opticaperezulloa.com\/wp-content\/uploads\/2023\/02\/baja-vision-en-Carabanchel-3-1.jpg","type":"image\/jpeg"}],"twitter_card":"summary_large_image","twitter_misc":{"Tiempo de lectura":"5 minutos"},"schema":{"@context":"https:\/\/schema.org","@graph":[{"@type":"WebPage","@id":"https:\/\/opticaperezulloa.com\/?page_id=1478","url":"https:\/\/opticaperezulloa.com\/?page_id=1478","name":"Baja visi\u00f3n en Carabanchel - \u00d3ptica P\u00e9rez Ulloa 915 250 060","isPartOf":{"@id":"https:\/\/opticaperezulloa.com\/#website"},"primaryImageOfPage":{"@id":"https:\/\/opticaperezulloa.com\/?page_id=1478#primaryimage"},"image":{"@id":"https:\/\/opticaperezulloa.com\/?page_id=1478#primaryimage"},"thumbnailUrl":"https:\/\/opticaperezulloa.com\/wp-content\/uploads\/2023\/02\/baja-vision-en-Carabanchel-3-1.jpg","datePublished":"2023-02-22T12:33:49+00:00","dateModified":"2025-01-09T07:56:11+00:00","description":"Baja visi\u00f3n en Carabanchel. Graduamos tu vista y realizamos una evaluaci\u00f3n pormenorizada. Amplia gama de productos para ver mejor.","breadcrumb":{"@id":"https:\/\/opticaperezulloa.com\/?page_id=1478#breadcrumb"},"inLanguage":"es","potentialAction":[{"@type":"ReadAction","target":["https:\/\/opticaperezulloa.com\/?page_id=1478"]}]},{"@type":"ImageObject","inLanguage":"es","@id":"https:\/\/opticaperezulloa.com\/?page_id=1478#primaryimage","url":"https:\/\/opticaperezulloa.com\/wp-content\/uploads\/2023\/02\/baja-vision-en-Carabanchel-3-1.jpg","contentUrl":"https:\/\/opticaperezulloa.com\/wp-content\/uploads\/2023\/02\/baja-vision-en-Carabanchel-3-1.jpg","width":300,"height":300,"caption":"baja visi\u00f3n en Carabanchel"},{"@type":"BreadcrumbList","@id":"https:\/\/opticaperezulloa.com\/?page_id=1478#breadcrumb","itemListElement":[{"@type":"ListItem","position":1,"name":"Portada","item":"https:\/\/opticaperezulloa.com\/"},{"@type":"ListItem","position":2,"name":"Baja visi\u00f3n"}]},{"@type":"WebSite","@id":"https:\/\/opticaperezulloa.com\/#website","url":"https:\/\/opticaperezulloa.com\/","name":"\u00d3ptica P\u00e9rez Ulloa","description":"\u00d3ptica y Aud\u00edfonos en Carabanchel | P\u00e9rez Ulloa | 915 250 060","potentialAction":[{"@type":"SearchAction","target":{"@type":"EntryPoint","urlTemplate":"https:\/\/opticaperezulloa.com\/?s={search_term_string}"},"query-input":{"@type":"PropertyValueSpecification","valueRequired":true,"valueName":"search_term_string"}}],"inLanguage":"es"}]}},"_links":{"self":[{"href":"https:\/\/opticaperezulloa.com\/index.php?rest_route=\/wp\/v2\/pages\/1478","targetHints":{"allow":["GET"]}}],"collection":[{"href":"https:\/\/opticaperezulloa.com\/index.php?rest_route=\/wp\/v2\/pages"}],"about":[{"href":"https:\/\/opticaperezulloa.com\/index.php?rest_route=\/wp\/v2\/types\/page"}],"author":[{"embeddable":true,"href":"https:\/\/opticaperezulloa.com\/index.php?rest_route=\/wp\/v2\/users\/3"}],"replies":[{"embeddable":true,"href":"https:\/\/opticaperezulloa.com\/index.php?rest_route=%2Fwp%2Fv2%2Fcomments&post=1478"}],"version-history":[{"count":10,"href":"https:\/\/opticaperezulloa.com\/index.php?rest_route=\/wp\/v2\/pages\/1478\/revisions"}],"predecessor-version":[{"id":1607,"href":"https:\/\/opticaperezulloa.com\/index.php?rest_route=\/wp\/v2\/pages\/1478\/revisions\/1607"}],"wp:featuredmedia":[{"embeddable":true,"href":"https:\/\/opticaperezulloa.com\/index.php?rest_route=\/wp\/v2\/media\/1487"}],"wp:attachment":[{"href":"https:\/\/opticaperezulloa.com\/index.php?rest_route=%2Fwp%2Fv2%2Fmedia&parent=1478"}],"curies":[{"name":"wp","href":"https:\/\/api.w.org\/{rel}","templated":true}]}}